{"id":41949,"date":"2019-11-19T06:00:20","date_gmt":"2019-11-19T06:00:20","guid":{"rendered":"https:\/\/www.campericeland.is\/hoe-kiest-u-de-juiste-motor-home-en-4x4-camper-voor-ijsland\/"},"modified":"2026-04-07T06:29:58","modified_gmt":"2026-04-07T06:29:58","slug":"hoe-kiest-u-de-juiste-motor-home-en-4x4-camper-voor-ijsland","status":"publish","type":"page","link":"https:\/\/www.camper.is\/nl\/vegvisir-wayfinder-voor-reizigers\/hoe-kiest-u-de-juiste-motor-home-en-4x4-camper-voor-ijsland\/","title":{"rendered":"Hoe kies je de juiste camper en 4&#215;4-camper voor IJsland?"},"content":{"rendered":"<div class=\"et_pb_section_0 et_pb_section et_pb_fullwidth_section et_section_regular et_block_section\"><div class=\"et_pb_fullwidth_menu_0 et_pb_fullwidth_menu et_pb_fullwidth_menu--without-logo et_pb_fullwidth_menu--style-centered et_pb_fullwidth_menu_fullwidth et_dropdown_animation_fade et_pb_bg_layout_light et_pb_text_align_right-tablet et_pb_text_align_right-phone et_pb_module\"><div class=\"et_pb_row\"><div class=\"et_pb_menu__wrap\"><div class=\"et_pb_menu__menu\"><nav class=\"et-menu-nav fullwidth-menu-nav\"><ul id=\"menu-b4-booking-dutch\" class=\"et-menu fullwidth-menu nav downwards\"><li id=\"menu-item-55131\" class=\"et_pb_menu_page_id-55131 menu-item menu-item-type-custom menu-item-object-custom menu-item-55131\"><a href=\"#howto\">Hoe te reizen<\/a><\/li>\n<li id=\"menu-item-55171\" class=\"et_pb_menu_page_id-55171 menu-item menu-item-type-custom menu-item-object-custom menu-item-55171\"><a href=\"#openinghourshighland\">Openingstijden Highland<\/a><\/li>\n<li id=\"menu-item-55172\" class=\"et_pb_menu_page_id-55172 menu-item menu-item-type-custom menu-item-object-custom menu-item-55172\"><a href=\"#weer\">Weer<\/a><\/li>\n<li id=\"menu-item-55173\" class=\"et_pb_menu_page_id-55173 menu-item menu-item-type-custom menu-item-object-custom menu-item-55173\"><a href=\"#roadcondition\">Staat van de weg<\/a><\/li>\n<li id=\"menu-item-55174\" class=\"et_pb_menu_page_id-55174 menu-item menu-item-type-custom menu-item-object-custom menu-item-55174\"><a href=\"#trippideas\">Idee\u00ebn voor uitstapjes<\/a><\/li>\n<li id=\"menu-item-55175\" class=\"et_pb_menu_page_id-55175 menu-item menu-item-type-custom menu-item-object-custom menu-item-55175\"><a href=\"#videos\">Reisvideo\\&#8217;s<\/a><\/li>\n<li id=\"menu-item-55176\" class=\"et_pb_menu_page_id-55176 menu-item menu-item-type-custom menu-item-object-custom menu-item-55176\"><a href=\"#gids\">Reisgids<\/a><\/li>\n<li id=\"menu-item-55177\" class=\"et_pb_menu_page_id-55177 menu-item menu-item-type-custom menu-item-object-custom menu-item-55177\"><a href=\"#wheretocamp\">Waar kamperen?<\/a><\/li>\n<li id=\"menu-item-55178\" class=\"et_pb_menu_page_id-55178 menu-item menu-item-type-custom menu-item-object-custom menu-item-55178\"><a href=\"#besttime\">Beste tijd om te bezoeken<\/a><\/li>\n<li id=\"menu-item-55179\" class=\"et_pb_menu_page_id-55179 menu-item menu-item-type-custom menu-item-object-custom menu-item-55179\"><a href=\"#rijbewijs\">Rijbewijs en kinderzitje<\/a><\/li>\n<\/ul><\/nav><\/div><div class=\"et_mobile_nav_menu\"><div class=\"mobile_nav closed\"><span class=\"mobile_menu_bar\"><\/span><\/div><\/div><\/div><\/div><\/div><section class=\"et_pb_fullwidth_header_0 et_pb_fullwidth_header et_pb_fullscreen et_pb_bg_layout_dark et_pb_text_align_center et_animated et_pb_section_parallax et_pb_module et_flex_module\"><span class=\"et-pb-parallax-wrapper\"><span class=\"et-pb-parallax-background et-pb-parallax-background-module--divi-fullwidth-header-0\" style=\"background-image:url(https:\/\/www.camper.is\/wp-content\/uploads\/2019\/11\/iceland_landscape_-28.jpeg)\"><\/span><\/span><div class=\"et_pb_fullwidth_header_container center\"><div class=\"header-content-container center\"><div class=\"header-content et_flex_module\"><h1 class=\"et_pb_module_header\">De ultieme gids voor IJsland<\/h1><span class=\"et_pb_fullwidth_header_subhead\">Kies de juiste reis en pas het voertuig aan<\/span><div class=\"et_pb_header_content_wrapper\"><p>Deze productgids is een online artikel dat onze klanten informeert over belangrijke overwegingen bij het kiezen van een bepaalde voertuigcategorie. We zijn begonnen als reisbureau in 1987 en hebben veel informatie over IJsland verzameld. We willen onze kennis delen om het gemakkelijker te maken om het juiste voertuig te kiezen.  <\/p>\n<\/div><div class=\"et_pb_header_button_wrapper\"><a class=\"et_pb_button et_pb_more_button et_pb_button_one\" href=\"https:\/\/web.rentalcarmanager.com\/api32\/Camper-Iceland\/Step2\" target=\"_blank\" rel=\"noopener\">Al besloten, boek nu<\/a><\/div><\/div><\/div><\/div><div class=\"et_pb_fullwidth_header_overlay\"><\/div><div class=\"et_pb_fullwidth_header_scroll\"><\/div><\/section><\/div><div class=\"et_pb_section_1 et_pb_section et_section_regular et_block_section\"><div class=\"et_pb_row_0 et_pb_row et_block_row howto\" id=\"howto\"><div class=\"et_pb_column_0 et_pb_column et_pb_column_1_3 et_block_column et_pb_css_mix_blend_mode_passthrough\"><div class=\"et_pb_image_0 et_pb_image et_pb_module et_block_module\"><a href=\"https:\/\/i0.wp.com\/www.camper.is\/wp-content\/uploads\/2019\/11\/iceland_landscape_-75.jpeg?quality=80&#038;ssl=1\" class=\"et_pb_lightbox_image\"><span class=\"et_pb_image_wrap\"><img data-recalc-dims=\"1\" loading=\"lazy\" decoding=\"async\" src=\"https:\/\/i0.wp.com\/www.camper.is\/wp-content\/uploads\/2019\/11\/iceland_landscape_-75.jpeg?resize=1080%2C608&#038;quality=80&#038;ssl=1\" width=\"1080\" height=\"608\" srcset=\"https:\/\/www.camper.is\/wp-content\/uploads\/2019\/11\/iceland_landscape_-75.jpeg 1280w, https:\/\/www.camper.is\/wp-content\/uploads\/2019\/11\/iceland_landscape_-75-980x551.jpeg 980w, https:\/\/www.camper.is\/wp-content\/uploads\/2019\/11\/iceland_landscape_-75-480x270.jpeg 480w\" sizes=\"(min-width: 0px) and (max-width: 480px) 480px, (min-width: 481px) and (max-width: 980px) 980px, (min-width: 981px) 1280px, 100vw\" class=\"wp-image-26273\" alt=\"\" title=\"\"><\/span><\/a><\/div><\/div><div class=\"et_pb_column_1 et_pb_column et_pb_column_2_3 et-last-child et_block_column et_pb_css_mix_blend_mode_passthrough\"><div class=\"et_pb_text_0 et_pb_text et_pb_bg_layout_light et_pb_module et_block_module\"><div class=\"et_pb_text_inner\"><h2>Verdwaald in IJsland - Waar de natuur nederig wordt, de stilte spreekt en de tijd vertraagt<\/h2>\n<p>Verdwaal tussen zwarte zandstranden, eindeloze lavavelden, bruisende watervallen en stomende geothermische bronnen. Dwaal onder wijde luchten, achtervolg het noorderlicht of voel de middernachtzon op je huid. Hier in IJsland betekent verdwalen iets diepers vinden -<br \/>vrede, verwondering en een band met iets wat echt wild is.  <\/p>\n<p>&nbsp;<\/p>\n<p><img data-recalc-dims=\"1\" loading=\"lazy\" decoding=\"async\" src=\"https:\/\/i0.wp.com\/www.camper.is\/wp-content\/uploads\/2024\/08\/landslag-1.jpeg?resize=300%2C169&#038;quality=80&#038;ssl=1\" width=\"300\" height=\"169\" alt=\"\" class=\"wp-image-68072 alignnone size-medium\" title=\"\"><\/p>\n<p>&nbsp;<\/p>\n<p>De meeste hoogtepunten van IJsland liggen in de buurt van de Ringweg (Route 1), ook bekend als \u00dej\u00f3\u00f0vegur. Deze bestemmingen zijn het hele jaar door bereikbaar, hoewel het aanbod in de wintermaanden beperkt kan zijn. Voor een reis als deze kun je elke voertuigcategorie kiezen die bij je past.  <\/p>\n<p>&nbsp;<\/p>\n<p>De magische hooglanden van IJsland zijn daarentegen een ander verhaal - echt een bezoek waard, maar alleen toegankelijk in de zomer. De exacte openingstijd wordt niet bepaald door ons IJslanders, maar door de natuur zelf. Met andere woorden, de hooglanden gaan alleen open als de omstandigheden veilig zijn en de wegen begaanbaar. Alle \"F\"-wegen in IJsland vereisen een 4x4 voertuig en je mag die \"F\"-wegen rijden met onze 4x4 Campers.   <\/p>\n<p><img data-recalc-dims=\"1\" loading=\"lazy\" decoding=\"async\" src=\"https:\/\/i0.wp.com\/www.camper.is\/wp-content\/uploads\/2025\/05\/Bildschirmfoto-2025-05-21-um-16.44.48.jpeg?resize=300%2C214&#038;quality=80&#038;ssl=1\" width=\"300\" height=\"214\" alt=\"\" class=\"wp-image-71471 size-medium\" title=\"\"><\/p>\n<p>&nbsp;<\/p>\n<p>Ben je ge\u00efnteresseerd in dagtours en activiteiten? Kijk dan op deze link waar je jouw avontuur vindt: <a href=\"https:\/\/campericeland.tourdesk.is\/Tour\" target=\"_blank\" rel=\"noopener\">Dagtochten en activiteiten in IJsland<\/a> <\/p>\n<p>&nbsp;<\/p>\n<p>Voor alle \"F\"-wegen in IJsland is een 4x4 voertuig nodig, goed om te weten.<\/p>\n<p>Hoe kies ik dan het juiste voertuig voor IJsland?<\/p>\n<\/div><\/div><\/div><\/div><div class=\"et_pb_row_1 et_pb_row et_block_row\"><div class=\"et_pb_column_2 et_pb_column et_pb_column_4_4 et-last-child et_block_column et_pb_css_mix_blend_mode_passthrough\"><div class=\"et_pb_text_1 et_pb_text et_pb_bg_layout_light et_pb_module et_block_module et_pb_text_align_center\"><div class=\"et_pb_text_inner\"><table data-path-to-node=\"10\">\n<thead>\n<tr>\n<td><strong>Kenmerken<\/strong><\/td>\n<td><strong>Camper (Sif\/Hel\/Frigg\/Freyja)<\/strong><\/td>\n<td><strong>4x4 camper (Tyr\/Thor)<\/strong><\/td>\n<\/tr>\n<\/thead>\n<tbody>\n<tr>\n<td><span data-path-to-node=\"10,1,0,0\"><b data-path-to-node=\"10,1,0,0\" data-index-in-node=\"0\">Geschikt voor<\/b><\/span><\/td>\n<td><span data-path-to-node=\"10,1,1,0\">Gezinnen &amp; Ringwegluxe<\/span><\/td>\n<td><span data-path-to-node=\"10,1,2,0\">Avonturiers &amp; F-Roads<\/span><\/td>\n<\/tr>\n<tr>\n<td><span data-path-to-node=\"10,2,0,0\"><b data-path-to-node=\"10,2,0,0\" data-index-in-node=\"0\">Terrein<\/b><\/span><\/td>\n<td><span data-path-to-node=\"10,2,1,0\">Verharde wegen &amp; glad grind<\/span><\/td>\n<td><span data-path-to-node=\"10,2,2,0\">Ruig binnenland &amp; rivieroversteken<\/span><\/td>\n<\/tr>\n<tr>\n<td><span data-path-to-node=\"10,3,0,0\"><b data-path-to-node=\"10,3,0,0\" data-index-in-node=\"0\">Leefruimte<\/b><\/span><\/td>\n<td><span data-path-to-node=\"10,3,1,0\">Maximaal (doorloopcabine)<\/span><\/td>\n<td><span data-path-to-node=\"10,3,2,0\">Compact en robuust<\/span><\/td>\n<\/tr>\n<tr>\n<td><span data-path-to-node=\"10,4,0,0\"><b data-path-to-node=\"10,4,0,0\" data-index-in-node=\"0\">Gemakkelijk rijden<\/b><\/span><\/td>\n<td><span data-path-to-node=\"10,4,1,0\">Comfortabel<\/span><\/td>\n<td><span data-path-to-node=\"10,4,2,0\">Vermogen en koppel (Isuzu Tyr)<\/span><\/td>\n<\/tr>\n<\/tbody>\n<\/table>\n<\/div><\/div><\/div><\/div><div class=\"et_pb_row_2 et_pb_row et_block_row\"><div class=\"et_pb_column_3 et_pb_column et_pb_column_1_3 et_block_column et_pb_css_mix_blend_mode_passthrough\"><div class=\"et_pb_cta_0 et_pb_promo et_pb_bg_layout_dark et_pb_module et_block_module\"><div class=\"et_pb_promo_description\"><h2 class=\"et_pb_module_header\">Rond IJsland  <\/h2><div class=\"et_pb_promo_content\"><p>De Ringweg is officieel 1.322 km, maar voor een echte eerste ervaring inclusief de Golden Circle en omwegen langs de zuidkust moet je rekenen op 2.800 km. Als je de diepe Oostelijke Fjorden en de noordelijke Arctische kustweg toevoegt, komt je reis op 3.500 km. <\/p>\n<\/div><\/div><div class=\"et_pb_button_wrapper\"><a class=\"et_pb_button et_pb_promo_button\" target=\"_blank\" href=\"https:\/\/web.rentalcarmanager.com\/api32\/Camper-Iceland\/Step2\" rel=\"noreferrer noopener\">Boek nu<\/a><\/div><\/div><div class=\"et_pb_image_1 et_pb_image et_pb_module et_block_module\"><a href=\"https:\/\/i0.wp.com\/www.camper.is\/wp-content\/uploads\/2019\/11\/aroundiceland.jpg?quality=80&#038;ssl=1\" class=\"et_pb_lightbox_image\"><span class=\"et_pb_image_wrap\"><img data-recalc-dims=\"1\" loading=\"lazy\" decoding=\"async\" src=\"https:\/\/i0.wp.com\/www.camper.is\/wp-content\/uploads\/2019\/11\/aroundiceland.jpg?resize=957%2C652&#038;quality=80&#038;ssl=1\" width=\"957\" height=\"652\" srcset=\"https:\/\/www.camper.is\/wp-content\/uploads\/2019\/11\/aroundiceland.jpg 957w, https:\/\/www.camper.is\/wp-content\/uploads\/2019\/11\/aroundiceland-480x327.jpg 480w\" sizes=\"(min-width: 0px) and (max-width: 480px) 480px, (min-width: 481px) 957px, 100vw\" class=\"wp-image-26383\" alt=\"\" title=\"\"><\/span><\/a><\/div><div class=\"et_pb_text_2 et_pb_text et_pb_bg_layout_light et_pb_module et_block_module\"><div class=\"et_pb_text_inner\"><ul>\n<li>De meeste bezoekers die voor het eerst IJsland bezoeken, kiezen voor deze optie om een eerste indruk van IJsland te krijgen.<\/li>\n<li>Je kunt de Westelijke Fjorden toevoegen door ten minste 900 km aan de reis toe te voegen en een week extra tijd.  <\/li>\n<li>Je kunt het schiereiland Sn\u00e6felssnes toevoegen door ca. 300 km of 2 dagen tijd.  <\/li>\n<li>Je kunt elke categorie kiezen voor deze reis. Het meeste comfort vind je door te kiezen voor een camper.  <\/li>\n<\/ul>\n<\/div><\/div><\/div><div class=\"et_pb_column_4 et_pb_column et_pb_column_1_3 et_block_column et_pb_css_mix_blend_mode_passthrough\"><div class=\"et_pb_cta_1 et_pb_promo et_pb_bg_layout_dark et_pb_module et_block_module\"><div class=\"et_pb_promo_description\"><h2 class=\"et_pb_module_header\">De Hooglanden<\/h2><div class=\"et_pb_promo_content\"><p>Ik wil de IJslandse Hooglanden zien en minstens 1100 km rijden. Ik heb 2 weken de tijd om van de afgelegen plekken te genieten en ongerepte rivieren over te steken.  <\/p>\n<\/div><\/div><div class=\"et_pb_button_wrapper\"><a class=\"et_pb_button et_pb_promo_button\" target=\"_blank\" href=\"https:\/\/web.rentalcarmanager.com\/api32\/Camper-Iceland\/Step2\" rel=\"noreferrer noopener\">Boek nu<\/a><\/div><\/div><div class=\"et_pb_image_2 et_pb_image et_pb_module et_block_module\"><a href=\"https:\/\/i0.wp.com\/www.camper.is\/wp-content\/uploads\/2019\/11\/highland.jpg?quality=80&#038;ssl=1\" class=\"et_pb_lightbox_image\"><span class=\"et_pb_image_wrap\"><img data-recalc-dims=\"1\" loading=\"lazy\" decoding=\"async\" src=\"https:\/\/i0.wp.com\/www.camper.is\/wp-content\/uploads\/2019\/11\/highland.jpg?resize=1004%2C679&#038;quality=80&#038;ssl=1\" width=\"1004\" height=\"679\" srcset=\"https:\/\/www.camper.is\/wp-content\/uploads\/2019\/11\/highland.jpg 1004w, https:\/\/www.camper.is\/wp-content\/uploads\/2019\/11\/highland-980x663.jpg 980w, https:\/\/www.camper.is\/wp-content\/uploads\/2019\/11\/highland-480x325.jpg 480w\" sizes=\"(min-width: 0px) and (max-width: 480px) 480px, (min-width: 481px) and (max-width: 980px) 980px, (min-width: 981px) 1004px, 100vw\" class=\"wp-image-26384\" alt=\"\" title=\"\"><\/span><\/a><\/div><div class=\"et_pb_text_3 et_pb_text et_pb_bg_layout_light et_pb_module et_block_module\"><div class=\"et_pb_text_inner\"><ul>\n<li>Als je de bezienswaardigheden rond de ring hebt gezien, is het zinvol om daarna de Highlands te bekijken.<\/li>\n<li>Een reis als deze is voor avonturiers die graag op afgelegen plaatsen zijn en ervaring hebben met buitenleven.  <\/li>\n<li>Sla je spullen en voedsel verstandig op en bereid je voor op een hobbelige weg.  <\/li>\n<li>Voor een reis als deze moet je een 4x4 Camper kiezen.  <\/li>\n<\/ul>\n<\/div><\/div><\/div><div class=\"et_pb_column_5 et_pb_column et_pb_column_1_3 et-last-child et_block_column et_pb_css_mix_blend_mode_passthrough\"><div class=\"et_pb_cta_2 et_pb_promo et_pb_bg_layout_dark et_pb_module et_block_module\"><div class=\"et_pb_promo_description\"><h2 class=\"et_pb_module_header\">Ik wil beide<\/h2><div class=\"et_pb_promo_content\"><p>De Westfjorden zijn de laatste grens. Als je deze regio toevoegt, moet je 1.200 km extra rijden vanwege de kronkelige kustwegen. We raden dit alleen aan voor reizigers met 21 dagen of meer om een veilig, langzaam reistempo van minder dan 200 km per dag te garanderen.  <\/p>\n<\/div><\/div><div class=\"et_pb_button_wrapper\"><a class=\"et_pb_button et_pb_promo_button\" target=\"_blank\" href=\"https:\/\/web.rentalcarmanager.com\/api32\/Camper-Iceland\/Step2\" rel=\"noreferrer noopener\">Boek nu<\/a><\/div><\/div><div class=\"et_pb_image_3 et_pb_image et_pb_module et_block_module\"><a href=\"https:\/\/i0.wp.com\/www.camper.is\/wp-content\/uploads\/2019\/11\/thebigone.jpg?quality=80&#038;ssl=1\" class=\"et_pb_lightbox_image\"><span class=\"et_pb_image_wrap\"><img data-recalc-dims=\"1\" loading=\"lazy\" decoding=\"async\" src=\"https:\/\/i0.wp.com\/www.camper.is\/wp-content\/uploads\/2019\/11\/thebigone.jpg?resize=927%2C640&#038;quality=80&#038;ssl=1\" width=\"927\" height=\"640\" srcset=\"https:\/\/www.camper.is\/wp-content\/uploads\/2019\/11\/thebigone.jpg 927w, https:\/\/www.camper.is\/wp-content\/uploads\/2019\/11\/thebigone-480x331.jpg 480w\" sizes=\"(min-width: 0px) and (max-width: 480px) 480px, (min-width: 481px) 927px, 100vw\" class=\"wp-image-26385\" alt=\"\" title=\"\"><\/span><\/a><\/div><div class=\"et_pb_text_4 et_pb_text et_pb_bg_layout_light et_pb_module et_block_module\"><div class=\"et_pb_text_inner\"><ul>\n<li>Kies een camper voor 2 weken en bezoek eerst de bezienswaardigheden rond IJsland.  <\/li>\n<li>Eenmaal terug bij ons verhuurstation is het tijd om over te stappen op een 4x4 Camper. De hooglandtocht duurt minstens 7 dagen, maar 14 dagen is aanzienlijk beter.  <\/li>\n<li>Als je deze reis bij ons boekt, krijg je de campingkit voor het tweede voertuig gratis.  <\/li>\n<li>Neem contact op met onze verkoopafdeling voor een speciale aanbieding.  <\/li>\n<\/ul>\n<\/div><\/div><\/div><\/div><div class=\"et_pb_row_3 et_pb_row et_block_row\"><div class=\"et_pb_column_6 et_pb_column et_pb_column_4_4 et-last-child et_block_column et_pb_css_mix_blend_mode_passthrough\"><div class=\"et_pb_blog_0 et_pb_blog et_pb_bg_layout_light et_pb_posts et_pb_module\"><div class=\"et_pb_ajax_pagination_container\"><div class=\"et_pb_posts et_grid_module\"><article class=\"et_pb_post et_pb_post_id_74704 clearfix et_pb_blog_item_0_0 post-74704 post type-post status-publish format-standard has-post-thumbnail hentry category-het-avonturenmenu category-starters-1-5-dagen tag-4-daagse-route-door-ijsland tag-arnarstapi tag-budir-zwarte-kerk tag-camper-ijsland tag-camper-verhuur tag-djupalonssandur tag-kirkjufell tag-reizen-ijsland-2 tag-road-trip-ijsland-2026 tag-schiereiland-snaefellsnes tag-west-eiland-kaart tag-ytri-tunga tag-zelf-rijden-in-ijsland\"><div class=\"et_pb_image_container\"><a href=\"https:\/\/www.camper.is\/nl\/schiereiland-snaefellsnes-4-dagen-in-miniatuur-ijsland\/\" class=\"entry-featured-image-url\"><img loading=\"lazy\" decoding=\"async\" src=\"https:\/\/i0.wp.com\/www.camper.is\/wp-content\/uploads\/2026\/03\/snaefellsnes-1.jpg?fit=646%2C346&#038;quality=80&#038;ssl=1\" width=\"400\" height=\"284\" alt=\"Schiereiland Sn\u00e6fellsnes: 4 dagen in miniatuur-IJsland\" class=\"\" srcset=\"https:\/\/i0.wp.com\/www.camper.is\/wp-content\/uploads\/2026\/03\/snaefellsnes-1.jpg?fit=646%2C346&amp;quality=80&amp;ssl=1 479w, https:\/\/i0.wp.com\/www.camper.is\/wp-content\/uploads\/2026\/03\/snaefellsnes-1.jpg?resize=400%2C284&amp;quality=80&amp;ssl=1 480w\" sizes=\"(max-width:479px) 479px, 100vw\" title=\"\"><span data-icon=\"\ue050\" class=\"et_overlay et_pb_inline_icon\"><\/span><\/a><\/div><h2 class=\"entry-title\"><a href=\"https:\/\/www.camper.is\/nl\/schiereiland-snaefellsnes-4-dagen-in-miniatuur-ijsland\/\">Schiereiland Sn\u00e6fellsnes: 4 dagen in miniatuur-IJsland<\/a><\/h2><p class=\"post-meta\"><\/p><div class=\"post-content\"><div class=\"post-content-inner\"><p>Ontdek vulkaankraters, zwarte kerken en de meest gefotografeerde berg van IJsland op een compacte route die het beste van het eiland in \u00e9\u00e9n lus samenbrengt.<\/p>\n<\/div><a href=\"https:\/\/www.camper.is\/nl\/schiereiland-snaefellsnes-4-dagen-in-miniatuur-ijsland\/\" class=\"more-link\">lees meer...<\/a><\/div><\/article><article class=\"et_pb_post et_pb_post_id_74703 clearfix et_pb_blog_item_0_1 post-74703 post type-post status-publish format-standard has-post-thumbnail hentry category-het-avonturenmenu category-starters-1-5-dagen tag-4-daagse-route-door-ijsland tag-familiebedrijf-ijsland tag-geysir tag-gouden-cirkel-route tag-hotel-op-wielen tag-ringweg-starters tag-road-trip-ijsland tag-skogafoss tag-vik-zwart-zandstrand tag-zuidkust-ijsland\"><div class=\"et_pb_image_container\"><a href=\"https:\/\/www.camper.is\/nl\/de-gouden-cirkel-express-4-dagen-vol-iconen-en-watervallen\/\" class=\"entry-featured-image-url\"><img loading=\"lazy\" decoding=\"async\" src=\"https:\/\/i0.wp.com\/www.camper.is\/wp-content\/uploads\/2026\/03\/goldencircle.jpg?fit=648%2C356&#038;quality=80&#038;ssl=1\" width=\"400\" height=\"284\" alt=\"De Gouden Cirkel Express: 4 dagen vol iconen en watervallen\" class=\"\" srcset=\"https:\/\/i0.wp.com\/www.camper.is\/wp-content\/uploads\/2026\/03\/goldencircle.jpg?fit=648%2C356&amp;quality=80&amp;ssl=1 479w, https:\/\/i0.wp.com\/www.camper.is\/wp-content\/uploads\/2026\/03\/goldencircle.jpg?resize=400%2C284&amp;quality=80&amp;ssl=1 480w\" sizes=\"(max-width:479px) 479px, 100vw\" title=\"\"><span data-icon=\"\ue050\" class=\"et_overlay et_pb_inline_icon\"><\/span><\/a><\/div><h2 class=\"entry-title\"><a href=\"https:\/\/www.camper.is\/nl\/de-gouden-cirkel-express-4-dagen-vol-iconen-en-watervallen\/\">De Gouden Cirkel Express: 4 dagen vol iconen en watervallen<\/a><\/h2><p class=\"post-meta\"><\/p><div class=\"post-content\"><div class=\"post-content-inner\"><p>Het perfecte &#8220;proefmenu&#8221; voor beginners. Bekijk de uitbarstende Geysir, de tektonische kloof bij \u00deingvellir en de beukende golven van het Zwarte Zandstrand. <\/p>\n<\/div><a href=\"https:\/\/www.camper.is\/nl\/de-gouden-cirkel-express-4-dagen-vol-iconen-en-watervallen\/\" class=\"more-link\">lees meer...<\/a><\/div><\/article><article class=\"et_pb_post et_pb_post_id_74658 clearfix et_pb_blog_item_0_2 post-74658 post type-post status-publish format-standard has-post-thumbnail hentry category-het-avonturenmenu category-starters-1-5-dagen tag-3-daagse-route-door-ijsland tag-blue-lagoon tag-brug-tussen-continenten tag-camper-ijsland tag-elektrische-camper-ijsland tag-geothermische-spa tag-grindavik tag-gunnuhver-warmwaterbronnen tag-ijsland-2026 tag-keflavik tag-lavavelden tag-loki-e tag-luxe-camper-ijsland tag-schiereiland-reykjanes tag-tussenstop-ijsland tag-vulkanische-weg tag-vuurtoren-van-reykjanesviti\"><div class=\"et_pb_image_container\"><a href=\"https:\/\/www.camper.is\/nl\/reykjanes-het-vulkanische-zuiden-3-dagen-vuur-en-stoom\/\" class=\"entry-featured-image-url\"><img loading=\"lazy\" decoding=\"async\" src=\"https:\/\/i0.wp.com\/www.camper.is\/wp-content\/uploads\/2026\/03\/lagoon.jpg?fit=640%2C370&#038;quality=80&#038;ssl=1\" width=\"400\" height=\"284\" alt=\"Reykjanes &amp; het vulkanische zuiden: 3 dagen vuur en stoom\" class=\"\" srcset=\"https:\/\/i0.wp.com\/www.camper.is\/wp-content\/uploads\/2026\/03\/lagoon.jpg?fit=640%2C370&amp;quality=80&amp;ssl=1 479w, https:\/\/i0.wp.com\/www.camper.is\/wp-content\/uploads\/2026\/03\/lagoon.jpg?resize=400%2C284&amp;quality=80&amp;ssl=1 480w\" sizes=\"(max-width:479px) 479px, 100vw\" title=\"\"><span data-icon=\"\ue050\" class=\"et_overlay et_pb_inline_icon\"><\/span><\/a><\/div><h2 class=\"entry-title\"><a href=\"https:\/\/www.camper.is\/nl\/reykjanes-het-vulkanische-zuiden-3-dagen-vuur-en-stoom\/\">Reykjanes &amp; het vulkanische zuiden: 3 dagen vuur en stoom<\/a><\/h2><p class=\"post-meta\"><\/p><div class=\"post-content\"><div class=\"post-content-inner\"><p>Perfect voor late aankomsten of vroeg vertrek. Verken de jongste landschappen van IJsland, de stomende modderpoelen en de wereldberoemde Blue Lagoon - allemaal op slechts enkele minuten van onze basis. <\/p>\n<\/div><a href=\"https:\/\/www.camper.is\/nl\/reykjanes-het-vulkanische-zuiden-3-dagen-vuur-en-stoom\/\" class=\"more-link\">lees meer...<\/a><\/div><\/article><\/div><div class=\"pagination clearfix\">\n\t<div class=\"alignleft\"><a href=\"https:\/\/www.camper.is\/nl\/wp-json\/wp\/v2\/pages\/41949\/page\/2\/?et_blog\">&laquo; Oudere Berichten<\/a><\/div>\n\t<div class=\"alignright\"><\/div>\n<\/div><\/div><\/div><\/div><\/div><div class=\"et_pb_row_4 et_pb_row et_block_row\"><div class=\"et_pb_column_7 et_pb_column et_pb_column_4_4 et-last-child et_block_column et_pb_css_mix_blend_mode_passthrough\"><div class=\"et_pb_text_5 et_pb_text et_pb_bg_layout_light et_pb_module et_block_module et_pb_text_align_center\"><div class=\"et_pb_text_inner\"><p><iframe loading=\"lazy\" src=\"https:\/\/www.google.com\/maps\/d\/embed?mid=1vI9rpvVcSbcsMUgMBat0fOnsQF3jZVo&amp;ehbc=2E312F\" width=\"100%\" height=\"600\"><\/iframe><\/p>\n<\/div><\/div><\/div><\/div><div class=\"et_pb_row_5 et_pb_row et_block_row openinghourshighland\" id=\"openinghourshighland\"><div class=\"et_pb_column_8 et_pb_column et_pb_column_2_5 et_block_column et_pb_css_mix_blend_mode_passthrough\"><div class=\"et_pb_image_4 et_pb_image et_pb_module et_block_module\"><a href=\"https:\/\/i0.wp.com\/www.camper.is\/wp-content\/uploads\/2023\/02\/Screenshot-2023-02-22-at-17.11.59.jpeg?quality=80&#038;ssl=1\" class=\"et_pb_lightbox_image\"><span class=\"et_pb_image_wrap\"><img data-recalc-dims=\"1\" loading=\"lazy\" decoding=\"async\" src=\"https:\/\/i0.wp.com\/www.camper.is\/wp-content\/uploads\/2023\/02\/Screenshot-2023-02-22-at-17.11.59.jpeg?resize=1080%2C1254&#038;quality=80&#038;ssl=1\" width=\"1080\" height=\"1254\" srcset=\"https:\/\/www.camper.is\/wp-content\/uploads\/2023\/02\/Screenshot-2023-02-22-at-17.11.59.jpeg 1080w, https:\/\/www.camper.is\/wp-content\/uploads\/2023\/02\/Screenshot-2023-02-22-at-17.11.59-980x1138.jpeg 980w, https:\/\/www.camper.is\/wp-content\/uploads\/2023\/02\/Screenshot-2023-02-22-at-17.11.59-480x557.jpeg 480w\" sizes=\"(min-width: 0px) and (max-width: 480px) 480px, (min-width: 481px) and (max-width: 980px) 980px, (min-width: 981px) 1080px, 100vw\" class=\"wp-image-55835\" title=\"Screenshot 2023-02-22 om 17.11.59\" alt=\"\"><\/span><\/a><\/div><\/div><div class=\"et_pb_column_9 et_pb_column et_pb_column_3_5 et-last-child et_block_column et_pb_css_mix_blend_mode_passthrough\"><div class=\"et_pb_text_6 et_pb_text et_pb_bg_layout_light et_pb_module et_block_module\"><div class=\"et_pb_text_inner\"><h2>Openingstijden van de Highland<\/h2>\n<p>Normaal gesproken publiceert de IJslandse overheid tijdens de eerste weken van de zomer een kaart met informatie over de toestand van de bergwegen. Zoals eerder vermeld, gaan de bergwegen op heel verschillende tijden open, afhankelijk van de locatie.  Het verschil tussen de openingsdata kan meer dan een maand zijn en hangt af van de weersomstandigheden.<\/p>\n<blockquote>\n<p>Voor de huidige toestand van bergwegen, zie hieronder:<br \/><a class=\"file_image\" href=\"https:\/\/www.road.is\/travel-info\/condition-and-opening-of-mountain-roads\/\" target=\"_blank\" rel=\"noopener noreferrer\">Toestand van bergwegen<\/a> <sub>(gif)<\/sub><\/p>\n<\/blockquote>\n<p><sub><a href=\"https:\/\/www.road.is\/media\/upplysingar-og-utgafa\/Opnun_fjallvega_en_2023.pdf\" target=\"_blank\" rel=\"noopener\">Informatie over de toestand van de wegen in het hoogland en meer<\/a><\/sub><\/p>\n<p><sub><\/sub><\/p>\n<\/div><\/div><div class=\"et_pb_cta_3 et_pb_promo et_pb_bg_layout_dark et_pb_module et_block_module\"><div class=\"et_pb_promo_description\"><h2 class=\"et_pb_module_header\">Bergwegen<\/h2><\/div><div class=\"et_pb_button_wrapper\"><a class=\"et_pb_button et_pb_promo_button\" target=\"_blank\" href=\"https:\/\/www.camper.is\/wp-content\/uploads\/2024\/12\/2024-ju-CC-81ni-CC-81-opnun-fjallvega-enska.pdf\" rel=\"noreferrer\">Lees de brochure<\/a><\/div><\/div><\/div><\/div><div class=\"et_pb_row_6 et_pb_row et_block_row weather\" id=\"weather\"><div class=\"et_pb_column_10 et_pb_column et_pb_column_2_5 et_block_column et_pb_css_mix_blend_mode_passthrough\"><div class=\"et_pb_image_5 et_pb_image et_pb_module et_block_module\"><a href=\"https:\/\/i0.wp.com\/www.camper.is\/wp-content\/uploads\/2019\/11\/iceland_landscape_-10-1.jpeg?quality=80&#038;ssl=1\" class=\"et_pb_lightbox_image\"><span class=\"et_pb_image_wrap\"><img data-recalc-dims=\"1\" loading=\"lazy\" decoding=\"async\" src=\"https:\/\/i0.wp.com\/www.camper.is\/wp-content\/uploads\/2019\/11\/iceland_landscape_-10-1.jpeg?resize=1080%2C722&#038;quality=80&#038;ssl=1\" width=\"1080\" height=\"722\" srcset=\"https:\/\/www.camper.is\/wp-content\/uploads\/2019\/11\/iceland_landscape_-10-1.jpeg 1280w, https:\/\/www.camper.is\/wp-content\/uploads\/2019\/11\/iceland_landscape_-10-1-980x655.jpeg 980w, https:\/\/www.camper.is\/wp-content\/uploads\/2019\/11\/iceland_landscape_-10-1-480x321.jpeg 480w\" sizes=\"(min-width: 0px) and (max-width: 480px) 480px, (min-width: 481px) and (max-width: 980px) 980px, (min-width: 981px) 1280px, 100vw\" class=\"wp-image-26690\" alt=\"\" title=\"\"><\/span><\/a><\/div><\/div><div class=\"et_pb_column_11 et_pb_column et_pb_column_3_5 et-last-child et_block_column et_pb_css_mix_blend_mode_passthrough\"><div class=\"et_pb_text_7 et_pb_text et_pb_bg_layout_light et_pb_module et_block_module\"><div class=\"et_pb_text_inner\"><h2>Weersomstandigheden<\/h2>\n<h2><span color=\"#666666\" style=\"color: #666666;\"><span style=\"font-size: 14px;\">Reizen met het weer is een van de voordelen van het huren van een camper. Je kunt altijd je route aanpassen als het weer ergens anders beter is dan waar je bent of van plan was heen te gaan.  <\/span><\/span><\/h2>\n<p>Het weerkanaal van de overheid toont ook windsnelheden en voorspelt noordelijke lichtactiviteit.  <span color=\"#666666\" style=\"color: #666666;\"><span style=\"font-size: 14px;\"><\/span><\/span><\/p>\n<p><span color=\"#666666\" style=\"color: #666666;\"><span style=\"font-size: 14px;\"><\/span><\/span><\/p>\n<p><span color=\"#666666\" style=\"color: #666666;\"><span style=\"font-size: 14px;\"><\/span><\/span><\/p>\n<\/div><\/div><div class=\"et_pb_cta_4 et_pb_promo et_pb_bg_layout_dark et_pb_module et_block_module\"><div class=\"et_pb_promo_description\"><h2 class=\"et_pb_module_header\">Actuele weersomstandigheden<\/h2><\/div><div class=\"et_pb_button_wrapper\"><a class=\"et_pb_button et_pb_promo_button\" target=\"_blank\" href=\"https:\/\/en.vedur.is\/\" rel=\"noreferrer noopener\">WEERSVOORSPELLING CONTROLEREN<\/a><\/div><\/div><\/div><\/div><div class=\"et_pb_row_7 et_pb_row et_block_row roadcondition\" id=\"roadcondition\"><div class=\"et_pb_column_12 et_pb_column et_pb_column_2_5 et_block_column et_pb_css_mix_blend_mode_passthrough\"><div class=\"et_pb_image_6 et_pb_image et_pb_module et_block_module\"><a href=\"https:\/\/i0.wp.com\/www.camper.is\/wp-content\/uploads\/2019\/11\/motor_home_6-4.jpeg?quality=80&#038;ssl=1\" class=\"et_pb_lightbox_image\"><span class=\"et_pb_image_wrap\"><img data-recalc-dims=\"1\" loading=\"lazy\" decoding=\"async\" src=\"https:\/\/i0.wp.com\/www.camper.is\/wp-content\/uploads\/2019\/11\/motor_home_6-4.jpeg?resize=1080%2C690&#038;quality=80&#038;ssl=1\" width=\"1080\" height=\"690\" srcset=\"https:\/\/www.camper.is\/wp-content\/uploads\/2019\/11\/motor_home_6-4.jpeg 1280w, https:\/\/www.camper.is\/wp-content\/uploads\/2019\/11\/motor_home_6-4-980x626.jpeg 980w, https:\/\/www.camper.is\/wp-content\/uploads\/2019\/11\/motor_home_6-4-480x307.jpeg 480w\" sizes=\"(min-width: 0px) and (max-width: 480px) 480px, (min-width: 481px) and (max-width: 980px) 980px, (min-width: 981px) 1280px, 100vw\" class=\"wp-image-26941\" alt=\"\" title=\"\"><\/span><\/a><\/div><\/div><div class=\"et_pb_column_13 et_pb_column et_pb_column_3_5 et-last-child et_block_column et_pb_css_mix_blend_mode_passthrough\"><div class=\"et_pb_text_8 et_pb_text et_pb_bg_layout_light et_pb_module et_block_module\"><div class=\"et_pb_text_inner\"><h2>Wegomstandigheden<\/h2>\n<h2><span color=\"#666666\" style=\"color: #666666;\"><span style=\"font-size: 14px;\">De toestand van de wegen is belangrijk om te controleren als je in IJsland bent, vooral in de winter. De IJslandse overheid (wegenbond) houdt deze pagina bij voor jouw gemak.  <\/span><\/span><\/h2>\n<p>Opmerking: voor alle met \"F\" gemarkeerde wegen in IJsland is een 4x4 voertuig nodig.  <span color=\"#666666\" style=\"color: #666666;\"><span style=\"font-size: 14px;\"><\/span><\/span><\/p>\n<p><span color=\"#666666\" style=\"color: #666666;\"><span style=\"font-size: 14px;\"><\/span><\/span><\/p>\n<p><span color=\"#666666\" style=\"color: #666666;\"><span style=\"font-size: 14px;\"><\/span><\/span><\/p>\n<\/div><\/div><div class=\"et_pb_cta_5 et_pb_promo et_pb_bg_layout_dark et_pb_module et_block_module\"><div class=\"et_pb_promo_description\"><h2 class=\"et_pb_module_header\">Werkelijke toestand van de weg<\/h2><\/div><div class=\"et_pb_button_wrapper\"><a class=\"et_pb_button et_pb_promo_button\" target=\"_blank\" href=\"http:\/\/www.road.is\/travel-info\/road-conditions-and-weather\/\" rel=\"noreferrer noopener\">DE TOESTAND VAN DE WEG CONTROLEREN<\/a><\/div><\/div><\/div><\/div><div class=\"et_pb_row_8 et_pb_row et_block_row trippideas\" id=\"trippideas\"><div class=\"et_pb_column_14 et_pb_column et_pb_column_2_5 et_block_column et_pb_css_mix_blend_mode_passthrough\"><div class=\"et_pb_image_7 et_pb_image et_pb_module et_block_module\"><span class=\"et_pb_image_wrap\"><img data-recalc-dims=\"1\" loading=\"lazy\" decoding=\"async\" src=\"https:\/\/i0.wp.com\/www.camper.is\/wp-content\/uploads\/2019\/11\/iceland_landscape_-11.jpeg?resize=1080%2C810&#038;quality=80&#038;ssl=1\" width=\"1080\" height=\"810\" srcset=\"https:\/\/www.camper.is\/wp-content\/uploads\/2019\/11\/iceland_landscape_-11.jpeg 1280w, https:\/\/www.camper.is\/wp-content\/uploads\/2019\/11\/iceland_landscape_-11-980x735.jpeg 980w, https:\/\/www.camper.is\/wp-content\/uploads\/2019\/11\/iceland_landscape_-11-480x360.jpeg 480w\" sizes=\"(min-width: 0px) and (max-width: 480px) 480px, (min-width: 481px) and (max-width: 980px) 980px, (min-width: 981px) 1280px, 100vw\" class=\"wp-image-26209\" alt=\"\" title=\"\"><\/span><\/div><\/div><div class=\"et_pb_column_15 et_pb_column et_pb_column_3_5 et-last-child et_block_column et_pb_css_mix_blend_mode_passthrough\"><div class=\"et_pb_blurb_0 et_pb_blurb et_pb_bg_layout_light et_pb_blurb_position_top et_pb_module et_block_module\"><div class=\"et_pb_blurb_content\"><div class=\"et_pb_blurb_container\"><h4 class=\"et_pb_module_header\">Doe het zelf oplossing<\/h4><div class=\"et_pb_blurb_description\"><p>Als je een reis naar IJsland plant, is een kaart het belangrijkste hulpmiddel dat je nodig hebt. Je reis begint en eindigt in Keflav\u00edk, bij ons verhuurstation vlakbij de internationale luchthaven.  Reykjavik, de hoofdstad, ligt op ongeveer 45 km van Keflavik.  <\/p>\n<p>We raden je aan om niet meer dan 200 km per dag te rijden. Markeer je dagelijkse bestemming op de kaart op basis van die afstand. Als je langere afstanden rijdt, betekent dit vaak dat je meer tijd op de weg doorbrengt en minder tijd hebt om van de bezienswaardigheden te genieten.  <\/p>\n<p>Controleer elke dag je huidige locatie en beslis waar je de volgende keer naartoe wilt. Als je verliefd wordt op een plek, blijf dan gerust een dag langer - je kunt het altijd inhalen. <\/p>\n<\/div><\/div><\/div><\/div><\/div><\/div><div class=\"et_pb_row_9 et_pb_row et_block_row\"><div class=\"et_pb_column_16 et_pb_column et_pb_column_2_5 et_block_column et_pb_css_mix_blend_mode_passthrough\"><div class=\"et_pb_image_8 et_pb_image et_pb_module et_block_module\"><span class=\"et_pb_image_wrap\"><img data-recalc-dims=\"1\" loading=\"lazy\" decoding=\"async\" src=\"https:\/\/i0.wp.com\/www.camper.is\/wp-content\/uploads\/2019\/11\/iceland_landscape_-45.jpeg?resize=1080%2C735&#038;quality=80&#038;ssl=1\" width=\"1080\" height=\"735\" srcset=\"https:\/\/www.camper.is\/wp-content\/uploads\/2019\/11\/iceland_landscape_-45.jpeg 1280w, https:\/\/www.camper.is\/wp-content\/uploads\/2019\/11\/iceland_landscape_-45-980x667.jpeg 980w, https:\/\/www.camper.is\/wp-content\/uploads\/2019\/11\/iceland_landscape_-45-480x327.jpeg 480w\" sizes=\"(min-width: 0px) and (max-width: 480px) 480px, (min-width: 481px) and (max-width: 980px) 980px, (min-width: 981px) 1280px, 100vw\" class=\"wp-image-26243\" alt=\"\" title=\"\"><\/span><\/div><\/div><div class=\"et_pb_column_17 et_pb_column et_pb_column_3_5 et-last-child et_block_column et_pb_css_mix_blend_mode_passthrough\"><div class=\"et_pb_blurb_1 et_pb_blurb et_pb_bg_layout_light et_pb_blurb_position_top et_pb_module et_block_module\"><div class=\"et_pb_blurb_content\"><div class=\"et_pb_blurb_container\"><h4 class=\"et_pb_module_header\">Camper en Highland combo<\/h4><div class=\"et_pb_blurb_description\"><p>Er is nog een slimme manier om een rondreis te combineren met het hoogland. Veel klanten kiezen ervoor om een camper te huren en een begeleide dagtocht naar het hoogland te plannen. De bus naar het hoogland kan worden genomen vanuit Reykjav\u00edk, het noorden van IJsland of zelfs van dichter bij het hoogland. Tijdens de dagtocht wordt de camper achtergelaten op de parkeerplaats van de reisorganisatie.    Neem contact op met de verkoopafdeling voor meer informatie.  <\/p>\n<\/div><\/div><\/div><\/div><\/div><\/div><div class=\"et_pb_row_10 et_pb_row et_block_row\"><div class=\"et_pb_column_18 et_pb_column et_pb_column_2_5 et_block_column et_pb_css_mix_blend_mode_passthrough\"><div class=\"et_pb_image_9 et_pb_image et_pb_module et_block_module\"><span class=\"et_pb_image_wrap\"><img data-recalc-dims=\"1\" loading=\"lazy\" decoding=\"async\" src=\"https:\/\/i0.wp.com\/www.camper.is\/wp-content\/uploads\/2019\/11\/iceland_landscape_-12.jpeg?resize=1080%2C608&#038;quality=80&#038;ssl=1\" width=\"1080\" height=\"608\" srcset=\"https:\/\/www.camper.is\/wp-content\/uploads\/2019\/11\/iceland_landscape_-12.jpeg 1280w, https:\/\/www.camper.is\/wp-content\/uploads\/2019\/11\/iceland_landscape_-12-980x551.jpeg 980w, https:\/\/www.camper.is\/wp-content\/uploads\/2019\/11\/iceland_landscape_-12-480x270.jpeg 480w\" sizes=\"(min-width: 0px) and (max-width: 480px) 480px, (min-width: 481px) and (max-width: 980px) 980px, (min-width: 981px) 1280px, 100vw\" class=\"wp-image-26210\" alt=\"\" title=\"\"><\/span><\/div><\/div><div class=\"et_pb_column_19 et_pb_column et_pb_column_3_5 et-last-child et_block_column et_pb_css_mix_blend_mode_passthrough\"><div class=\"et_pb_blurb_2 et_pb_blurb et_pb_bg_layout_light et_pb_blurb_position_top et_pb_module et_block_module\"><div class=\"et_pb_blurb_content\"><div class=\"et_pb_blurb_container\"><h4 class=\"et_pb_module_header\">Rond IJsland en Westfjord Combo<\/h4><div class=\"et_pb_blurb_description\"><p>Bezoek het meest westelijke punt van Europa. Reis langs de eindeloze fjorden en bezoek vogelkliffen. De westelijke fjorden hebben veel moois te bieden en werden eeuwenlang totaal genegeerd door toeristen. Prachtige watervallen, kleine dorpjes en wilde dieren is wat je kunt verwachten.    De stranden zijn absoluut uniek en de moeite waard.  <\/p>\n<p>We raden aan om de camper voor minstens drie weken te huren. Je rijdt ergens tussen de 3200 en 3800 km en krijgt de plekken te zien die de meeste bezoekers overslaan tijdens hun eerste reis naar IJsland.  <\/p>\n<\/div><\/div><\/div><\/div><\/div><\/div><div class=\"et_pb_row_11 et_pb_row et_block_row\"><div class=\"et_pb_column_20 et_pb_column et_pb_column_2_5 et_block_column et_pb_css_mix_blend_mode_passthrough\"><div class=\"et_pb_image_10 et_pb_image et_pb_module et_block_module\"><span class=\"et_pb_image_wrap\"><img data-recalc-dims=\"1\" loading=\"lazy\" decoding=\"async\" src=\"https:\/\/i0.wp.com\/www.camper.is\/wp-content\/uploads\/2018\/06\/AD3T2514large.2x.1469605439.jpg?resize=1080%2C720&#038;quality=80&#038;ssl=1\" width=\"1080\" height=\"720\" srcset=\"https:\/\/i0.wp.com\/www.camper.is\/wp-content\/uploads\/2018\/06\/AD3T2514large.2x.1469605439.jpg?w=2048&amp;quality=80&amp;ssl=1 2048w, https:\/\/i0.wp.com\/www.camper.is\/wp-content\/uploads\/2018\/06\/AD3T2514large.2x.1469605439.jpg?resize=300%2C200&amp;quality=80&amp;ssl=1 300w, https:\/\/i0.wp.com\/www.camper.is\/wp-content\/uploads\/2018\/06\/AD3T2514large.2x.1469605439.jpg?resize=768%2C512&amp;quality=80&amp;ssl=1 768w, https:\/\/i0.wp.com\/www.camper.is\/wp-content\/uploads\/2018\/06\/AD3T2514large.2x.1469605439.jpg?resize=1024%2C683&amp;quality=80&amp;ssl=1 1024w\" sizes=\"(max-width: 1080px) 100vw, 1080px\" class=\"wp-image-31685\" alt=\"\" title=\"\"><\/span><\/div><\/div><div class=\"et_pb_column_21 et_pb_column et_pb_column_3_5 et-last-child et_block_column et_pb_css_mix_blend_mode_passthrough\"><div class=\"et_pb_blurb_3 et_pb_blurb et_pb_bg_layout_light et_pb_blurb_position_top et_pb_module et_block_module\"><div class=\"et_pb_blurb_content\"><div class=\"et_pb_blurb_container\"><h4 class=\"et_pb_module_header\">Rond IJsland en Sn\u00e6fellsnes Combo<\/h4><div class=\"et_pb_blurb_description\"><p>In het uiterste westen van IJsland ligt het schiereiland Sn\u00e6fellsnes. Beroemd om de gletsjer Sn\u00e6fellsj\u00f6kull waar je misschien wel eens van hebt gehoord. Er wordt gezegd dat deze berg een van de beroemdste plekken van IJsland is. Waarschijnlijk komt dit door de roman \"Reis naar het middelpunt van de aarde\" van Jules Verne, waarin de hoofdpersonen op zoek gaan naar de ingang die naar het middelpunt van de aarde leidt.   <\/p>\n<p>We raden aan om de camper minstens drie dagen langer te huren dan gepland voor de rondreis door IJsland. Je rijdt dan tussen de 150 en 300 km en krijgt de plekken te zien die de meeste bezoekers overslaan tijdens hun eerste reis naar IJsland. <\/p>\n<\/div><\/div><\/div><\/div><\/div><\/div><div class=\"et_pb_row_12 et_pb_row et_block_row\"><div class=\"et_pb_column_22 et_pb_column et_pb_column_4_4 et-last-child et_block_column et_pb_css_mix_blend_mode_passthrough\"><div class=\"et_pb_cta_6 et_pb_promo et_pb_bg_layout_dark et_pb_module et_block_module\"><div class=\"et_pb_promo_description\"><h2 class=\"et_pb_module_header\">Ben je klaar voor je vakantie<\/h2><\/div><div class=\"et_pb_button_wrapper\"><a class=\"et_pb_button et_pb_promo_button\" target=\"_blank\" href=\"https:\/\/web.rentalcarmanager.com\/api32\/Camper-Iceland\/Step2\" rel=\"noreferrer noopener\">BOEK NU<\/a><\/div><\/div><\/div><\/div><div class=\"et_pb_row_13 et_pb_row et_block_row videos\" id=\"videos\"><div class=\"et_pb_column_23 et_pb_column et_pb_column_2_5 et_block_column et_pb_css_mix_blend_mode_passthrough\"><div class=\"et_pb_blurb_4 et_pb_blurb et_pb_bg_layout_light et_pb_blurb_position_top et_pb_module et_block_module\"><div class=\"et_pb_blurb_content\"><div class=\"et_pb_blurb_container\"><h4 class=\"et_pb_module_header\">Rondreizen door IJsland in de zomer<\/h4><div class=\"et_pb_blurb_description\"><p>Hier is een voorbeeld van reizen door IJsland aan het einde van het seizoen.  <\/p>\n<\/div><\/div><\/div><\/div><\/div><div class=\"et_pb_column_24 et_pb_column et_pb_column_3_5 et-last-child et_block_column et_pb_css_mix_blend_mode_passthrough\"><div class=\"et_pb_video_0 et_pb_video et_pb_module et_block_module\"><div class=\"et_pb_video_box\"><iframe loading=\"lazy\" title=\"Impressionen einer Rundreise, 2 Wochen Island - Iceland\" width=\"1080\" height=\"608\" src=\"https:\/\/www.youtube.com\/embed\/CVrejAMANe0?feature=oembed\"  allow=\"accelerometer; autoplay; clipboard-write; encrypted-media; gyroscope; picture-in-picture; web-share\" referrerpolicy=\"strict-origin-when-cross-origin\" allowfullscreen><\/iframe><\/div><\/div><\/div><\/div><div class=\"et_pb_row_14 et_pb_row et_block_row\"><div class=\"et_pb_column_25 et_pb_column et_pb_column_2_5 et_block_column et_pb_css_mix_blend_mode_passthrough\"><div class=\"et_pb_blurb_5 et_pb_blurb et_pb_bg_layout_light et_pb_blurb_position_top et_pb_module et_block_module\"><div class=\"et_pb_blurb_content\"><div class=\"et_pb_blurb_container\"><h4 class=\"et_pb_module_header\">Rondreizen door IJsland in de winter<\/h4><div class=\"et_pb_blurb_description\"><p>Hier is een voorbeeld van reizen door IJsland aan het einde van het seizoen.  <\/p>\n<\/div><\/div><\/div><\/div><\/div><div class=\"et_pb_column_26 et_pb_column et_pb_column_3_5 et-last-child et_block_column et_pb_css_mix_blend_mode_passthrough\"><div class=\"et_pb_video_1 et_pb_video et_pb_module et_block_module\"><div class=\"et_pb_video_box\"><iframe loading=\"lazy\" title=\"Camper Iceland in the Winter\" width=\"1080\" height=\"608\" src=\"https:\/\/www.youtube.com\/embed\/eGBIlFz2bJ4?feature=oembed\"  allow=\"accelerometer; autoplay; clipboard-write; encrypted-media; gyroscope; picture-in-picture; web-share\" referrerpolicy=\"strict-origin-when-cross-origin\" allowfullscreen><\/iframe><\/div><\/div><\/div><\/div><div class=\"et_pb_row_15 et_pb_row et-vb-row--no-module et_block_row guide\" id=\"guide\"><div class=\"et_pb_column_27 et_pb_column et_pb_column_4_4 et-last-child et_block_column et_pb_column_empty et_pb_css_mix_blend_mode_passthrough\"><\/div><\/div><div class=\"et_pb_row_16 et_pb_row et_block_row wheretocamp\" id=\"wheretocamp\"><div class=\"et_pb_column_28 et_pb_column et_pb_column_1_2 et_block_column et_pb_css_mix_blend_mode_passthrough\"><div class=\"et_pb_cta_7 et_pb_promo et_pb_bg_layout_dark et_pb_module et_block_module wheretocamp\" id=\"wheretocamp\"><div class=\"et_pb_promo_description\"><h2 class=\"et_pb_module_header\">Waar te kamperen in IJsland<\/h2><div class=\"et_pb_promo_content\"><p>Het boekje \u00c1ning Reisgids (zie hierboven) geeft je toegang tot de meeste campings. Als we zelf reizen, rijden we gewoon naar ons dagelijkse doel en zodra we langs een camping rijden, bekijken we die en als we het leuk vinden, blijven we er. Campings in IJsland zijn vaak (99%) open velden waar je gewoon binnenrijdt en kiest waar je wilt parkeren\/kamperen. s Avonds komt er een medewerker van de camping langs om te betalen voor de camping. Soms betaal je per voertuig en soms betaal je per persoon. De meeste campings hebben elektriciteitsaansluitingen waar je het voertuig op aansluit. Afhankelijk van het aanbod kun je gebruikmaken van de faciliteiten zoals wachtruimtes, keukens en douches.       Je kunt het boekje raadplegen of de website van de camping bezoeken.<\/p>\n<\/div><\/div><div class=\"et_pb_button_wrapper\"><a class=\"et_pb_button et_pb_promo_button\" target=\"_blank\" href=\"https:\/\/tjalda.is\/en\/\" rel=\"noreferrer noopener\">Bezoek tjalda.is<\/a><\/div><\/div><\/div><div class=\"et_pb_column_29 et_pb_column et_pb_column_1_2 et-last-child et_block_column et_pb_css_mix_blend_mode_passthrough\"><div class=\"et_pb_blurb_6 et_pb_blurb et_pb_bg_layout_light et_pb_blurb_position_top et_pb_module et_block_module\"><div class=\"et_pb_blurb_content\"><div class=\"et_pb_main_blurb_image\"><span class=\"et_pb_image_wrap\"><span class=\"et-pb-icon et_animated et_animated\">q<\/span><\/span><\/div><div class=\"et_pb_blurb_container\"><h4 class=\"et_pb_module_header\">Moet ik gebruik maken van een camping?<\/h4><div class=\"et_pb_blurb_description\"><p>Sinds 2015 is het antwoord ja. Volgens de wet moet je op een kampeerterrein kamperen, behalve als je op priv\u00e9terrein kampeert (vraag om toestemming) of als er geen kampeerterrein bereikbaar is.  Lees ons artikel erover hieronder.  <\/p>\n<\/div><\/div><\/div><\/div><\/div><\/div><div class=\"et_pb_row_17 et_pb_row et_block_row\"><div class=\"et_pb_column_30 et_pb_column et_pb_column_4_4 et-last-child et_block_column et_pb_css_mix_blend_mode_passthrough\"><div class=\"et_pb_text_9 et_pb_text et_pb_bg_layout_light et_pb_module et_block_module\"><div class=\"et_pb_text_inner\"><p>Kamperen in IJsland is altijd een populaire keuze geweest voor veel reizigers. IJsland heeft ongeveer 170 geregistreerde campings, meestal geopend van juni tot half september.  Voor het seizoen buiten deze data heeft de IJslandse regering een lijst van open campings gepubliceerd. <a href=\"https:\/\/tjalda.is\/en\/camping-sites\/open-all-year\/\" target=\"_blank\" rel=\"noopener noreferrer\">Deze sites vind je hier<\/a>. <\/p>\n<p>Ervaar de pure, schone en ongerepte omgeving in IJsland en met jouw hulp blijft het zo. Camper IJsland heeft altijd aangeraden om alle kampeerplekken in dezelfde staat achter te laten als waarin je ze hebt gevonden.  <\/p>\n<p>De IJslandse natuurbeschermingswet bepaalt waar je in IJsland mag kamperen als je niet op een geregistreerde camping staat. In woonwijken mag je maximaal drie kampeertenten voor \u00e9\u00e9n nacht op ongecultiveerd land neerzetten als er geen camping in de buurt is. <\/p>\n<p><strong>Zoek een camping:<\/strong><\/p>\n<p>Als je wilt kamperen op gecultiveerd land of in de buurt van woongebouwen, omheinde landbouwgrond en dergelijke, moet je toestemming vragen aan een landeigenaar of andere begunstigde voordat je de kampeertent opzet. Dezelfde regel geldt als je van plan bent om langer dan \u00e9\u00e9n nacht te blijven. Je mag niet kamperen op landbouwgrond zonder toestemming.  <\/p>\n<p>In de hooglanden heb je toestemming om kampeertenten op te zetten. Dit geldt alleen voor een gewone kampeertent. Mobiele kampeerders moeten altijd toestemming vragen aan landeigenaren of andere begunstigden voordat ze gaan kamperen, of dit nu in een woonwijk, op braakliggend land of in de hooglanden is.  <\/p>\n<p>Maak je geen zorgen, kamperen in IJsland is heel eenvoudig.<\/p>\n<\/div><\/div><\/div><\/div><\/div><div class=\"et_pb_section_2 et_pb_section et_section_regular et_block_section\"><div class=\"et_pb_row_18 et_pb_row et_block_row besttime\" id=\"besttime\"><div class=\"et_pb_column_31 et_pb_column et_pb_column_4_4 et-last-child et_block_column et_pb_css_mix_blend_mode_passthrough\"><div class=\"et_pb_text_10 et_pb_text et_pb_bg_layout_light et_pb_module et_block_module\"><div class=\"et_pb_text_inner\"><h1>Wanneer is de beste tijd om IJsland te bezoeken?<\/h1>\n<p>In de jaren 80 en 90 werd IJsland vooral in de zomer bezocht. De beste data waren juni, juli en augustus. De tijd is sindsdien veranderd en IJsland heeft tegenwoordig veel meer te bieden.   De toestand van de wegen is verbeterd en de beschikbare homepages geven toegang tot de toestand van de wegen en de weersverwachting.  <\/p>\n<\/div><\/div><\/div><\/div><div class=\"et_pb_row_19 et_pb_row et_block_row\"><div class=\"et_pb_column_32 et_pb_column et_pb_column_1_3 et_block_column et_pb_css_mix_blend_mode_passthrough\"><div class=\"et_pb_text_11 et_pb_text et_pb_bg_layout_light et_pb_module et_block_module\"><div class=\"et_pb_text_inner\"><h2>Maart - April<\/h2>\n<p>De dagen worden langer en de meeste bezienswaardigheden in IJsland zijn echt prachtig. Als je in deze maanden reist, is het verstandig om dagelijks het weerbericht en de toestand van de wegen te controleren. Zo vind je de beste plek om van de bezienswaardigheden te genieten en misschien foto's te maken.   Het voordeel van deze maanden zijn de lage tarieven en de geringe stroom toeristen.  <\/p>\n<\/div><\/div><div class=\"et_pb_text_12 et_pb_text et_pb_bg_layout_light et_pb_module et_block_module\"><div class=\"et_pb_text_inner\"><h2>September - oktober<\/h2>\n<p>De dagen worden korter en rond 20 augustus heb je kans om het noorderlicht (aurora borealis) te zien. De vogels verlaten langzaam IJsland, maar je hebt nog steeds goede kansen om de grote walvissen van IJsland te zien.   In deze periode profiteer je van lagere tarieven.  <\/p>\n<\/div><\/div><\/div><div class=\"et_pb_column_33 et_pb_column et_pb_column_1_3 et_block_column et_pb_css_mix_blend_mode_passthrough\"><div class=\"et_pb_text_13 et_pb_text et_pb_bg_layout_light et_pb_module et_block_module\"><div class=\"et_pb_text_inner\"><h2>Mei - juni<\/h2>\n<p>De flora en fauna beginnen zich van een prachtige kant te laten zien. Het voelt alsof de natuur weer tot leven komt. De papegaaiduiker verlaat zijn normale habitat (de oceaan) en komt aan land om zich te vertonen. Walvissen kijken is ook geweldig tijdens deze maanden. Je profiteert nog steeds van de lagere tarieven in het hele land.     De helderste dag van het jaar is eind juni.  <\/p>\n<\/div><\/div><div class=\"et_pb_text_14 et_pb_text et_pb_bg_layout_light et_pb_module et_block_module\"><div class=\"et_pb_text_inner\"><h2>November - februari<\/h2>\n<p>Deze periode is alleen voor avonturiers. Het weer kan binnen 5 minuten omslaan van regen naar zon, van zon naar sneeuw. Een geweldige tijd om het Capitool te bezoeken en het weerbericht en de toestand van de wegen te controleren om te beslissen welke plaats je gaat bezoeken. Onze motorhomes en 4x4 campers zijn waarschijnlijk de beste manier om op jacht te gaan naar het noorderlicht.    Drink warme koffie en wacht tot het wonder gebeurt.  <\/p>\n<\/div><\/div><\/div><div class=\"et_pb_column_34 et_pb_column et_pb_column_1_3 et-last-child et_block_column et_pb_css_mix_blend_mode_passthrough\"><div class=\"et_pb_text_15 et_pb_text et_pb_bg_layout_light et_pb_module et_block_module\"><div class=\"et_pb_text_inner\"><h2>Juli - augustus<\/h2>\n<p>Dit zijn de populairste maanden omdat je dan alles hebt. De beste weersomstandigheden, het hoogland is open (zie hierboven) en de natuur is in haar grootste bloei. Het is essentieel om de weersomstandigheden aan het begin van de reis te controleren, want geloof het of niet, maar soms verplaatst het weer zich over het eiland.   Het is slim om aan de zonnige kant van het eiland te zijn.  <\/p>\n<\/div><\/div><div class=\"et_pb_text_16 et_pb_text et_pb_bg_layout_light et_pb_module et_block_module\"><div class=\"et_pb_text_inner\"><h2>Kerst &amp; Oud &amp; Nieuw<\/h2>\n<p>IJsland is echt prachtig tijdens de feestdagen. We hebben de grootste vuurwerkshow van Europa op oudejaarsavond omdat we onze reddingsorganisaties financieren door het vuurwerk van hen te kopen.  De kerstinkopen beginnen vroeg en door de bijna volledige duisternis tijdens deze periode is de lichtshow op alle huizen als een wonder.  <\/p>\n<\/div><\/div><\/div><\/div><div class=\"et_pb_row_20 et_pb_row et_block_row\"><div class=\"et_pb_column_35 et_pb_column et_pb_column_4_4 et-last-child et_block_column et_pb_css_mix_blend_mode_passthrough\"><div class=\"et_pb_accordion_0 et_pb_accordion et_pb_module et_block_module driverslicense\" id=\"driverslicense\"><div class=\"et_pb_accordion_item_0 et_pb_accordion_item et_pb_toggle et_pb_module et_pb_toggle_open et_block_module\"><h5 class=\"et_pb_toggle_title\">Nuttige informatie<\/h5><div class=\"et_pb_toggle_content\"><p>Een paar belangrijke dingen om te overwegen:<\/p>\n<\/div><\/div><div class=\"et_pb_accordion_item_1 et_pb_accordion_item et_pb_toggle et_pb_module et_pb_toggle_close et_block_module\"><h5 class=\"et_pb_toggle_title\">Rijbewijs<\/h5><div class=\"et_pb_toggle_content\"><p>Alle rijbewijzen afgegeven door de Verenigde Staten, Canada en de Europese economische ruimte (EER) zijn geldig in IJsland. Een rijbewijs van ergens anders is geldig als het biedt:<\/p>\n<p>-Een rijbewijsnummer<br \/>\n-De foto, naam en geboortedatum van de bestuurder<br \/>\n-Een geldige datum<br \/>\n-Gedrukt in Latijnse karakters<\/p>\n<p>Als uw rijbewijs niet aan een van de bovenstaande vereisten voldoet, dan moet u een internationaal rijbewijs verkrijgen om in IJsland te kunnen rijden.<\/p>\n<p>&nbsp;<\/p>\n<p>Daar vindt u meer informatie:&nbsp;<a href=\"http:\/\/www.icetra.is\/\" target=\"_blank\" rel=\"noopener\">http:\/\/www.icetra.is\/<\/a><\/p>\n<p>&nbsp;<\/p>\n<p><b>Algemene informatie<\/b><\/p>\n<p><b>Rijbewijs<\/b><\/p>\n<p>Een buitenlands rijbewijs is geldig in IJsland voor diegenen die hier tijdelijk verblijven. Het beginsel is echter dat als een persoon een permanente verblijfsvergunning heeft in IJsland (normaalgesproken een legale woonplaats), hij of zij een IJslandse rijbewijs moet houden. Uitzonderingen op de regel zijn als volgt:<\/p>\n<p>Rijbewijs afgegeven op de Faer\u00f6er of landen die partij zijn bij de EER-overeenkomst geeft de houder dezelfde rechten als hij of zij onder de licentie van het uitgevende land heeft. De rechten zijn gebaseerd op de geldigheid van de licentie, maar niet langer dan op de leeftijd van 70.<\/p>\n<p>Rijbewijs afgegeven in staten die geen partij zijn bij de EER-overeenkomst geeft de houder de rechten om in IJsland te rijden gedurende maximaal \u00e9\u00e9n maand nadat hij of zij een wettige woonplaats in IJsland heeft geregistreerd. Daarna moet de betrokkene een IJslandse rijbewijs te houden om te rijden in IJsland.<\/p>\n<p>Hoe het verhandelen van een buitenlandse rijbewijs voor een IJslandse \u00e9\u00e9n<\/p>\n<p>Personen die in IJsland wonen (in de meeste gevallen hebben een legale woonplaats) kunnen hun buitenlandse bestuurders vergunning voor een IJslandse verhandelen. Aanvraag voor een overeenkomstige IJslandse rijbewijs moet worden ingediend bij de districtscommissaris (districtsrechter) of het hoofd van de politie, ongeacht het verblijf, op voorwaarde dat hij of zij een wettelijke woonplaats in IJsland.<\/p>\n<p>Aanvraagformulier kan worden verkregen van de districts commissarissen (magistraten) en het hoofd van de politie buiten de regio Greater Reykjav\u00edk. Binnen de jurisdictie van het hoofd van de politie in Reykjav\u00edk kunnen aanvragers een toevlucht nemen tot de districts commissarissen in K\u00f3pavogur en Hafnarfj\u00f6r\u00f0ur. Zie de website van districts commissarissen (magistraten).<\/p>\n<p><b>Informatie over het sollicitatieproces<\/b><\/p>\n<p>Onderdanen van landen die geen lid zijn van de EER-overeenkomst zullen in de meeste gevallen een verklaring moeten overleggen over een goede gezondheid of een gezondheidscertificaat dat is afgegeven door een arts, die altijd gepast is, en een kwalificatie test ondergaan. Het is toegestaan om afstand te doen van deze laatste eis indien wordt geoordeeld dat de voorwaarden voor een rijbewijs in het land waar de vergunning is afgegeven, niet minder zijn dan de vereisten in IJsland. Wanneer de aanvraag wordt overhandigd aan de verzoeker (indien hij geen eer-burger is) kan het zijn verblijf mogelijk bewijzen door zijn verblijfskaart of op een andere wijze aan te tonen dat hij een verblijfsvergunning in IJsland heeft.<\/p>\n<p>Als het rijbewijs is afgegeven op de Faer\u00f6er of in een van de EER-landen, wordt de IJslandse licentie meestal afgegeven zonder dat de aanvrager een kwalificatie test moet ondergaan of een gezondheidscertificaat of een verklaring over een goede gezondheid hoeft te overleggen.<\/p>\n<p>Een persoon die een IJslandse rijbewijs afgegeven op basis van een buitenlandse moet de buitenlandse licentie handmatig wanneer de aanvraag wordt ingediend.<\/p>\n<p>In de meeste gevallen is het zo dat niemand een rijbewijs mag hebben van meer dan \u00e9\u00e9n staat die partij is bij de EER-overeenkomst.<\/p>\n<p>Aanvraag voor een IJslands rijbewijs, in ruil voor een buitenlandse, omvat:<\/p>\n<p>Een foto (35x45 mm) van de aanvrager<\/p>\n<p>Buitenlands rijbewijs<\/p>\n<p>Een verklaring over een goede gezondheid, of, indien van toepassing, een gezondheidscertificaat afgegeven door een arts, indien de buitenlandse vergunning niet is afgegeven op de Faer\u00f6er of in de lidstaten van de EER-overeenkomst.<\/p>\n<p>Het wordt aanbevolen dat aanvragers voor meer informatie naar de bureaus van de districts commissarissen (magistraten) gaan, aangezien het de bureaus zijn die bepalen op basis van welke grondslag individuele aanvragen worden verwerkt.<\/p>\n<p>&nbsp;<\/p>\n<\/div><\/div><div class=\"et_pb_accordion_item_2 et_pb_accordion_item et_pb_toggle et_pb_module et_pb_toggle_close et_block_module\"><h5 class=\"et_pb_toggle_title\">Kinderzitje<\/h5><div class=\"et_pb_toggle_content\"><p>Let op: mensen moeten minstens 150 cm lang zijn om in een stoel met een opblaasbare airbag ervoor te kunnen zitten.<\/p>\n<div class=\"tablewrap\">\n<table>\n<tbody>\n<tr>\n<td><img data-recalc-dims=\"1\" decoding=\"async\" src=\"https:\/\/i0.wp.com\/www.icetra.is\/media\/english\/car-seats-1.jpg?w=1080&#038;quality=80\" alt=\"\" title=\"\"><\/td>\n<td><img data-recalc-dims=\"1\" decoding=\"async\" src=\"https:\/\/i0.wp.com\/www.icetra.is\/media\/english\/car-seats-2.jpg?w=1080&#038;quality=80\" alt=\"\" title=\"\"><\/td>\n<\/tr>\n<tr>\n<td>Een ongeboren kind wordt goed beschermd door een autogordel. Het onderste deel van de gordel moet onder de buik van de vrouw liggen.<br \/>\nHet is essentieel dat de autogordel volgens de instructies van de fabrikant om het babyautostoeltje wordt bevestigd. <\/td>\n<td>\n<ul>\n<li>Kat. 0 - gewicht: 0-10kg, leeftijd: tot 9 maanden <\/li>\n<li>Kat. 0+ - gewicht: 0-13kg, leeftijd: tot 18 maanden <\/li>\n<\/ul>\n<\/td>\n<\/tr>\n<tr>\n<td><img data-recalc-dims=\"1\" decoding=\"async\" src=\"https:\/\/i0.wp.com\/www.icetra.is\/media\/english\/car-seats-3.jpg?w=1080&#038;quality=80\" alt=\"\" title=\"\"><\/td>\n<td><img data-recalc-dims=\"1\" decoding=\"async\" src=\"https:\/\/i0.wp.com\/www.icetra.is\/media\/english\/car-seats-4.jpg?w=1080&#038;quality=80\" alt=\"\" title=\"\"><\/td>\n<\/tr>\n<tr>\n<td>\n<ul>\n<li>Kat. 1 - gewicht: 9-18kg, leeftijd: 9 maanden tot 3-4 jaar <\/li>\n<\/ul>\n<p>Een kind in een naar achteren gericht autostoeltje is het best beschermd in de auto. Zet een kinderautostoeltje nooit op de voorstoel van een<br \/>\nauto met opblaasbare airbags voor de voorstoelen.<strong><br \/>\n<\/strong><\/td>\n<td>\n<ul>\n<li>Kat. 1 - gewicht: 9-18kg, leeftijd: 9 maanden tot 3-4 jaar <\/li>\n<li>Kat. 2 - gewicht: 15-25kg, leeftijd: 3-4 tot 6-7 jaar <\/li>\n<\/ul>\n<p>Het is het veiligst om een kind in een naar voren gericht autostoeltje achter in de auto te zetten. Je kunt het zitje het beste vastmaken met een 3-puntsgordel.<strong><br \/>\n<\/strong><\/td>\n<\/tr>\n<tr>\n<td><img data-recalc-dims=\"1\" decoding=\"async\" src=\"https:\/\/i0.wp.com\/www.icetra.is\/media\/english\/car-seats-5.jpg?w=1080&#038;quality=80\" alt=\"\" title=\"\"><\/td>\n<td><img data-recalc-dims=\"1\" decoding=\"async\" src=\"https:\/\/i0.wp.com\/www.icetra.is\/media\/english\/car-seats-6.jpg?w=1080&#038;quality=80\" alt=\"\" title=\"\"><\/td>\n<\/tr>\n<tr>\n<td>\n<ul>\n<li>Kat. 2 - gewicht: 15-25kg, leeftijd: 3-4 tot 6-7 jaar <\/li>\n<li>Kat. 3 - gewicht: 22-36kg, leeftijd: 6-7 tot 10-12 jaar <\/li>\n<\/ul>\n<p>Het is het veiligst voor kinderen die in een stoelverhoger zitten om op de achterbank van de auto te zitten. Zitverhogers moeten worden vastgemaakt met driepuntsgordels. Een kind moet minimaal<br \/>\n15 kg wegen om een stoelverhoger te kunnen gebruiken. Een stoelverhoger met rugleuning is vereist als er geen hoofdsteun is.  <\/td>\n<td>Een kind mag een autogordel alleen gebruiken als deze over de schouder en de dij loopt. Als de gordel over de buik loopt of in de nek rust, moet het kind in een stoelverhoger zitten. Je mag een autogordel nooit onder de arm van een kind leggen of achter de rug van het kind schuiven.  <\/td>\n<\/tr>\n<\/tbody>\n<\/table>\n<\/div>\n<\/div><\/div><\/div><\/div><\/div><div class=\"et_pb_row_21 et_pb_row et_block_row\"><div class=\"et_pb_column_36 et_pb_column et_pb_column_1_5 et_block_column et_pb_column_empty et_pb_css_mix_blend_mode_passthrough\"><\/div><div class=\"et_pb_column_37 et_pb_column et_pb_column_3_5 et_block_column et_pb_css_mix_blend_mode_passthrough\"><div class=\"et_pb_cta_8 et_pb_promo et_pb_bg_layout_dark et_pb_module et_block_module\"><div class=\"et_pb_promo_description\"><h2 class=\"et_pb_module_header\">Klaar om het voertuig te kiezen<\/h2><div class=\"et_pb_promo_content\"><p>Na het lezen van onze gids voor IJsland ben je een specialist geworden. Nu hoef je alleen nog maar de grootte van het voertuig te kiezen op basis van het aantal reizigers.  <\/p>\n<p>Via ons online boekingssysteem kun je spelen met onze voertuigtypes, tarieven en extra's tot je tevreden bent.  <\/p>\n<p>Als je ergens niet zeker van bent, kun je altijd contact met ons opnemen.  <\/p>\n<\/div><\/div><div class=\"et_pb_button_wrapper\"><a class=\"et_pb_button et_pb_promo_button\" href=\"https:\/\/web.rentalcarmanager.com\/api32\/Camper-Iceland\/Step2\" target=\"_blank\" rel=\"noopener\">Boek nu<\/a><\/div><\/div><\/div><div class=\"et_pb_column_38 et_pb_column et_pb_column_1_5 et-last-child et_block_column et_pb_column_empty et_pb_css_mix_blend_mode_passthrough\"><\/div><\/div><\/div>","protected":false},"excerpt":{"rendered":"","protected":false},"author":1,"featured_media":42517,"parent":41963,"menu_order":0,"comment_status":"closed","ping_status":"closed","template":"","meta":{"_acf_changed":false,"jetpack_post_was_ever_published":false,"footnotes":""},"class_list":["post-41949","page","type-page","status-publish","has-post-thumbnail","hentry"],"acf":[],"jetpack_sharing_enabled":true,"jetpack_shortlink":"https:\/\/wp.me\/P569lP-aUB","jetpack-related-posts":[{"id":68259,"url":"https:\/\/www.camper.is\/nl\/camper-iceland-overzicht\/4x4-camper-tyr-a\/","url_meta":{"origin":41949,"position":0},"title":"4X4 CAMPER TYR A","author":"admin","date":"8 oktober 2024","format":false,"excerpt":"Reis door IJsland met het ultieme gemak in de 4x4 Camper TYR A. Dit premium voertuig voegt een ingebouwd toilet, een warmwatersysteem en een automatische transmissie toe aan onze populaire 4x4 camper.","rel":"","context":"Soortgelijk bericht","block_context":{"text":"Soortgelijk bericht","link":""},"img":{"alt_text":"","src":"https:\/\/i0.wp.com\/www.camper.is\/wp-content\/uploads\/2025\/09\/ICONS-2026-TYR.jpeg?fit=1080%2C1080&quality=80&ssl=1&resize=350%2C200","width":350,"height":200,"srcset":"https:\/\/i0.wp.com\/www.camper.is\/wp-content\/uploads\/2025\/09\/ICONS-2026-TYR.jpeg?fit=1080%2C1080&quality=80&ssl=1&resize=350%2C200 1x, https:\/\/i0.wp.com\/www.camper.is\/wp-content\/uploads\/2025\/09\/ICONS-2026-TYR.jpeg?fit=1080%2C1080&quality=80&ssl=1&resize=525%2C300 1.5x, https:\/\/i0.wp.com\/www.camper.is\/wp-content\/uploads\/2025\/09\/ICONS-2026-TYR.jpeg?fit=1080%2C1080&quality=80&ssl=1&resize=700%2C400 2x, https:\/\/i0.wp.com\/www.camper.is\/wp-content\/uploads\/2025\/09\/ICONS-2026-TYR.jpeg?fit=1080%2C1080&quality=80&ssl=1&resize=1050%2C600 3x"},"classes":[]},{"id":75076,"url":"https:\/\/www.camper.is\/nl\/reisnieuws-en-wekelijkse-berichten-over-ijsland-camper-ijsland\/","url_meta":{"origin":41949,"position":1},"title":"Reisnieuws en wekelijkse berichten over IJsland | Camper IJsland","author":"admin","date":"26 maart 2026","format":false,"excerpt":"Blijf de storm voor met wekelijkse updates vanuit het hart van IJsland. Sinds 1987 bieden we deskundige wegrapporten, weerwaarschuwingen en Highland F-road-condities. Ontvang het laatste vlootnieuws en insidertips voor uw expeditie in 2026. Real-time informatie van de familie die de wegen het beste kent.","rel":"","context":"Soortgelijk bericht","block_context":{"text":"Soortgelijk bericht","link":""},"img":{"alt_text":"","src":"https:\/\/i0.wp.com\/www.camper.is\/wp-content\/uploads\/2026\/03\/family_badging_camper_iceland-scaled.png?fit=1200%2C654&quality=72&ssl=1&resize=350%2C200","width":350,"height":200,"srcset":"https:\/\/i0.wp.com\/www.camper.is\/wp-content\/uploads\/2026\/03\/family_badging_camper_iceland-scaled.png?fit=1200%2C654&quality=72&ssl=1&resize=350%2C200 1x, https:\/\/i0.wp.com\/www.camper.is\/wp-content\/uploads\/2026\/03\/family_badging_camper_iceland-scaled.png?fit=1200%2C654&quality=72&ssl=1&resize=525%2C300 1.5x, https:\/\/i0.wp.com\/www.camper.is\/wp-content\/uploads\/2026\/03\/family_badging_camper_iceland-scaled.png?fit=1200%2C654&quality=72&ssl=1&resize=700%2C400 2x, https:\/\/i0.wp.com\/www.camper.is\/wp-content\/uploads\/2026\/03\/family_badging_camper_iceland-scaled.png?fit=1200%2C654&quality=72&ssl=1&resize=1050%2C600 3x"},"classes":[]},{"id":68260,"url":"https:\/\/www.camper.is\/nl\/camper-iceland-overzicht\/camper-5-hel\/","url_meta":{"origin":41949,"position":2},"title":"Camper 5 HEL","author":"admin","date":"8 oktober 2024","format":false,"excerpt":"","rel":"","context":"Soortgelijk bericht","block_context":{"text":"Soortgelijk bericht","link":""},"img":{"alt_text":"","src":"https:\/\/i0.wp.com\/www.camper.is\/wp-content\/uploads\/2024\/08\/MH5_HEL.jpeg?fit=800%2C800&quality=80&ssl=1&resize=350%2C200","width":350,"height":200,"srcset":"https:\/\/i0.wp.com\/www.camper.is\/wp-content\/uploads\/2024\/08\/MH5_HEL.jpeg?fit=800%2C800&quality=80&ssl=1&resize=350%2C200 1x, https:\/\/i0.wp.com\/www.camper.is\/wp-content\/uploads\/2024\/08\/MH5_HEL.jpeg?fit=800%2C800&quality=80&ssl=1&resize=525%2C300 1.5x, https:\/\/i0.wp.com\/www.camper.is\/wp-content\/uploads\/2024\/08\/MH5_HEL.jpeg?fit=800%2C800&quality=80&ssl=1&resize=700%2C400 2x"},"classes":[]},{"id":41941,"url":"https:\/\/www.camper.is\/nl\/camper-iceland-overzicht\/","url_meta":{"origin":41949,"position":3},"title":"ONZE VLOOT","author":"admin","date":"19 november 2019","format":false,"excerpt":"Vind uw perfecte thuis op wielen met Camper Iceland! Kies uit ons gevarieerde wagenpark, waaronder de compacte en duurzame Loki, stoere 4x4 campers voor de Highlands en ruime campers voor ultiem comfort. Begin uw reis vanuit Keflavik (KEF) en verken de adembenemende landschappen van IJsland in uw eigen tempo.","rel":"","context":"Soortgelijk bericht","block_context":{"text":"Soortgelijk bericht","link":""},"img":{"alt_text":"","src":"","width":0,"height":0},"classes":[]},{"id":41627,"url":"https:\/\/www.camper.is\/nl\/camper-iceland-uw-motor-home-4x4-verhuurbedrijf-in-ijsland\/","url_meta":{"origin":41949,"position":4},"title":"Camper Iceland, uw motor Home &amp; 4&#215;4 verhuurbedrijf in IJsland","author":"admin","date":"17 november 2019","format":false,"excerpt":"Reis door IJsland met een familiebedrijf dat al sinds 1987 reizen naar IJsland verkoopt. Camper Iceland biedt een gevarieerde vloot van campers en 4x4 campers, die een flexibele en kosteneffectieve manier bieden om de prachtige landschappen van het land te verkennen. Geniet van de vrijheid om het mooie weer op\u2026","rel":"","context":"Soortgelijk bericht","block_context":{"text":"Soortgelijk bericht","link":""},"img":{"alt_text":"Camper IJsland Logo","src":"https:\/\/i0.wp.com\/www.camper.is\/wp-content\/uploads\/2019\/11\/CamperIceland_new_whitebkgrd.png?fit=1200%2C316&quality=72&ssl=1&resize=350%2C200","width":350,"height":200,"srcset":"https:\/\/i0.wp.com\/www.camper.is\/wp-content\/uploads\/2019\/11\/CamperIceland_new_whitebkgrd.png?fit=1200%2C316&quality=72&ssl=1&resize=350%2C200 1x, https:\/\/i0.wp.com\/www.camper.is\/wp-content\/uploads\/2019\/11\/CamperIceland_new_whitebkgrd.png?fit=1200%2C316&quality=72&ssl=1&resize=525%2C300 1.5x, https:\/\/i0.wp.com\/www.camper.is\/wp-content\/uploads\/2019\/11\/CamperIceland_new_whitebkgrd.png?fit=1200%2C316&quality=72&ssl=1&resize=700%2C400 2x, https:\/\/i0.wp.com\/www.camper.is\/wp-content\/uploads\/2019\/11\/CamperIceland_new_whitebkgrd.png?fit=1200%2C316&quality=72&ssl=1&resize=1050%2C600 3x"},"classes":[]},{"id":72418,"url":"https:\/\/www.camper.is\/nl\/loki-e-de-duurzame-camper-voor-uw-ijslands-avontuur\/","url_meta":{"origin":41949,"position":5},"title":"LOKI E De duurzame camper voor uw IJslands avontuur","author":"admin","date":"14 augustus 2025","format":false,"excerpt":"","rel":"","context":"Soortgelijk bericht","block_context":{"text":"Soortgelijk bericht","link":""},"img":{"alt_text":"","src":"https:\/\/i0.wp.com\/www.camper.is\/wp-content\/uploads\/2025\/08\/Untitled-scaled.png?fit=1200%2C900&quality=72&ssl=1&resize=350%2C200","width":350,"height":200,"srcset":"https:\/\/i0.wp.com\/www.camper.is\/wp-content\/uploads\/2025\/08\/Untitled-scaled.png?fit=1200%2C900&quality=72&ssl=1&resize=350%2C200 1x, https:\/\/i0.wp.com\/www.camper.is\/wp-content\/uploads\/2025\/08\/Untitled-scaled.png?fit=1200%2C900&quality=72&ssl=1&resize=525%2C300 1.5x, https:\/\/i0.wp.com\/www.camper.is\/wp-content\/uploads\/2025\/08\/Untitled-scaled.png?fit=1200%2C900&quality=72&ssl=1&resize=700%2C400 2x, https:\/\/i0.wp.com\/www.camper.is\/wp-content\/uploads\/2025\/08\/Untitled-scaled.png?fit=1200%2C900&quality=72&ssl=1&resize=1050%2C600 3x"},"classes":[]}],"_links":{"self":[{"href":"https:\/\/www.camper.is\/nl\/wp-json\/wp\/v2\/pages\/41949","targetHints":{"allow":["GET"]}}],"collection":[{"href":"https:\/\/www.camper.is\/nl\/wp-json\/wp\/v2\/pages"}],"about":[{"href":"https:\/\/www.camper.is\/nl\/wp-json\/wp\/v2\/types\/page"}],"author":[{"embeddable":true,"href":"https:\/\/www.camper.is\/nl\/wp-json\/wp\/v2\/users\/1"}],"replies":[{"embeddable":true,"href":"https:\/\/www.camper.is\/nl\/wp-json\/wp\/v2\/comments?post=41949"}],"version-history":[{"count":113,"href":"https:\/\/www.camper.is\/nl\/wp-json\/wp\/v2\/pages\/41949\/revisions"}],"predecessor-version":[{"id":75872,"href":"https:\/\/www.camper.is\/nl\/wp-json\/wp\/v2\/pages\/41949\/revisions\/75872"}],"up":[{"embeddable":true,"href":"https:\/\/www.camper.is\/nl\/wp-json\/wp\/v2\/pages\/41963"}],"wp:featuredmedia":[{"embeddable":true,"href":"https:\/\/www.camper.is\/nl\/wp-json\/wp\/v2\/media\/42517"}],"wp:attachment":[{"href":"https:\/\/www.camper.is\/nl\/wp-json\/wp\/v2\/media?parent=41949"}],"curies":[{"name":"wp","href":"https:\/\/api.w.org\/{rel}","templated":true}]}}