{"id":41597,"date":"2019-11-17T16:17:09","date_gmt":"2019-11-17T16:17:09","guid":{"rendered":"https:\/\/www.campericeland.is\/comment-choisir-le-bon-motor-home-et-4x4-camper-pour-lislande\/"},"modified":"2026-04-07T06:27:31","modified_gmt":"2026-04-07T06:27:31","slug":"comment-choisir-le-bon-motor-home-et-4x4-camper-pour-lislande","status":"publish","type":"page","link":"https:\/\/www.camper.is\/fr\/vegv-sir-wayfinder-pour-les-voyageurs\/comment-choisir-le-bon-motor-home-et-4x4-camper-pour-lislande\/","title":{"rendered":"Comment choisir le bon camping-car et le bon 4&#215;4 pour l&rsquo;Islande ?"},"content":{"rendered":"<div class=\"et_pb_section_0 et_pb_section et_pb_fullwidth_section et_section_regular et_block_section\"><div class=\"et_pb_fullwidth_menu_0 et_pb_fullwidth_menu et_pb_fullwidth_menu--without-logo et_pb_fullwidth_menu--style-centered et_pb_fullwidth_menu_fullwidth et_dropdown_animation_fade et_pb_bg_layout_light et_pb_text_align_right-tablet et_pb_text_align_right-phone et_pb_module\"><div class=\"et_pb_row\"><div class=\"et_pb_menu__wrap\"><div class=\"et_pb_menu__menu\"><nav class=\"et-menu-nav fullwidth-menu-nav\"><ul id=\"menu-b4-booking-french\" class=\"et-menu fullwidth-menu nav downwards\"><li id=\"menu-item-55132\" class=\"et_pb_menu_page_id-55132 menu-item menu-item-type-custom menu-item-object-custom menu-item-55132\"><a href=\"#howto\">Comment voyager<\/a><\/li>\n<li id=\"menu-item-55133\" class=\"et_pb_menu_page_id-55133 menu-item menu-item-type-custom menu-item-object-custom menu-item-55133\"><a href=\"#openinghourshighland\">Heures d\\&rsquo;ouverture des Highlands<\/a><\/li>\n<li id=\"menu-item-55134\" class=\"et_pb_menu_page_id-55134 menu-item menu-item-type-custom menu-item-object-custom menu-item-55134\"><a href=\"#Le%20temps\">M\u00e9t\u00e9o<\/a><\/li>\n<li id=\"menu-item-55135\" class=\"et_pb_menu_page_id-55135 menu-item menu-item-type-custom menu-item-object-custom menu-item-55135\"><a href=\"#\u00c9tat%20des%20routes\">\u00c9tat des routes<\/a><\/li>\n<li id=\"menu-item-55136\" class=\"et_pb_menu_page_id-55136 menu-item menu-item-type-custom menu-item-object-custom menu-item-55136\"><a href=\"#trippideas\">Id\u00e9es de voyage<\/a><\/li>\n<li id=\"menu-item-55137\" class=\"et_pb_menu_page_id-55137 menu-item menu-item-type-custom menu-item-object-custom menu-item-55137\"><a href=\"#vid\u00e9os\">Vid\u00e9os de voyage<\/a><\/li>\n<li id=\"menu-item-55138\" class=\"et_pb_menu_page_id-55138 menu-item menu-item-type-custom menu-item-object-custom menu-item-55138\"><a href=\"#guider\">Guide de voyage<\/a><\/li>\n<li id=\"menu-item-55139\" class=\"et_pb_menu_page_id-55139 menu-item menu-item-type-custom menu-item-object-custom menu-item-55139\"><a href=\"#wheretocamp\">O\u00f9 camper<\/a><\/li>\n<li id=\"menu-item-55140\" class=\"et_pb_menu_page_id-55140 menu-item menu-item-type-custom menu-item-object-custom menu-item-55140\"><a href=\"#besttime\">Meilleur moment pour visiter<\/a><\/li>\n<li id=\"menu-item-55141\" class=\"et_pb_menu_page_id-55141 menu-item menu-item-type-custom menu-item-object-custom menu-item-55141\"><a href=\"#driverslicense\">Permis de conduire et si\u00e8ge enfant<\/a><\/li>\n<\/ul><\/nav><\/div><div class=\"et_mobile_nav_menu\"><div class=\"mobile_nav closed\"><span class=\"mobile_menu_bar\"><\/span><\/div><\/div><\/div><\/div><\/div><section class=\"et_pb_fullwidth_header_0 et_pb_fullwidth_header et_pb_fullscreen et_pb_bg_layout_dark et_pb_text_align_center et_animated et_pb_section_parallax et_pb_module et_flex_module\"><span class=\"et-pb-parallax-wrapper\"><span class=\"et-pb-parallax-background et-pb-parallax-background-module--divi-fullwidth-header-0\" style=\"background-image:url(https:\/\/www.camper.is\/wp-content\/uploads\/2019\/11\/iceland_landscape_-28.jpeg)\"><\/span><\/span><div class=\"et_pb_fullwidth_header_container center\"><div class=\"header-content-container center\"><div class=\"header-content et_flex_module\"><h1 class=\"et_pb_module_header\">Le guide ultime de l&#039;Islande<\/h1><span class=\"et_pb_fullwidth_header_subhead\">Choisissez le bon voyage et le bon v\u00e9hicule<\/span><div class=\"et_pb_header_content_wrapper\"><p>Ce guide des produits est un article en ligne qui permet d'informer nos clients sur les \u00e9l\u00e9ments importants \u00e0 prendre en compte lors du choix d'une cat\u00e9gorie de v\u00e9hicule sp\u00e9cifique. Nous avons commenc\u00e9 en tant qu'agence de voyage en 1987 et avons accumul\u00e9 beaucoup d'informations sur l'Islande. Nous souhaitons partager nos connaissances afin de faciliter le choix du bon v\u00e9hicule.  <\/p>\n<\/div><div class=\"et_pb_header_button_wrapper\"><a class=\"et_pb_button et_pb_more_button et_pb_button_one\" href=\"https:\/\/web.rentalcarmanager.com\/api32\/Camper-Iceland\/Step2\" target=\"_blank\" rel=\"noopener\">D\u00e9j\u00e0 d\u00e9cid\u00e9, r\u00e9servez maintenant<\/a><\/div><\/div><\/div><\/div><div class=\"et_pb_fullwidth_header_overlay\"><\/div><div class=\"et_pb_fullwidth_header_scroll\"><\/div><\/section><\/div><div class=\"et_pb_section_1 et_pb_section et_section_regular et_block_section\"><div class=\"et_pb_row_0 et_pb_row et_block_row howto\" id=\"howto\"><div class=\"et_pb_column_0 et_pb_column et_pb_column_1_3 et_block_column et_pb_css_mix_blend_mode_passthrough\"><div class=\"et_pb_image_0 et_pb_image et_pb_module et_block_module\"><a href=\"https:\/\/i0.wp.com\/www.camper.is\/wp-content\/uploads\/2019\/11\/iceland_landscape_-75.jpeg?quality=80&#038;ssl=1\" class=\"et_pb_lightbox_image\"><span class=\"et_pb_image_wrap\"><img data-recalc-dims=\"1\" loading=\"lazy\" decoding=\"async\" src=\"https:\/\/i0.wp.com\/www.camper.is\/wp-content\/uploads\/2019\/11\/iceland_landscape_-75.jpeg?resize=1080%2C608&#038;quality=80&#038;ssl=1\" width=\"1080\" height=\"608\" srcset=\"https:\/\/www.camper.is\/wp-content\/uploads\/2019\/11\/iceland_landscape_-75.jpeg 1280w, https:\/\/www.camper.is\/wp-content\/uploads\/2019\/11\/iceland_landscape_-75-980x551.jpeg 980w, https:\/\/www.camper.is\/wp-content\/uploads\/2019\/11\/iceland_landscape_-75-480x270.jpeg 480w\" sizes=\"(min-width: 0px) and (max-width: 480px) 480px, (min-width: 481px) and (max-width: 980px) 980px, (min-width: 981px) 1280px, 100vw\" class=\"wp-image-26273\" alt=\"\" title=\"\"><\/span><\/a><\/div><\/div><div class=\"et_pb_column_1 et_pb_column et_pb_column_2_3 et-last-child et_block_column et_pb_css_mix_blend_mode_passthrough\"><div class=\"et_pb_text_0 et_pb_text et_pb_bg_layout_light et_pb_module et_block_module\"><div class=\"et_pb_text_inner\"><h2>Lost in Iceland - L\u00e0 o\u00f9 la nature est humble, o\u00f9 le silence parle et o\u00f9 le temps ralentit<\/h2>\n<p>Perdez-vous parmi les plages de sable noir, les champs de lave sans fin, les chutes d'eau rugissantes et les sources g\u00e9othermiques fumantes. Promenez-vous sous un ciel immense, partez \u00e0 la recherche des aurores bor\u00e9ales ou sentez le soleil de minuit sur votre peau. Ici, en Islande, se perdre signifie trouver quelque chose de plus profond -<br \/>la paix, l'\u00e9merveillement et une connexion avec quelque chose de vraiment sauvage.  <\/p>\n<p>&nbsp;<\/p>\n<p><img data-recalc-dims=\"1\" loading=\"lazy\" decoding=\"async\" src=\"https:\/\/i0.wp.com\/www.camper.is\/wp-content\/uploads\/2024\/08\/landslag-1.jpeg?resize=300%2C169&#038;quality=80&#038;ssl=1\" width=\"300\" height=\"169\" alt=\"\" class=\"wp-image-68072 alignnone size-medium\" title=\"\"><\/p>\n<p>&nbsp;<\/p>\n<p>La plupart des hauts lieux de l'Islande sont situ\u00e9s \u00e0 proximit\u00e9 de la route p\u00e9riph\u00e9rique (route 1), \u00e9galement connue sous le nom de \u00dej\u00f3\u00f0vegur. Ces destinations sont accessibles toute l'ann\u00e9e, m\u00eame si les services peuvent \u00eatre limit\u00e9s pendant les mois d'hiver. Pour un tel voyage, vous \u00eates libre de choisir la cat\u00e9gorie de v\u00e9hicule qui vous convient.  <\/p>\n<p>&nbsp;<\/p>\n<p>En revanche, les hauts plateaux magiques de l'Islande sont une autre histoire : ils valent vraiment la peine d'\u00eatre visit\u00e9s, mais ne sont accessibles qu'en \u00e9t\u00e9. L'heure exacte d'ouverture n'est pas d\u00e9termin\u00e9e par les Islandais, mais par la nature elle-m\u00eame. En d'autres termes, les hauts plateaux ne sont accessibles que lorsque les conditions sont s\u00fbres et que les routes sont praticables. Toutes les routes marqu\u00e9es \"F\" en Islande requi\u00e8rent un v\u00e9hicule 4x4 et vous \u00eates autoris\u00e9s \u00e0 conduire ces routes \"F\" avec nos camping-cars 4x4.   <\/p>\n<p><img data-recalc-dims=\"1\" loading=\"lazy\" decoding=\"async\" src=\"https:\/\/i0.wp.com\/www.camper.is\/wp-content\/uploads\/2025\/05\/Bildschirmfoto-2025-05-21-um-16.44.48.jpeg?resize=300%2C214&#038;quality=80&#038;ssl=1\" width=\"300\" height=\"214\" alt=\"\" class=\"wp-image-71471 size-medium\" title=\"\"><\/p>\n<p>&nbsp;<\/p>\n<p>\u00cates-vous int\u00e9ress\u00e9 par les excursions d'une journ\u00e9e et les activit\u00e9s ? Consultez ce lien o\u00f9 vous trouverez votre aventure : <a href=\"https:\/\/campericeland.tourdesk.is\/Tour\" target=\"_blank\" rel=\"noopener\">Excursions et activit\u00e9s d'un jour en Islande<\/a> <\/p>\n<p>&nbsp;<\/p>\n<p>Toutes les routes marqu\u00e9es \"F\" en Islande n\u00e9cessitent un v\u00e9hicule 4x4, c'est bon \u00e0 savoir.<\/p>\n<p>Comment choisir le bon v\u00e9hicule pour l'Islande ?<\/p>\n<\/div><\/div><\/div><\/div><div class=\"et_pb_row_1 et_pb_row et_block_row\"><div class=\"et_pb_column_2 et_pb_column et_pb_column_4_4 et-last-child et_block_column et_pb_css_mix_blend_mode_passthrough\"><div class=\"et_pb_text_1 et_pb_text et_pb_bg_layout_light et_pb_module et_block_module et_pb_text_align_center\"><div class=\"et_pb_text_inner\"><table data-path-to-node=\"10\">\n<thead>\n<tr>\n<td><strong>Article de fond<\/strong><\/td>\n<td><strong>Camping-car (Sif\/Hel\/Frigg\/Freyja)<\/strong><\/td>\n<td><strong>Camping-car 4x4 (Tyr\/Thor)<\/strong><\/td>\n<\/tr>\n<\/thead>\n<tbody>\n<tr>\n<td><span data-path-to-node=\"10,1,0,0\"><b data-path-to-node=\"10,1,0,0\" data-index-in-node=\"0\">Le meilleur pour<\/b><\/span><\/td>\n<td><span data-path-to-node=\"10,1,1,0\">Familles et Ring Road de luxe<\/span><\/td>\n<td><span data-path-to-node=\"10,1,2,0\">Aventuriers des Highlands et F-Roads<\/span><\/td>\n<\/tr>\n<tr>\n<td><span data-path-to-node=\"10,2,0,0\"><b data-path-to-node=\"10,2,0,0\" data-index-in-node=\"0\">Terrain<\/b><\/span><\/td>\n<td><span data-path-to-node=\"10,2,1,0\">Routes pav\u00e9es et gravier lisse<\/span><\/td>\n<td><span data-path-to-node=\"10,2,2,0\">Int\u00e9rieur accident\u00e9 et travers\u00e9es de rivi\u00e8res<\/span><\/td>\n<\/tr>\n<tr>\n<td><span data-path-to-node=\"10,3,0,0\"><b data-path-to-node=\"10,3,0,0\" data-index-in-node=\"0\">Espace de vie<\/b><\/span><\/td>\n<td><span data-path-to-node=\"10,3,1,0\">Maximum (cabine traversante)<\/span><\/td>\n<td><span data-path-to-node=\"10,3,2,0\">Compact et robuste<\/span><\/td>\n<\/tr>\n<tr>\n<td><span data-path-to-node=\"10,4,0,0\"><b data-path-to-node=\"10,4,0,0\" data-index-in-node=\"0\">Facilit\u00e9 de conduite<\/b><\/span><\/td>\n<td><span data-path-to-node=\"10,4,1,0\">Confortable<\/span><\/td>\n<td><span data-path-to-node=\"10,4,2,0\">Puissance et couple (Isuzu Tyr)<\/span><\/td>\n<\/tr>\n<\/tbody>\n<\/table>\n<\/div><\/div><\/div><\/div><div class=\"et_pb_row_2 et_pb_row et_block_row\"><div class=\"et_pb_column_3 et_pb_column et_pb_column_1_3 et_block_column et_pb_css_mix_blend_mode_passthrough\"><div class=\"et_pb_cta_0 et_pb_promo et_pb_bg_layout_dark et_pb_module et_block_module\"><div class=\"et_pb_promo_description\"><h2 class=\"et_pb_module_header\">Autour de l&apos;Islande  <\/h2><div class=\"et_pb_promo_content\"><p>La route p\u00e9riph\u00e9rique fait officiellement 1 322 km, mais pour une v\u00e9ritable premi\u00e8re exp\u00e9rience, y compris le Cercle d'or et les d\u00e9tours par la c\u00f4te sud, comptez 2 800 km. Si vous ajoutez les profonds fjords de l'Est et la route c\u00f4ti\u00e8re arctique du Nord, votre voyage atteindra 3 500 km. <\/p>\n<\/div><\/div><div class=\"et_pb_button_wrapper\"><a class=\"et_pb_button et_pb_promo_button\" target=\"_blank\" href=\"https:\/\/web.rentalcarmanager.com\/api32\/Camper-Iceland\/Step2\" rel=\"noreferrer noopener\">R\u00e9servez maintenant<\/a><\/div><\/div><div class=\"et_pb_image_1 et_pb_image et_pb_module et_block_module\"><a href=\"https:\/\/i0.wp.com\/www.camper.is\/wp-content\/uploads\/2019\/11\/aroundiceland.jpg?quality=80&#038;ssl=1\" class=\"et_pb_lightbox_image\"><span class=\"et_pb_image_wrap\"><img data-recalc-dims=\"1\" loading=\"lazy\" decoding=\"async\" src=\"https:\/\/i0.wp.com\/www.camper.is\/wp-content\/uploads\/2019\/11\/aroundiceland.jpg?resize=957%2C652&#038;quality=80&#038;ssl=1\" width=\"957\" height=\"652\" srcset=\"https:\/\/www.camper.is\/wp-content\/uploads\/2019\/11\/aroundiceland.jpg 957w, https:\/\/www.camper.is\/wp-content\/uploads\/2019\/11\/aroundiceland-480x327.jpg 480w\" sizes=\"(min-width: 0px) and (max-width: 480px) 480px, (min-width: 481px) 957px, 100vw\" class=\"wp-image-26383\" alt=\"\" title=\"\"><\/span><\/a><\/div><div class=\"et_pb_text_2 et_pb_text et_pb_bg_layout_light et_pb_module et_block_module\"><div class=\"et_pb_text_inner\"><ul>\n<li>La plupart des personnes qui visitent l'Islande pour la premi\u00e8re fois choisissent cette option pour avoir une premi\u00e8re impression de l'Islande.<\/li>\n<li>Vous pouvez ajouter les fjords de l'Ouest en ajoutant au moins 900 km au voyage et une semaine de temps.  <\/li>\n<li>Vous pouvez ajouter la p\u00e9ninsule de Sn\u00e6felssnes en ajoutant env. 300 Km ou 2 jours de temps.  <\/li>\n<li>Vous pouvez choisir n'importe quelle cat\u00e9gorie pour ce voyage. C'est en choisissant un camping-car que vous trouverez le plus de confort.  <\/li>\n<\/ul>\n<\/div><\/div><\/div><div class=\"et_pb_column_4 et_pb_column et_pb_column_1_3 et_block_column et_pb_css_mix_blend_mode_passthrough\"><div class=\"et_pb_cta_1 et_pb_promo et_pb_bg_layout_dark et_pb_module et_block_module\"><div class=\"et_pb_promo_description\"><h2 class=\"et_pb_module_header\">Les Highlands<\/h2><div class=\"et_pb_promo_content\"><p>Je veux voir les hauts plateaux islandais et parcourir au moins 1100 km. J'ai deux semaines pour profiter des endroits recul\u00e9s et traverser les rivi\u00e8res sans encombre.  <\/p>\n<\/div><\/div><div class=\"et_pb_button_wrapper\"><a class=\"et_pb_button et_pb_promo_button\" target=\"_blank\" href=\"https:\/\/web.rentalcarmanager.com\/api32\/Camper-Iceland\/Step2\" rel=\"noreferrer noopener\">R\u00e9servez maintenant<\/a><\/div><\/div><div class=\"et_pb_image_2 et_pb_image et_pb_module et_block_module\"><a href=\"https:\/\/i0.wp.com\/www.camper.is\/wp-content\/uploads\/2019\/11\/highland.jpg?quality=80&#038;ssl=1\" class=\"et_pb_lightbox_image\"><span class=\"et_pb_image_wrap\"><img data-recalc-dims=\"1\" loading=\"lazy\" decoding=\"async\" src=\"https:\/\/i0.wp.com\/www.camper.is\/wp-content\/uploads\/2019\/11\/highland.jpg?resize=1004%2C679&#038;quality=80&#038;ssl=1\" width=\"1004\" height=\"679\" srcset=\"https:\/\/www.camper.is\/wp-content\/uploads\/2019\/11\/highland.jpg 1004w, https:\/\/www.camper.is\/wp-content\/uploads\/2019\/11\/highland-980x663.jpg 980w, https:\/\/www.camper.is\/wp-content\/uploads\/2019\/11\/highland-480x325.jpg 480w\" sizes=\"(min-width: 0px) and (max-width: 480px) 480px, (min-width: 481px) and (max-width: 980px) 980px, (min-width: 981px) 1004px, 100vw\" class=\"wp-image-26384\" alt=\"\" title=\"\"><\/span><\/a><\/div><div class=\"et_pb_text_3 et_pb_text et_pb_bg_layout_light et_pb_module et_block_module\"><div class=\"et_pb_text_inner\"><ul>\n<li>Si vous avez vu les sites autour du p\u00e9riph\u00e9rique, il est logique de visiter ensuite les Highlands.<\/li>\n<li>Un tel voyage s'adresse aux aventuriers qui aiment se trouver dans des endroits recul\u00e9s et qui ont de l'exp\u00e9rience en mati\u00e8re d'activit\u00e9s de plein air.  <\/li>\n<li>Conservez vos biens et votre nourriture de mani\u00e8re judicieuse et pr\u00e9parez-vous \u00e0 une route cahoteuse.  <\/li>\n<li>Vous devez choisir un camping-car 4x4 pour un tel voyage.  <\/li>\n<\/ul>\n<\/div><\/div><\/div><div class=\"et_pb_column_5 et_pb_column et_pb_column_1_3 et-last-child et_block_column et_pb_css_mix_blend_mode_passthrough\"><div class=\"et_pb_cta_2 et_pb_promo et_pb_bg_layout_dark et_pb_module et_block_module\"><div class=\"et_pb_promo_description\"><h2 class=\"et_pb_module_header\">Je veux les deux<\/h2><div class=\"et_pb_promo_content\"><p>Les Westfjords constituent la derni\u00e8re fronti\u00e8re. L'ajout de cette r\u00e9gion n\u00e9cessite 1 200 km de conduite suppl\u00e9mentaire en raison des routes c\u00f4ti\u00e8res sinueuses. Nous ne recommandons cette option qu'aux voyageurs disposant de 21 jours ou plus, afin de garantir un rythme de voyage lent et s\u00fbr, inf\u00e9rieur \u00e0 200 km par jour.  <\/p>\n<\/div><\/div><div class=\"et_pb_button_wrapper\"><a class=\"et_pb_button et_pb_promo_button\" target=\"_blank\" href=\"https:\/\/web.rentalcarmanager.com\/api32\/Camper-Iceland\/Step2\" rel=\"noreferrer noopener\">R\u00e9servez maintenant<\/a><\/div><\/div><div class=\"et_pb_image_3 et_pb_image et_pb_module et_block_module\"><a href=\"https:\/\/i0.wp.com\/www.camper.is\/wp-content\/uploads\/2019\/11\/thebigone.jpg?quality=80&#038;ssl=1\" class=\"et_pb_lightbox_image\"><span class=\"et_pb_image_wrap\"><img data-recalc-dims=\"1\" loading=\"lazy\" decoding=\"async\" src=\"https:\/\/i0.wp.com\/www.camper.is\/wp-content\/uploads\/2019\/11\/thebigone.jpg?resize=927%2C640&#038;quality=80&#038;ssl=1\" width=\"927\" height=\"640\" srcset=\"https:\/\/www.camper.is\/wp-content\/uploads\/2019\/11\/thebigone.jpg 927w, https:\/\/www.camper.is\/wp-content\/uploads\/2019\/11\/thebigone-480x331.jpg 480w\" sizes=\"(min-width: 0px) and (max-width: 480px) 480px, (min-width: 481px) 927px, 100vw\" class=\"wp-image-26385\" alt=\"\" title=\"\"><\/span><\/a><\/div><div class=\"et_pb_text_4 et_pb_text et_pb_bg_layout_light et_pb_module et_block_module\"><div class=\"et_pb_text_inner\"><ul>\n<li>Choisissez un camping-car pour 2 semaines et visitez d'abord les sites autour de l'Islande.  <\/li>\n<li>Une fois de retour \u00e0 notre station de location, il est temps de passer au 4x4 Camper. Le voyage dans les hauts plateaux prendra au moins 7 jours, mais 14 jours sont nettement pr\u00e9f\u00e9rables.  <\/li>\n<li>Si vous r\u00e9servez ce voyage avec nous, nous vous offrons gratuitement le kit de camping pour le deuxi\u00e8me v\u00e9hicule.  <\/li>\n<li>Contactez notre service commercial pour une offre sp\u00e9ciale.  <\/li>\n<\/ul>\n<\/div><\/div><\/div><\/div><div class=\"et_pb_row_3 et_pb_row et_block_row\"><div class=\"et_pb_column_6 et_pb_column et_pb_column_4_4 et-last-child et_block_column et_pb_css_mix_blend_mode_passthrough\"><div class=\"et_pb_blog_0 et_pb_blog et_pb_bg_layout_light et_pb_posts et_pb_module\"><div class=\"et_pb_ajax_pagination_container\"><div class=\"et_pb_posts et_grid_module\"><article class=\"et_pb_post et_pb_post_id_74712 clearfix et_pb_blog_item_0_0 post-74712 post type-post status-publish format-standard has-post-thumbnail hentry category-debutants-1-5-jours category-le-menu-aventure tag-arnarstapi tag-camper-islande tag-carte-de-louest-de-lile tag-djupalonssandur tag-eglise-noire-de-budir tag-islande-en-voiture tag-itineraire-de-4-jours-en-islande tag-kirkjufell tag-location-de-camping-cars tag-peninsule-de-snaefellsnes tag-road-trip-islande-2026 tag-voyage-en-islande tag-ytri-tunga\"><div class=\"et_pb_image_container\"><a href=\"https:\/\/www.camper.is\/fr\/peninsule-de-snaefellsnes-4-jours-dans-lislande-miniature\/\" class=\"entry-featured-image-url\"><img loading=\"lazy\" decoding=\"async\" src=\"https:\/\/i0.wp.com\/www.camper.is\/wp-content\/uploads\/2026\/03\/snaefellsnes-1.jpg?fit=646%2C346&#038;quality=80&#038;ssl=1\" width=\"400\" height=\"284\" alt=\"P\u00e9ninsule de Sn\u00e6fellsnes : 4 jours dans l&rsquo;Islande miniature\" class=\"\" srcset=\"https:\/\/i0.wp.com\/www.camper.is\/wp-content\/uploads\/2026\/03\/snaefellsnes-1.jpg?fit=646%2C346&amp;quality=80&amp;ssl=1 479w, https:\/\/i0.wp.com\/www.camper.is\/wp-content\/uploads\/2026\/03\/snaefellsnes-1.jpg?resize=400%2C284&amp;quality=80&amp;ssl=1 480w\" sizes=\"(max-width:479px) 479px, 100vw\" title=\"\"><span data-icon=\"\ue050\" class=\"et_overlay et_pb_inline_icon\"><\/span><\/a><\/div><h2 class=\"entry-title\"><a href=\"https:\/\/www.camper.is\/fr\/peninsule-de-snaefellsnes-4-jours-dans-lislande-miniature\/\">P\u00e9ninsule de Sn\u00e6fellsnes : 4 jours dans l&rsquo;Islande miniature<\/a><\/h2><p class=\"post-meta\"><\/p><div class=\"post-content\"><div class=\"post-content-inner\"><p>D\u00e9couvrez les crat\u00e8res volcaniques, les \u00e9glises noires et la montagne la plus photographi\u00e9e d&rsquo;Islande sur un itin\u00e9raire compact qui rassemble le meilleur de l&rsquo;\u00eele en une seule boucle.<\/p>\n<\/div><a href=\"https:\/\/www.camper.is\/fr\/peninsule-de-snaefellsnes-4-jours-dans-lislande-miniature\/\" class=\"more-link\">lire la suite...<\/a><\/div><\/article><article class=\"et_pb_post et_pb_post_id_74711 clearfix et_pb_blog_item_0_1 post-74711 post type-post status-publish format-standard has-post-thumbnail hentry category-debutants-1-5-jours category-le-menu-aventure tag-cote-sud-de-lislande tag-geysir tag-hotel-sur-roues tag-itineraire-de-4-jours-en-islande tag-les-starters-de-lanneau-routier tag-plage-de-sable-noir-de-vik tag-propriete-familiale-islande tag-route-du-cercle-dor tag-skagafoss tag-voyage-en-islande\"><div class=\"et_pb_image_container\"><a href=\"https:\/\/www.camper.is\/fr\/le-cercle-dor-express-4-jours-dicones-et-de-chutes-deau\/\" class=\"entry-featured-image-url\"><img loading=\"lazy\" decoding=\"async\" src=\"https:\/\/i0.wp.com\/www.camper.is\/wp-content\/uploads\/2026\/03\/goldencircle.jpg?fit=648%2C356&#038;quality=80&#038;ssl=1\" width=\"400\" height=\"284\" alt=\"Le Cercle d&rsquo;Or Express : 4 jours d&rsquo;ic\u00f4nes et de chutes d&rsquo;eau\" class=\"\" srcset=\"https:\/\/i0.wp.com\/www.camper.is\/wp-content\/uploads\/2026\/03\/goldencircle.jpg?fit=648%2C356&amp;quality=80&amp;ssl=1 479w, https:\/\/i0.wp.com\/www.camper.is\/wp-content\/uploads\/2026\/03\/goldencircle.jpg?resize=400%2C284&amp;quality=80&amp;ssl=1 480w\" sizes=\"(max-width:479px) 479px, 100vw\" title=\"\"><span data-icon=\"\ue050\" class=\"et_overlay et_pb_inline_icon\"><\/span><\/a><\/div><h2 class=\"entry-title\"><a href=\"https:\/\/www.camper.is\/fr\/le-cercle-dor-express-4-jours-dicones-et-de-chutes-deau\/\">Le Cercle d&rsquo;Or Express : 4 jours d&rsquo;ic\u00f4nes et de chutes d&rsquo;eau<\/a><\/h2><p class=\"post-meta\"><\/p><div class=\"post-content\"><div class=\"post-content-inner\"><p>Le \u00ab\u00a0menu d\u00e9gustation\u00a0\u00bb id\u00e9al pour les novices. Admirez les Geysir en \u00e9ruption, la faille tectonique de \u00deingvellir et les vagues d\u00e9ferlantes de la plage de sable noir. <\/p>\n<\/div><a href=\"https:\/\/www.camper.is\/fr\/le-cercle-dor-express-4-jours-dicones-et-de-chutes-deau\/\" class=\"more-link\">lire la suite...<\/a><\/div><\/article><article class=\"et_pb_post et_pb_post_id_74667 clearfix et_pb_blog_item_0_2 post-74667 post type-post status-publish format-standard has-post-thumbnail hentry category-debutants-1-5-jours category-le-menu-aventure tag-camper-islande tag-camping-car-de-luxe-islande tag-camping-car-electrique-islande tag-champs-de-lave tag-escale-en-islande tag-grindavik tag-itineraire-de-3-jours-en-islande tag-keflavik tag-lagune-bleue tag-loki-e tag-peninsule-de-reykjanes tag-phare-de-reykjanesviti tag-pont-entre-les-continents tag-road-trip-islande-2026 tag-sources-deau-chaude-de-gunnuhver tag-spa-geothermique tag-voie-volcanique\"><div class=\"et_pb_image_container\"><a href=\"https:\/\/www.camper.is\/fr\/reykjanes-et-le-sud-volcanique-3-jours-de-feu-et-de-vapeur\/\" class=\"entry-featured-image-url\"><img loading=\"lazy\" decoding=\"async\" src=\"https:\/\/i0.wp.com\/www.camper.is\/wp-content\/uploads\/2026\/03\/lagoon.jpg?fit=640%2C370&#038;quality=80&#038;ssl=1\" width=\"400\" height=\"284\" alt=\"Reykjanes et le sud volcanique : 3 jours de feu et de vapeur\" class=\"\" srcset=\"https:\/\/i0.wp.com\/www.camper.is\/wp-content\/uploads\/2026\/03\/lagoon.jpg?fit=640%2C370&amp;quality=80&amp;ssl=1 479w, https:\/\/i0.wp.com\/www.camper.is\/wp-content\/uploads\/2026\/03\/lagoon.jpg?resize=400%2C284&amp;quality=80&amp;ssl=1 480w\" sizes=\"(max-width:479px) 479px, 100vw\" title=\"\"><span data-icon=\"\ue050\" class=\"et_overlay et_pb_inline_icon\"><\/span><\/a><\/div><h2 class=\"entry-title\"><a href=\"https:\/\/www.camper.is\/fr\/reykjanes-et-le-sud-volcanique-3-jours-de-feu-et-de-vapeur\/\">Reykjanes et le sud volcanique : 3 jours de feu et de vapeur<\/a><\/h2><p class=\"post-meta\"><\/p><div class=\"post-content\"><div class=\"post-content-inner\"><p>Parfait pour les arriv\u00e9es tardives ou les d\u00e9parts anticip\u00e9s. Explorez les plus jeunes paysages d&rsquo;Islande, les piscines de boue fumantes et le mondialement c\u00e9l\u00e8bre Lagon bleu, le tout \u00e0 quelques minutes de notre base. <\/p>\n<\/div><a href=\"https:\/\/www.camper.is\/fr\/reykjanes-et-le-sud-volcanique-3-jours-de-feu-et-de-vapeur\/\" class=\"more-link\">lire la suite...<\/a><\/div><\/article><\/div><div class=\"pagination clearfix\">\n\t<div class=\"alignleft\"><a href=\"https:\/\/www.camper.is\/fr\/wp-json\/wp\/v2\/pages\/41597\/page\/2\/?et_blog\">&laquo; Entr\u00e9es Plus Anciennes<\/a><\/div>\n\t<div class=\"alignright\"><\/div>\n<\/div><\/div><\/div><\/div><\/div><div class=\"et_pb_row_4 et_pb_row et_block_row\"><div class=\"et_pb_column_7 et_pb_column et_pb_column_4_4 et-last-child et_block_column et_pb_css_mix_blend_mode_passthrough\"><div class=\"et_pb_text_5 et_pb_text et_pb_bg_layout_light et_pb_module et_block_module et_pb_text_align_center\"><div class=\"et_pb_text_inner\"><p><iframe loading=\"lazy\" src=\"https:\/\/www.google.com\/maps\/d\/embed?mid=1vI9rpvVcSbcsMUgMBat0fOnsQF3jZVo&amp;ehbc=2E312F\" width=\"100%\" height=\"600\"><\/iframe><\/p>\n<\/div><\/div><\/div><\/div><div class=\"et_pb_row_5 et_pb_row et_block_row openinghourshighland\" id=\"openinghourshighland\"><div class=\"et_pb_column_8 et_pb_column et_pb_column_2_5 et_block_column et_pb_css_mix_blend_mode_passthrough\"><div class=\"et_pb_image_4 et_pb_image et_pb_module et_block_module\"><a href=\"https:\/\/i0.wp.com\/www.camper.is\/wp-content\/uploads\/2023\/02\/Screenshot-2023-02-22-at-17.11.59.jpeg?quality=80&#038;ssl=1\" class=\"et_pb_lightbox_image\"><span class=\"et_pb_image_wrap\"><img data-recalc-dims=\"1\" loading=\"lazy\" decoding=\"async\" src=\"https:\/\/i0.wp.com\/www.camper.is\/wp-content\/uploads\/2023\/02\/Screenshot-2023-02-22-at-17.11.59.jpeg?resize=1080%2C1254&#038;quality=80&#038;ssl=1\" width=\"1080\" height=\"1254\" srcset=\"https:\/\/www.camper.is\/wp-content\/uploads\/2023\/02\/Screenshot-2023-02-22-at-17.11.59.jpeg 1080w, https:\/\/www.camper.is\/wp-content\/uploads\/2023\/02\/Screenshot-2023-02-22-at-17.11.59-980x1138.jpeg 980w, https:\/\/www.camper.is\/wp-content\/uploads\/2023\/02\/Screenshot-2023-02-22-at-17.11.59-480x557.jpeg 480w\" sizes=\"(min-width: 0px) and (max-width: 480px) 480px, (min-width: 481px) and (max-width: 980px) 980px, (min-width: 981px) 1080px, 100vw\" class=\"wp-image-55835\" title=\"Capture d&#039;\u00e9cran 2023-02-22 \u00e0 17.11.59\" alt=\"\"><\/span><\/a><\/div><\/div><div class=\"et_pb_column_9 et_pb_column et_pb_column_3_5 et-last-child et_block_column et_pb_css_mix_blend_mode_passthrough\"><div class=\"et_pb_text_6 et_pb_text et_pb_bg_layout_light et_pb_module et_block_module\"><div class=\"et_pb_text_inner\"><h2>Heures d'ouverture du Highland<\/h2>\n<p>Normalement, le gouvernement islandais publie une carte contenant des informations sur l'\u00e9tat des routes de montagne au cours des premi\u00e8res semaines de l'\u00e9t\u00e9. Comme indiqu\u00e9 pr\u00e9c\u00e9demment, les routes de montagne ouvrent \u00e0 des moments tr\u00e8s diff\u00e9rents en fonction de la localisation du site.  L'\u00e9cart entre les dates d'ouverture peut \u00eatre de plus d'un mois et d\u00e9pend des conditions m\u00e9t\u00e9orologiques.<\/p>\n<blockquote>\n<p>Pour conna\u00eetre l'\u00e9tat actuel des routes de montagne, voir ci-dessous :<br \/><a class=\"file_image\" href=\"https:\/\/www.road.is\/travel-info\/condition-and-opening-of-mountain-roads\/\" target=\"_blank\" rel=\"noopener noreferrer\">\u00c9tat des routes de montagne<\/a> <sub>(gif)<\/sub><\/p>\n<\/blockquote>\n<p><sub><a href=\"https:\/\/www.road.is\/media\/upplysingar-og-utgafa\/Opnun_fjallvega_en_2023.pdf\" target=\"_blank\" rel=\"noopener\">Informations sur les hauts plateaux, les conditions de circulation et plus encore<\/a><\/sub><\/p>\n<p><sub><\/sub><\/p>\n<\/div><\/div><div class=\"et_pb_cta_3 et_pb_promo et_pb_bg_layout_dark et_pb_module et_block_module\"><div class=\"et_pb_promo_description\"><h2 class=\"et_pb_module_header\">Routes de montagne<\/h2><\/div><div class=\"et_pb_button_wrapper\"><a class=\"et_pb_button et_pb_promo_button\" target=\"_blank\" href=\"https:\/\/www.camper.is\/wp-content\/uploads\/2024\/12\/2024-ju-CC-81ni-CC-81-opnun-fjallvega-enska.pdf\" rel=\"noreferrer\">Lisez la brochure<\/a><\/div><\/div><\/div><\/div><div class=\"et_pb_row_6 et_pb_row et_block_row weather\" id=\"weather\"><div class=\"et_pb_column_10 et_pb_column et_pb_column_2_5 et_block_column et_pb_css_mix_blend_mode_passthrough\"><div class=\"et_pb_image_5 et_pb_image et_pb_module et_block_module\"><a href=\"https:\/\/i0.wp.com\/www.camper.is\/wp-content\/uploads\/2019\/11\/iceland_landscape_-10-1.jpeg?quality=80&#038;ssl=1\" class=\"et_pb_lightbox_image\"><span class=\"et_pb_image_wrap\"><img data-recalc-dims=\"1\" loading=\"lazy\" decoding=\"async\" src=\"https:\/\/i0.wp.com\/www.camper.is\/wp-content\/uploads\/2019\/11\/iceland_landscape_-10-1.jpeg?resize=1080%2C722&#038;quality=80&#038;ssl=1\" width=\"1080\" height=\"722\" srcset=\"https:\/\/www.camper.is\/wp-content\/uploads\/2019\/11\/iceland_landscape_-10-1.jpeg 1280w, https:\/\/www.camper.is\/wp-content\/uploads\/2019\/11\/iceland_landscape_-10-1-980x655.jpeg 980w, https:\/\/www.camper.is\/wp-content\/uploads\/2019\/11\/iceland_landscape_-10-1-480x321.jpeg 480w\" sizes=\"(min-width: 0px) and (max-width: 480px) 480px, (min-width: 481px) and (max-width: 980px) 980px, (min-width: 981px) 1280px, 100vw\" class=\"wp-image-26690\" alt=\"\" title=\"\"><\/span><\/a><\/div><\/div><div class=\"et_pb_column_11 et_pb_column et_pb_column_3_5 et-last-child et_block_column et_pb_css_mix_blend_mode_passthrough\"><div class=\"et_pb_text_7 et_pb_text et_pb_bg_layout_light et_pb_module et_block_module\"><div class=\"et_pb_text_inner\"><h2>Conditions m\u00e9t\u00e9orologiques<\/h2>\n<h2><span color=\"#666666\" style=\"color: #666666;\"><span style=\"font-size: 14px;\">Voyager au gr\u00e9 du temps est l'un des avantages de la location d'un camping-car ou d'une caravane. Vous pouvez toujours modifier votre itin\u00e9raire si les conditions m\u00e9t\u00e9orologiques sont meilleures ailleurs que l\u00e0 o\u00f9 vous vous trouvez ou que vous avez pr\u00e9vu de vous rendre.  <\/span><\/span><\/h2>\n<p>La cha\u00eene m\u00e9t\u00e9orologique gouvernementale indique \u00e9galement la vitesse des vents et pronostique l'activit\u00e9 des aurores bor\u00e9ales.  <span color=\"#666666\" style=\"color: #666666;\"><span style=\"font-size: 14px;\"><\/span><\/span><\/p>\n<p><span color=\"#666666\" style=\"color: #666666;\"><span style=\"font-size: 14px;\"><\/span><\/span><\/p>\n<p><span color=\"#666666\" style=\"color: #666666;\"><span style=\"font-size: 14px;\"><\/span><\/span><\/p>\n<\/div><\/div><div class=\"et_pb_cta_4 et_pb_promo et_pb_bg_layout_dark et_pb_module et_block_module\"><div class=\"et_pb_promo_description\"><h2 class=\"et_pb_module_header\">Conditions m\u00e9t\u00e9orologiques r\u00e9elles<\/h2><\/div><div class=\"et_pb_button_wrapper\"><a class=\"et_pb_button et_pb_promo_button\" target=\"_blank\" href=\"https:\/\/en.vedur.is\/\" rel=\"noreferrer noopener\">V\u00c9RIFIER LES PR\u00c9VISIONS M\u00c9T\u00c9OROLOGIQUES<\/a><\/div><\/div><\/div><\/div><div class=\"et_pb_row_7 et_pb_row et_block_row roadcondition\" id=\"roadcondition\"><div class=\"et_pb_column_12 et_pb_column et_pb_column_2_5 et_block_column et_pb_css_mix_blend_mode_passthrough\"><div class=\"et_pb_image_6 et_pb_image et_pb_module et_block_module\"><a href=\"https:\/\/i0.wp.com\/www.camper.is\/wp-content\/uploads\/2019\/11\/motor_home_6-4.jpeg?quality=80&#038;ssl=1\" class=\"et_pb_lightbox_image\"><span class=\"et_pb_image_wrap\"><img data-recalc-dims=\"1\" loading=\"lazy\" decoding=\"async\" src=\"https:\/\/i0.wp.com\/www.camper.is\/wp-content\/uploads\/2019\/11\/motor_home_6-4.jpeg?resize=1080%2C690&#038;quality=80&#038;ssl=1\" width=\"1080\" height=\"690\" srcset=\"https:\/\/www.camper.is\/wp-content\/uploads\/2019\/11\/motor_home_6-4.jpeg 1280w, https:\/\/www.camper.is\/wp-content\/uploads\/2019\/11\/motor_home_6-4-980x626.jpeg 980w, https:\/\/www.camper.is\/wp-content\/uploads\/2019\/11\/motor_home_6-4-480x307.jpeg 480w\" sizes=\"(min-width: 0px) and (max-width: 480px) 480px, (min-width: 481px) and (max-width: 980px) 980px, (min-width: 981px) 1280px, 100vw\" class=\"wp-image-26941\" alt=\"\" title=\"\"><\/span><\/a><\/div><\/div><div class=\"et_pb_column_13 et_pb_column et_pb_column_3_5 et-last-child et_block_column et_pb_css_mix_blend_mode_passthrough\"><div class=\"et_pb_text_8 et_pb_text et_pb_bg_layout_light et_pb_module et_block_module\"><div class=\"et_pb_text_inner\"><h2>\u00c9tat des routes<\/h2>\n<h2><span color=\"#666666\" style=\"color: #666666;\"><span style=\"font-size: 14px;\">L'\u00e9tat des routes est une chose importante \u00e0 v\u00e9rifier en Islande, surtout en hiver. Le gouvernement islandais (association routi\u00e8re) tient cette page \u00e0 jour pour votre commodit\u00e9.  <\/span><\/span><\/h2>\n<p>Remarque : toutes les routes marqu\u00e9es \"F\" en Islande n\u00e9cessitent un v\u00e9hicule 4x4.  <span color=\"#666666\" style=\"color: #666666;\"><span style=\"font-size: 14px;\"><\/span><\/span><\/p>\n<p><span color=\"#666666\" style=\"color: #666666;\"><span style=\"font-size: 14px;\"><\/span><\/span><\/p>\n<p><span color=\"#666666\" style=\"color: #666666;\"><span style=\"font-size: 14px;\"><\/span><\/span><\/p>\n<\/div><\/div><div class=\"et_pb_cta_5 et_pb_promo et_pb_bg_layout_dark et_pb_module et_block_module\"><div class=\"et_pb_promo_description\"><h2 class=\"et_pb_module_header\">\u00c9tat r\u00e9el des routes<\/h2><\/div><div class=\"et_pb_button_wrapper\"><a class=\"et_pb_button et_pb_promo_button\" target=\"_blank\" href=\"http:\/\/www.road.is\/travel-info\/road-conditions-and-weather\/\" rel=\"noreferrer noopener\">V\u00c9RIFIER L&#039;\u00c9TAT DE LA ROUTE<\/a><\/div><\/div><\/div><\/div><div class=\"et_pb_row_8 et_pb_row et_block_row trippideas\" id=\"trippideas\"><div class=\"et_pb_column_14 et_pb_column et_pb_column_2_5 et_block_column et_pb_css_mix_blend_mode_passthrough\"><div class=\"et_pb_image_7 et_pb_image et_pb_module et_block_module\"><span class=\"et_pb_image_wrap\"><img data-recalc-dims=\"1\" loading=\"lazy\" decoding=\"async\" src=\"https:\/\/i0.wp.com\/www.camper.is\/wp-content\/uploads\/2019\/11\/iceland_landscape_-11.jpeg?resize=1080%2C810&#038;quality=80&#038;ssl=1\" width=\"1080\" height=\"810\" srcset=\"https:\/\/www.camper.is\/wp-content\/uploads\/2019\/11\/iceland_landscape_-11.jpeg 1280w, https:\/\/www.camper.is\/wp-content\/uploads\/2019\/11\/iceland_landscape_-11-980x735.jpeg 980w, https:\/\/www.camper.is\/wp-content\/uploads\/2019\/11\/iceland_landscape_-11-480x360.jpeg 480w\" sizes=\"(min-width: 0px) and (max-width: 480px) 480px, (min-width: 481px) and (max-width: 980px) 980px, (min-width: 981px) 1280px, 100vw\" class=\"wp-image-26209\" alt=\"\" title=\"\"><\/span><\/div><\/div><div class=\"et_pb_column_15 et_pb_column et_pb_column_3_5 et-last-child et_block_column et_pb_css_mix_blend_mode_passthrough\"><div class=\"et_pb_blurb_0 et_pb_blurb et_pb_bg_layout_light et_pb_blurb_position_top et_pb_module et_block_module\"><div class=\"et_pb_blurb_content\"><div class=\"et_pb_blurb_container\"><h4 class=\"et_pb_module_header\">Solution de bricolage<\/h4><div class=\"et_pb_blurb_description\"><p>Lorsque vous planifiez un voyage en Islande, l'outil le plus important dont vous aurez besoin est une carte. Votre voyage commence et se termine \u00e0 Keflav\u00edk, \u00e0 notre station de location situ\u00e9e pr\u00e8s de l'a\u00e9roport international.  Reykjavik, la capitale, se trouve \u00e0 environ 45 km de Keflavik.  <\/p>\n<p>Nous vous recommandons de ne pas parcourir plus de 200 km par jour. Marquez simplement votre destination quotidienne sur la carte en fonction de cette distance. Conduire sur de plus longues distances signifie souvent passer plus de temps sur la route et moins de temps \u00e0 profiter des sites touristiques.  <\/p>\n<p>Chaque jour, v\u00e9rifiez votre position actuelle et d\u00e9cidez de votre prochaine destination. Si vous tombez amoureux d'un endroit, n'h\u00e9sitez pas \u00e0 rester un jour de plus - vous pourrez toujours vous rattraper. <\/p>\n<\/div><\/div><\/div><\/div><\/div><\/div><div class=\"et_pb_row_9 et_pb_row et_block_row\"><div class=\"et_pb_column_16 et_pb_column et_pb_column_2_5 et_block_column et_pb_css_mix_blend_mode_passthrough\"><div class=\"et_pb_image_8 et_pb_image et_pb_module et_block_module\"><span class=\"et_pb_image_wrap\"><img data-recalc-dims=\"1\" loading=\"lazy\" decoding=\"async\" src=\"https:\/\/i0.wp.com\/www.camper.is\/wp-content\/uploads\/2019\/11\/iceland_landscape_-45.jpeg?resize=1080%2C735&#038;quality=80&#038;ssl=1\" width=\"1080\" height=\"735\" srcset=\"https:\/\/www.camper.is\/wp-content\/uploads\/2019\/11\/iceland_landscape_-45.jpeg 1280w, https:\/\/www.camper.is\/wp-content\/uploads\/2019\/11\/iceland_landscape_-45-980x667.jpeg 980w, https:\/\/www.camper.is\/wp-content\/uploads\/2019\/11\/iceland_landscape_-45-480x327.jpeg 480w\" sizes=\"(min-width: 0px) and (max-width: 480px) 480px, (min-width: 481px) and (max-width: 980px) 980px, (min-width: 981px) 1280px, 100vw\" class=\"wp-image-26243\" alt=\"\" title=\"\"><\/span><\/div><\/div><div class=\"et_pb_column_17 et_pb_column et_pb_column_3_5 et-last-child et_block_column et_pb_css_mix_blend_mode_passthrough\"><div class=\"et_pb_blurb_1 et_pb_blurb et_pb_bg_layout_light et_pb_blurb_position_top et_pb_module et_block_module\"><div class=\"et_pb_blurb_content\"><div class=\"et_pb_blurb_container\"><h4 class=\"et_pb_module_header\">Combin\u00e9 camping-car et Highland<\/h4><div class=\"et_pb_blurb_description\"><p>Il existe une autre fa\u00e7on astucieuse de combiner un voyage aller-retour avec les Highlands. De nombreux clients choisissent de louer un camping-car et d'organiser une excursion guid\u00e9e d'une journ\u00e9e dans les Highlands. Le bus pour les Highlands peut partir de Reykjav\u00edk, du nord de l'Islande ou m\u00eame d'un endroit plus proche des Highlands. Pendant l'excursion, le camping-car est laiss\u00e9 sur le parking de l'organisateur de l'excursion.    Contactez le service des ventes pour plus d'informations.  <\/p>\n<\/div><\/div><\/div><\/div><\/div><\/div><div class=\"et_pb_row_10 et_pb_row et_block_row\"><div class=\"et_pb_column_18 et_pb_column et_pb_column_2_5 et_block_column et_pb_css_mix_blend_mode_passthrough\"><div class=\"et_pb_image_9 et_pb_image et_pb_module et_block_module\"><span class=\"et_pb_image_wrap\"><img data-recalc-dims=\"1\" loading=\"lazy\" decoding=\"async\" src=\"https:\/\/i0.wp.com\/www.camper.is\/wp-content\/uploads\/2019\/11\/iceland_landscape_-12.jpeg?resize=1080%2C608&#038;quality=80&#038;ssl=1\" width=\"1080\" height=\"608\" srcset=\"https:\/\/www.camper.is\/wp-content\/uploads\/2019\/11\/iceland_landscape_-12.jpeg 1280w, https:\/\/www.camper.is\/wp-content\/uploads\/2019\/11\/iceland_landscape_-12-980x551.jpeg 980w, https:\/\/www.camper.is\/wp-content\/uploads\/2019\/11\/iceland_landscape_-12-480x270.jpeg 480w\" sizes=\"(min-width: 0px) and (max-width: 480px) 480px, (min-width: 481px) and (max-width: 980px) 980px, (min-width: 981px) 1280px, 100vw\" class=\"wp-image-26210\" alt=\"\" title=\"\"><\/span><\/div><\/div><div class=\"et_pb_column_19 et_pb_column et_pb_column_3_5 et-last-child et_block_column et_pb_css_mix_blend_mode_passthrough\"><div class=\"et_pb_blurb_2 et_pb_blurb et_pb_bg_layout_light et_pb_blurb_position_top et_pb_module et_block_module\"><div class=\"et_pb_blurb_content\"><div class=\"et_pb_blurb_container\"><h4 class=\"et_pb_module_header\">Tour d&#039;Islande et Combo Fjord Ouest<\/h4><div class=\"et_pb_blurb_description\"><p>Visitez le point le plus occidental de l'Europe. Voyagez le long des fjords sans fin et visitez les falaises d'oiseaux. Les fjords de l'Ouest ont beaucoup de sites magnifiques \u00e0 offrir et ont \u00e9t\u00e9 totalement ignor\u00e9s par les touristes pendant des si\u00e8cles. De belles chutes d'eau, de petits villages et des animaux sauvages, voil\u00e0 ce qui vous attend.    Les plages sont absolument uniques et m\u00e9ritent d'\u00eatre vues.  <\/p>\n<p>Nous vous recommandons de louer le camping-car pour au moins trois semaines. Vous parcourrez entre 3200 et 3800 km et aurez l'occasion de voir les sites que la plupart des visiteurs ignorent lors de leur premier voyage en Islande.  <\/p>\n<\/div><\/div><\/div><\/div><\/div><\/div><div class=\"et_pb_row_11 et_pb_row et_block_row\"><div class=\"et_pb_column_20 et_pb_column et_pb_column_2_5 et_block_column et_pb_css_mix_blend_mode_passthrough\"><div class=\"et_pb_image_10 et_pb_image et_pb_module et_block_module\"><span class=\"et_pb_image_wrap\"><img data-recalc-dims=\"1\" loading=\"lazy\" decoding=\"async\" src=\"https:\/\/i0.wp.com\/www.camper.is\/wp-content\/uploads\/2018\/06\/AD3T2514large.2x.1469605439.jpg?resize=1080%2C720&#038;quality=80&#038;ssl=1\" width=\"1080\" height=\"720\" srcset=\"https:\/\/i0.wp.com\/www.camper.is\/wp-content\/uploads\/2018\/06\/AD3T2514large.2x.1469605439.jpg?w=2048&amp;quality=80&amp;ssl=1 2048w, https:\/\/i0.wp.com\/www.camper.is\/wp-content\/uploads\/2018\/06\/AD3T2514large.2x.1469605439.jpg?resize=300%2C200&amp;quality=80&amp;ssl=1 300w, https:\/\/i0.wp.com\/www.camper.is\/wp-content\/uploads\/2018\/06\/AD3T2514large.2x.1469605439.jpg?resize=768%2C512&amp;quality=80&amp;ssl=1 768w, https:\/\/i0.wp.com\/www.camper.is\/wp-content\/uploads\/2018\/06\/AD3T2514large.2x.1469605439.jpg?resize=1024%2C683&amp;quality=80&amp;ssl=1 1024w\" sizes=\"(max-width: 1080px) 100vw, 1080px\" class=\"wp-image-31685\" alt=\"\" title=\"\"><\/span><\/div><\/div><div class=\"et_pb_column_21 et_pb_column et_pb_column_3_5 et-last-child et_block_column et_pb_css_mix_blend_mode_passthrough\"><div class=\"et_pb_blurb_3 et_pb_blurb et_pb_bg_layout_light et_pb_blurb_position_top et_pb_module et_block_module\"><div class=\"et_pb_blurb_content\"><div class=\"et_pb_blurb_container\"><h4 class=\"et_pb_module_header\">Tour d&#039;Islande et Sn\u00e6fellsnes Combo<\/h4><div class=\"et_pb_blurb_description\"><p>\u00c0 l'extr\u00eame ouest de l'Islande se trouve la p\u00e9ninsule de Sn\u00e6fellsnes. C\u00e9l\u00e8bre pour son glacier Sn\u00e6fellsj\u00f6kull dont vous avez peut-\u00eatre entendu parler. On dit que cette montagne est l'un des sites les plus c\u00e9l\u00e8bres d'Islande. Probablement \u00e0 cause du roman \"Voyage au centre de la terre\" de Jules Verne, dans lequel les protagonistes cherchent et trouvent l'entr\u00e9e menant au centre de la terre.   <\/p>\n<p>Nous vous recommandons de louer le camping-car au moins trois jours de plus que pr\u00e9vu pour le voyage autour de l'Islande. Vous parcourrez entre 150 et 300 km et aurez l'occasion de voir les sites que la plupart des visiteurs ignorent lors de leur premier voyage en Islande. <\/p>\n<\/div><\/div><\/div><\/div><\/div><\/div><div class=\"et_pb_row_12 et_pb_row et_block_row\"><div class=\"et_pb_column_22 et_pb_column et_pb_column_4_4 et-last-child et_block_column et_pb_css_mix_blend_mode_passthrough\"><div class=\"et_pb_cta_6 et_pb_promo et_pb_bg_layout_dark et_pb_module et_block_module\"><div class=\"et_pb_promo_description\"><h2 class=\"et_pb_module_header\">\u00cates-vous pr\u00eat pour vos vacances ?<\/h2><\/div><div class=\"et_pb_button_wrapper\"><a class=\"et_pb_button et_pb_promo_button\" target=\"_blank\" href=\"https:\/\/web.rentalcarmanager.com\/api32\/Camper-Iceland\/Step2\" rel=\"noreferrer noopener\">R\u00c9SERVEZ MAINTENANT<\/a><\/div><\/div><\/div><\/div><div class=\"et_pb_row_13 et_pb_row et_block_row videos\" id=\"videos\"><div class=\"et_pb_column_23 et_pb_column et_pb_column_2_5 et_block_column et_pb_css_mix_blend_mode_passthrough\"><div class=\"et_pb_blurb_4 et_pb_blurb et_pb_bg_layout_light et_pb_blurb_position_top et_pb_module et_block_module\"><div class=\"et_pb_blurb_content\"><div class=\"et_pb_blurb_container\"><h4 class=\"et_pb_module_header\">Autour de l&#039;Islande en \u00e9t\u00e9<\/h4><div class=\"et_pb_blurb_description\"><p>Voici un exemple de voyage en Islande \u00e0 la fin de la saison.  <\/p>\n<\/div><\/div><\/div><\/div><\/div><div class=\"et_pb_column_24 et_pb_column et_pb_column_3_5 et-last-child et_block_column et_pb_css_mix_blend_mode_passthrough\"><div class=\"et_pb_video_0 et_pb_video et_pb_module et_block_module\"><div class=\"et_pb_video_box\"><iframe loading=\"lazy\" title=\"Impressionen einer Rundreise, 2 Wochen Island - Iceland\" width=\"1080\" height=\"608\" src=\"https:\/\/www.youtube.com\/embed\/CVrejAMANe0?feature=oembed\"  allow=\"accelerometer; autoplay; clipboard-write; encrypted-media; gyroscope; picture-in-picture; web-share\" referrerpolicy=\"strict-origin-when-cross-origin\" allowfullscreen><\/iframe><\/div><\/div><\/div><\/div><div class=\"et_pb_row_14 et_pb_row et_block_row\"><div class=\"et_pb_column_25 et_pb_column et_pb_column_2_5 et_block_column et_pb_css_mix_blend_mode_passthrough\"><div class=\"et_pb_blurb_5 et_pb_blurb et_pb_bg_layout_light et_pb_blurb_position_top et_pb_module et_block_module\"><div class=\"et_pb_blurb_content\"><div class=\"et_pb_blurb_container\"><h4 class=\"et_pb_module_header\">Autour de l&#039;Islande en hiver<\/h4><div class=\"et_pb_blurb_description\"><p>Voici un exemple de voyage en Islande \u00e0 la fin de la saison.  <\/p>\n<\/div><\/div><\/div><\/div><\/div><div class=\"et_pb_column_26 et_pb_column et_pb_column_3_5 et-last-child et_block_column et_pb_css_mix_blend_mode_passthrough\"><div class=\"et_pb_video_1 et_pb_video et_pb_module et_block_module\"><div class=\"et_pb_video_box\"><iframe loading=\"lazy\" title=\"Camper Iceland in the Winter\" width=\"1080\" height=\"608\" src=\"https:\/\/www.youtube.com\/embed\/eGBIlFz2bJ4?feature=oembed\"  allow=\"accelerometer; autoplay; clipboard-write; encrypted-media; gyroscope; picture-in-picture; web-share\" referrerpolicy=\"strict-origin-when-cross-origin\" allowfullscreen><\/iframe><\/div><\/div><\/div><\/div><div class=\"et_pb_row_15 et_pb_row et-vb-row--no-module et_block_row guide\" id=\"guide\"><div class=\"et_pb_column_27 et_pb_column et_pb_column_4_4 et-last-child et_block_column et_pb_column_empty et_pb_css_mix_blend_mode_passthrough\"><\/div><\/div><div class=\"et_pb_row_16 et_pb_row et_block_row wheretocamp\" id=\"wheretocamp\"><div class=\"et_pb_column_28 et_pb_column et_pb_column_1_2 et_block_column et_pb_css_mix_blend_mode_passthrough\"><div class=\"et_pb_cta_7 et_pb_promo et_pb_bg_layout_dark et_pb_module et_block_module wheretocamp\" id=\"wheretocamp\"><div class=\"et_pb_promo_description\"><h2 class=\"et_pb_module_header\">O\u00f9 camper en Islande<\/h2><div class=\"et_pb_promo_content\"><p>Le guide de voyage \u00c1ning (voir ci-dessus) vous donne acc\u00e8s \u00e0 la plupart des campings. Lorsque nous voyageons nous-m\u00eames, nous nous dirigeons vers notre objectif quotidien et, une fois que nous passons devant un camping, nous le visitons et, s'il nous pla\u00eet, nous y restons. Les campings en Islande sont souvent (99%) des champs ouverts o\u00f9 vous entrez en voiture et choisissez l'endroit o\u00f9 vous voulez vous garer \/ camper. Le soir, un employ\u00e9 du camping passe pour faire payer le terrain de camping. Vous payez parfois par v\u00e9hicule, parfois par personne. La plupart des campings disposent de prises \u00e9lectriques sur lesquelles vous pouvez brancher votre v\u00e9hicule. Vous pouvez utiliser les installations telles que les salles d'attente, les cuisines et les douches en fonction de l'offre.       Vous pouvez consulter le livret ou visiter la page web du camping.<\/p>\n<\/div><\/div><div class=\"et_pb_button_wrapper\"><a class=\"et_pb_button et_pb_promo_button\" target=\"_blank\" href=\"https:\/\/tjalda.is\/en\/\" rel=\"noreferrer noopener\">Visitez tjalda.is<\/a><\/div><\/div><\/div><div class=\"et_pb_column_29 et_pb_column et_pb_column_1_2 et-last-child et_block_column et_pb_css_mix_blend_mode_passthrough\"><div class=\"et_pb_blurb_6 et_pb_blurb et_pb_bg_layout_light et_pb_blurb_position_top et_pb_module et_block_module\"><div class=\"et_pb_blurb_content\"><div class=\"et_pb_main_blurb_image\"><span class=\"et_pb_image_wrap\"><span class=\"et-pb-icon et_animated et_animated\">q<\/span><\/span><\/div><div class=\"et_pb_blurb_container\"><h4 class=\"et_pb_module_header\">Dois-je utiliser un terrain de camping ?<\/h4><div class=\"et_pb_blurb_description\"><p>Depuis 2015, la r\u00e9ponse est oui. La loi stipule que vous devez camper sur un terrain de camping, sauf si vous campez sur un terrain priv\u00e9 (demandez l'autorisation) ou si aucun terrain de camping n'est accessible.  Lisez notre article \u00e0 ce sujet ci-dessous.  <\/p>\n<\/div><\/div><\/div><\/div><\/div><\/div><div class=\"et_pb_row_17 et_pb_row et_block_row\"><div class=\"et_pb_column_30 et_pb_column et_pb_column_4_4 et-last-child et_block_column et_pb_css_mix_blend_mode_passthrough\"><div class=\"et_pb_text_9 et_pb_text et_pb_bg_layout_light et_pb_module et_block_module\"><div class=\"et_pb_text_inner\"><p>Le camping en Islande a toujours \u00e9t\u00e9 un choix populaire pour de nombreux voyageurs. L'Islande compte environ 170 campings agr\u00e9\u00e9s, g\u00e9n\u00e9ralement ouverts de juin \u00e0 la mi-septembre.  Pour la saison en dehors de ces dates, le gouvernement islandais a publi\u00e9 une liste de campings ouverts. <a href=\"https:\/\/tjalda.is\/en\/camping-sites\/open-all-year\/\" target=\"_blank\" rel=\"noopener noreferrer\">Ces sites peuvent \u00eatre trouv\u00e9s ici<\/a>. <\/p>\n<p>D\u00e9couvrez l'environnement pur, propre et intact de l'Islande et, gr\u00e2ce \u00e0 votre aide, il le restera. Camper Iceland a toujours recommand\u00e9 de laisser tous les sites dans le m\u00eame \u00e9tat que vous les avez trouv\u00e9s.  <\/p>\n<p>La loi islandaise sur la pr\u00e9servation de la nature dicte o\u00f9 vous \u00eates autoris\u00e9 \u00e0 camper en Islande si vous vous trouvez loin des campings enregistr\u00e9s. Dans les zones r\u00e9sidentielles, vous pouvez planter jusqu'\u00e0 trois tentes sur un terrain non cultiv\u00e9 pour une nuit seulement s'il n'y a pas de camping dans la r\u00e9gion. <\/p>\n<p><strong>Trouvez un camping :<\/strong><\/p>\n<p>Si vous souhaitez camper sur un terrain cultiv\u00e9 ou \u00e0 proximit\u00e9 de b\u00e2timents r\u00e9sidentiels, de terres agricoles cl\u00f4tur\u00e9es ou autres, vous devez demander la permission \u00e0 un propri\u00e9taire ou \u00e0 un autre b\u00e9n\u00e9ficiaire avant de planter la tente de camping. La m\u00eame r\u00e8gle s'applique si vous avez l'intention de rester plus d'une nuit. Vous ne pouvez pas camper sur des terres agricoles sans autorisation.  <\/p>\n<p>Dans les Highlands, vous avez l'autorisation de monter des tentes de camping. Cette autorisation ne s'applique qu'aux tentes de camping ordinaires. Les campeurs mobiles doivent toujours demander l'autorisation des propri\u00e9taires fonciers ou d'autres b\u00e9n\u00e9ficiaires avant de camper, que ce soit dans une zone r\u00e9sidentielle, sur un terrain non cultiv\u00e9 ou sur les hauts plateaux.  <\/p>\n<p>Ne vous inqui\u00e9tez pas, il est tr\u00e8s facile de camper en Islande.<\/p>\n<\/div><\/div><\/div><\/div><\/div><div class=\"et_pb_section_2 et_pb_section et_section_regular et_block_section\"><div class=\"et_pb_row_18 et_pb_row et_block_row besttime\" id=\"besttime\"><div class=\"et_pb_column_31 et_pb_column et_pb_column_4_4 et-last-child et_block_column et_pb_css_mix_blend_mode_passthrough\"><div class=\"et_pb_text_10 et_pb_text et_pb_bg_layout_light et_pb_module et_block_module\"><div class=\"et_pb_text_inner\"><h1>Quelle est la meilleure p\u00e9riode pour visiter l'Islande ?<\/h1>\n<p>Dans les ann\u00e9es 80 et 90, l'Islande \u00e9tait surtout visit\u00e9e en \u00e9t\u00e9. On disait que les meilleures dates \u00e9taient juin, juillet et ao\u00fbt. Le temps a chang\u00e9 depuis et l'Islande a beaucoup plus \u00e0 offrir de nos jours.   L'\u00e9tat des routes s'est am\u00e9lior\u00e9 et les pages d'accueil disponibles donnent acc\u00e8s \u00e0 l'\u00e9tat des routes et aux pr\u00e9visions m\u00e9t\u00e9orologiques.  <\/p>\n<\/div><\/div><\/div><\/div><div class=\"et_pb_row_19 et_pb_row et_block_row\"><div class=\"et_pb_column_32 et_pb_column et_pb_column_1_3 et_block_column et_pb_css_mix_blend_mode_passthrough\"><div class=\"et_pb_text_11 et_pb_text et_pb_bg_layout_light et_pb_module et_block_module\"><div class=\"et_pb_text_inner\"><h2>Mars - avril<\/h2>\n<p>Les jours rallongent et la plupart des sites d'Islande sont vraiment magnifiques. Si vous voyagez pendant ces mois, il est judicieux de v\u00e9rifier quotidiennement les pr\u00e9visions m\u00e9t\u00e9orologiques et l'\u00e9tat des routes. Vous trouverez ainsi le meilleur endroit pour profiter des sites et peut-\u00eatre prendre des photos.   L'avantage de ces mois est que les tarifs sont bas et que les touristes sont peu nombreux.  <\/p>\n<\/div><\/div><div class=\"et_pb_text_12 et_pb_text et_pb_bg_layout_light et_pb_module et_block_module\"><div class=\"et_pb_text_inner\"><h2>Septembre - octobre<\/h2>\n<p>Les jours raccourcissent et vers le 20 ao\u00fbt, vous aurez des chances de voir des aurores bor\u00e9ales. Les oiseaux quittent lentement l'Islande, mais vous avez encore de bonnes chances de voir les grandes baleines d'Islande.   Dans ce laps de temps, vous b\u00e9n\u00e9ficiez de tarifs plus bas.  <\/p>\n<\/div><\/div><\/div><div class=\"et_pb_column_33 et_pb_column et_pb_column_1_3 et_block_column et_pb_css_mix_blend_mode_passthrough\"><div class=\"et_pb_text_13 et_pb_text et_pb_bg_layout_light et_pb_module et_block_module\"><div class=\"et_pb_text_inner\"><h2>Mai - Juin<\/h2>\n<p>La flore et la faune commencent \u00e0 se montrer sous leur meilleur jour. On a l'impression que la nature reprend vie. Le macareux moine quitte son habitat habituel (l'oc\u00e9an) et revient sur le rivage pour se montrer. L'observation des baleines est \u00e9galement possible pendant ces mois. Vous b\u00e9n\u00e9ficiez toujours des tarifs les plus bas de tout le pays.     Le jour le plus lumineux de l'ann\u00e9e se situe \u00e0 la fin du mois de juin.  <\/p>\n<\/div><\/div><div class=\"et_pb_text_14 et_pb_text et_pb_bg_layout_light et_pb_module et_block_module\"><div class=\"et_pb_text_inner\"><h2>Novembre - f\u00e9vrier<\/h2>\n<p>Cette p\u00e9riode est r\u00e9serv\u00e9e aux aventuriers. Le temps peut changer en 5 minutes, passant de la pluie au soleil, du soleil \u00e0 la neige. C'est le moment id\u00e9al pour visiter le capitole et v\u00e9rifier les pr\u00e9visions m\u00e9t\u00e9orologiques et l'\u00e9tat des routes pour d\u00e9cider du site \u00e0 visiter. Nos camping-cars et nos 4x4 sont probablement la meilleure m\u00e9thode pour chasser les aurores bor\u00e9ales.    Buvez un caf\u00e9 chaud et attendez que le miracle se produise.  <\/p>\n<\/div><\/div><\/div><div class=\"et_pb_column_34 et_pb_column et_pb_column_1_3 et-last-child et_block_column et_pb_css_mix_blend_mode_passthrough\"><div class=\"et_pb_text_15 et_pb_text et_pb_bg_layout_light et_pb_module et_block_module\"><div class=\"et_pb_text_inner\"><h2>Juillet - Ao\u00fbt<\/h2>\n<p>Ce sont les mois les plus populaires, car ils offrent tout ce qu'il faut. Les meilleures conditions m\u00e9t\u00e9orologiques, les hautes terres sont ouvertes (voir ci-dessus) et la nature est dans son plus grand \u00e9panouissement. Il est essentiel de v\u00e9rifier les conditions m\u00e9t\u00e9orologiques au d\u00e9but du voyage, car croyez-le ou non, le temps se d\u00e9place parfois autour de l'\u00eele.   Il est judicieux d'\u00eatre du c\u00f4t\u00e9 ensoleill\u00e9 de l'\u00eele.  <\/p>\n<\/div><\/div><div class=\"et_pb_text_16 et_pb_text et_pb_bg_layout_light et_pb_module et_block_module\"><div class=\"et_pb_text_inner\"><h2>No\u00ebl et Nouvel An<\/h2>\n<p>L'Islande est vraiment magnifique pendant les f\u00eates de fin d'ann\u00e9e. Nous avons le plus grand feu d'artifice d'Europe le soir du Nouvel An, car nous finan\u00e7ons nos organisations de sauvetage en leur achetant les feux d'artifice.  Les achats de No\u00ebl commencent t\u00f4t et, en raison de l'obscurit\u00e9 presque totale pendant cette p\u00e9riode, le spectacle de lumi\u00e8res sur toutes les maisons tient du miracle.  <\/p>\n<\/div><\/div><\/div><\/div><div class=\"et_pb_row_20 et_pb_row et_block_row\"><div class=\"et_pb_column_35 et_pb_column et_pb_column_4_4 et-last-child et_block_column et_pb_css_mix_blend_mode_passthrough\"><div class=\"et_pb_accordion_0 et_pb_accordion et_pb_module et_block_module driverslicense\" id=\"driverslicense\"><div class=\"et_pb_accordion_item_0 et_pb_accordion_item et_pb_toggle et_pb_module et_pb_toggle_open et_block_module\"><h5 class=\"et_pb_toggle_title\">Informations utiles<\/h5><div class=\"et_pb_toggle_content\"><p>Quelques points importants \u00e0 prendre en compte :<\/p>\n<\/div><\/div><div class=\"et_pb_accordion_item_1 et_pb_accordion_item et_pb_toggle et_pb_module et_pb_toggle_close et_block_module\"><h5 class=\"et_pb_toggle_title\">Permis de conduire<\/h5><div class=\"et_pb_toggle_content\"><p>Tous les permis de conduire d\u00e9livr\u00e9s par les \u00c9tats-Unis, le Canada et l'Espace \u00e9conomique europ\u00e9en (EEE) sont valides en Islande. Un permis de conduire de n'importe o\u00f9 ailleurs est valide s'il fournit :<\/p>\n<p>Un num\u00e9ro de permis<br \/>\n-La photo du conducteur, son nom et sa date de naissance<br \/>\n-Une date de validit\u00e9<br \/>\n-Imprim\u00e9 en caract\u00e8res latins<\/p>\n<p>Si votre permis de conduire ne r\u00e9pond \u00e0 aucune des exigences ci-dessus, vous devez obtenir un permis de conduire international pour pouvoir conduire en Islande.<\/p>\n<p>&nbsp;<\/p>\n<p>Vous y trouverez d'autres informations :&nbsp;<a href=\"http:\/\/www.icetra.is\/\" target=\"_blank\" rel=\"noopener\">http:\/\/www.icetra.is\/<\/a><\/p>\n<p>&nbsp;<\/p>\n<p><b>Informations g\u00e9n\u00e9rales<\/b><\/p>\n<p><b>Permis de conduire<\/b><\/p>\n<p>Un permis de conduire \u00e9tranger est valable en Islande pour ceux qui s\u00e9journent ici sur une base temporaire. Le principe est, cependant, que si une personne a une r\u00e9sidence permanente en Islande (domicile normalement l\u00e9gal), elle doit d\u00e9tenir un permis de conduire islandais. Les exceptions \u00e0 la r\u00e8gle sont les suivantes :<\/p>\n<p>Le permis de conduire d\u00e9livr\u00e9 dans les \u00eeles F\u00e9ro\u00e9 ou dans les pays parties \u00e0 l'Accord eEE conf\u00e8re au titulaire les m\u00eames droits qu'il a en vertu du permis du pays \u00e9metteur. Les droits sont bas\u00e9s sur la validit\u00e9 de la licence, mais pas plus que jusqu'\u00e0 l'\u00e2ge de soixante-dix ans.<\/p>\n<p>Le permis de conduire d\u00e9livr\u00e9 dans les \u00c9tats qui ne sont pas parties \u00e0 l'accord eEE donne au titulaire le droit de conduire en Islande jusqu'\u00e0 un mois apr\u00e8s avoir enregistr\u00e9 un domicile l\u00e9gal en Islande. Apr\u00e8s cela, la personne concern\u00e9e doit \u00eatre titulaire d'un permis de conduire islandais afin de conduire en Islande.<\/p>\n<p>Comment \u00e9changer un permis de conduire \u00e9tranger contre un permis islandais<\/p>\n<p>Les personnes qui r\u00e9sident en Islande (dans la plupart des cas ont un domicile l\u00e9gal) peuvent \u00e9changer leur permis de conduire \u00e9tranger contre un permis de conduire islandais. La demande de permis de conduire islandais correspondant doit \u00eatre soumise au commissaire de district (magistrat de district) ou au chef de la police, quelle que soit sa r\u00e9sidence, \u00e0 condition qu'il ait un domicile l\u00e9gal en Islande.<\/p>\n<p>Le formulaire de demande peut \u00eatre obtenu aupr\u00e8s des commissaires de district (magistrats) et du chef de la police en dehors de la grande zone de Reykjavik. Dans le cadre de la comp\u00e9tence du chef de la police de Reykjavik, les demandeurs peuvent recourir aux commissaires de district de Kopavogur et Hafnarfjorur. Voir le site Web des commissaires de district (magistrats).<\/p>\n<p><b>Informations sur le processus de demande<\/b><\/p>\n<p>Les ressortissants de pays qui ne sont pas membres de l'Accord sur l'EEE devront dans la plupart des cas fournir une d\u00e9claration sur la bonne sant\u00e9 ou un certificat de sant\u00e9 d\u00e9livr\u00e9 par un m\u00e9decin, ce qui est toujours appropri\u00e9, et subir un test de qualification. Il est permis de renoncer \u00e0 cette derni\u00e8re exigence s'il est consid\u00e9r\u00e9 que les conditions d'un permis de conduire dans le pays o\u00f9 le permis a \u00e9t\u00e9 d\u00e9livr\u00e9 ne sont pas inf\u00e9rieures aux exigences en Islande. Lorsque la demande est remise, le demandeur (s'il n'est pas citoyen de l'EEE) peut avoir besoin de prouver sa r\u00e9sidence en affichant sa carte de permis de s\u00e9jour ou par d'autres moyens de d\u00e9montrer qu'il a un permis de s\u00e9jour en Islande.<\/p>\n<p>Si le permis de conduire a \u00e9t\u00e9 d\u00e9livr\u00e9 dans les \u00eeles F\u00e9ro\u00e9 ou dans l'un des pays de l'EEE, le permis islandais est g\u00e9n\u00e9ralement d\u00e9livr\u00e9 sans que le demandeur ait besoin de subir un test de qualification ou de soumettre un certificat de sant\u00e9 ou une d\u00e9claration sur la bonne sant\u00e9.<\/p>\n<p>Une personne qui re\u00e7oit un permis de conduire islandais sur la base d'un permis \u00e9tranger doit remettre le permis \u00e9tranger lorsque la demande est pr\u00e9sent\u00e9e.<\/p>\n<p>Dans la plupart des cas, il est de sorte que personne n'est autoris\u00e9 \u00e0 avoir des permis de conduire de plus d'un \u00c9tat qui est partie \u00e0 l'accord EEE.<\/p>\n<p>La demande de permis de conduire islandais, en \u00e9change d'un permis de conduire \u00e9tranger, doit comprendre :<\/p>\n<p>Une photographie (35x45 mm) du demandeur<\/p>\n<p>Permis de conduire \u00e9tranger<\/p>\n<p>Une d\u00e9claration sur la bonne sant\u00e9, ou, le cas \u00e9ch\u00e9ant, un certificat de sant\u00e9 d\u00e9livr\u00e9 par un m\u00e9decin, si le permis \u00e9tranger n'est pas d\u00e9livr\u00e9 dans les \u00eeles F\u00e9ro\u00e9 ou dans les \u00c9tats membres de l'Accord eEE.<\/p>\n<p>Il est recommand\u00e9 que les demandeurs aient recours aux bureaux des commissaires de district (magistrats) pour obtenir de plus amples renseignements, car ce sont les bureaux qui \u00e9tablissent sur quelle base les demandes individuelles sont trait\u00e9es.<\/p>\n<p>&nbsp;<\/p>\n<\/div><\/div><div class=\"et_pb_accordion_item_2 et_pb_accordion_item et_pb_toggle et_pb_module et_pb_toggle_close et_block_module\"><h5 class=\"et_pb_toggle_title\">Si\u00e8ge de s\u00e9curit\u00e9 pour enfant<\/h5><div class=\"et_pb_toggle_content\"><p>Notez que les personnes doivent mesurer au moins 150 cm pour s'asseoir sur un si\u00e8ge muni d'un airbag gonflable.<\/p>\n<div class=\"tablewrap\">\n<table>\n<tbody>\n<tr>\n<td><img data-recalc-dims=\"1\" decoding=\"async\" src=\"https:\/\/i0.wp.com\/www.icetra.is\/media\/english\/car-seats-1.jpg?w=1080&#038;quality=80\" alt=\"\" title=\"\"><\/td>\n<td><img data-recalc-dims=\"1\" decoding=\"async\" src=\"https:\/\/i0.wp.com\/www.icetra.is\/media\/english\/car-seats-2.jpg?w=1080&#038;quality=80\" alt=\"\" title=\"\"><\/td>\n<\/tr>\n<tr>\n<td>Un enfant \u00e0 na\u00eetre est bien prot\u00e9g\u00e9 par une ceinture de s\u00e9curit\u00e9. La partie inf\u00e9rieure de la ceinture doit se trouver sous le ventre de la femme.<br \/>\nIl est essentiel que la ceinture de s\u00e9curit\u00e9 soit attach\u00e9e autour du si\u00e8ge auto pour b\u00e9b\u00e9 conform\u00e9ment aux instructions du fabricant. <\/td>\n<td>\n<ul>\n<li>Cat. 0 - poids : 0-10kg, \u00e2ge : jusqu'\u00e0 9 mois <\/li>\n<li>Cat. 0+ - poids : 0-13kg, \u00e2ge : jusqu'\u00e0 18 mois <\/li>\n<\/ul>\n<\/td>\n<\/tr>\n<tr>\n<td><img data-recalc-dims=\"1\" decoding=\"async\" src=\"https:\/\/i0.wp.com\/www.icetra.is\/media\/english\/car-seats-3.jpg?w=1080&#038;quality=80\" alt=\"\" title=\"\"><\/td>\n<td><img data-recalc-dims=\"1\" decoding=\"async\" src=\"https:\/\/i0.wp.com\/www.icetra.is\/media\/english\/car-seats-4.jpg?w=1080&#038;quality=80\" alt=\"\" title=\"\"><\/td>\n<\/tr>\n<tr>\n<td>\n<ul>\n<li>Chat. 1 - poids : 9-18kg, \u00e2ge : 9 mois \u00e0 3-4 ans <\/li>\n<\/ul>\n<p>Un enfant install\u00e9 dans un si\u00e8ge auto orient\u00e9 vers l'arri\u00e8re est mieux prot\u00e9g\u00e9 dans la voiture. Ne placez jamais un si\u00e8ge auto pour enfant sur le si\u00e8ge avant d'une voiture<br \/>\n\u00e9quip\u00e9e d'airbags gonflables pour les si\u00e8ges avant.<strong><br \/>\n<\/strong><\/td>\n<td>\n<ul>\n<li>Chat. 1 - poids : 9-18kg, \u00e2ge : 9 mois \u00e0 3-4 ans <\/li>\n<li>Cat. 2 - poids : 15-25kg, \u00e2ge : 3-4 \u00e0 6-7 ans <\/li>\n<\/ul>\n<p>Il est plus s\u00fbr d'installer un enfant dans un si\u00e8ge orient\u00e9 vers l'avant, \u00e0 l'arri\u00e8re de la voiture. Il est pr\u00e9f\u00e9rable d'attacher le si\u00e8ge avec une ceinture de s\u00e9curit\u00e9 \u00e0 3 points.<strong><br \/>\n<\/strong><\/td>\n<\/tr>\n<tr>\n<td><img data-recalc-dims=\"1\" decoding=\"async\" src=\"https:\/\/i0.wp.com\/www.icetra.is\/media\/english\/car-seats-5.jpg?w=1080&#038;quality=80\" alt=\"\" title=\"\"><\/td>\n<td><img data-recalc-dims=\"1\" decoding=\"async\" src=\"https:\/\/i0.wp.com\/www.icetra.is\/media\/english\/car-seats-6.jpg?w=1080&#038;quality=80\" alt=\"\" title=\"\"><\/td>\n<\/tr>\n<tr>\n<td>\n<ul>\n<li>Cat. 2 - poids : 15-25kg, \u00e2ge : 3-4 \u00e0 6-7 ans <\/li>\n<li>Cat. 3 - poids : 22-36kg, \u00e2ge : 6-7 \u00e0 10-12 ans <\/li>\n<\/ul>\n<p>Il est plus s\u00fbr que les enfants assis dans des si\u00e8ges d'appoint soient plac\u00e9s sur la banquette arri\u00e8re de la voiture. Les si\u00e8ges d'appoint doivent \u00eatre attach\u00e9s avec des ceintures \u00e0 3 points. Un enfant doit peser<br \/>\nau moins 15 kg pour pouvoir utiliser un si\u00e8ge d'appoint. Un si\u00e8ge d'appoint avec dossier est n\u00e9cessaire s'il n'y a pas d'appui-t\u00eate.  <\/td>\n<td>Un enfant ne doit utiliser une ceinture de s\u00e9curit\u00e9 que si elle passe en travers de l'\u00e9paule et de la cuisse. Si la ceinture passe sur le ventre ou repose sur le cou, l'enfant doit s'asseoir dans un si\u00e8ge d'appoint. Il ne faut jamais faire passer une ceinture de s\u00e9curit\u00e9 sous le bras d'un enfant ou la faire glisser dans son dos.  <\/td>\n<\/tr>\n<\/tbody>\n<\/table>\n<\/div>\n<\/div><\/div><\/div><\/div><\/div><div class=\"et_pb_row_21 et_pb_row et_block_row\"><div class=\"et_pb_column_36 et_pb_column et_pb_column_1_5 et_block_column et_pb_column_empty et_pb_css_mix_blend_mode_passthrough\"><\/div><div class=\"et_pb_column_37 et_pb_column et_pb_column_3_5 et_block_column et_pb_css_mix_blend_mode_passthrough\"><div class=\"et_pb_cta_8 et_pb_promo et_pb_bg_layout_dark et_pb_module et_block_module\"><div class=\"et_pb_promo_description\"><h2 class=\"et_pb_module_header\">Pr\u00eat \u00e0 choisir le v\u00e9hicule<\/h2><div class=\"et_pb_promo_content\"><p>Apr\u00e8s avoir lu notre Guide de l'Islande, vous \u00eates devenu un sp\u00e9cialiste. Il ne vous reste plus qu'\u00e0 choisir la taille du v\u00e9hicule en fonction du nombre de voyageurs.  <\/p>\n<p>En acc\u00e9dant \u00e0 notre syst\u00e8me de r\u00e9servation en ligne, vous pouvez jouer avec nos types de v\u00e9hicules, nos tarifs et nos extras jusqu'\u00e0 ce que vous soyez satisfait.  <\/p>\n<p>Si vous avez des doutes, n'h\u00e9sitez pas \u00e0 nous contacter \u00e0 tout moment.  <\/p>\n<\/div><\/div><div class=\"et_pb_button_wrapper\"><a class=\"et_pb_button et_pb_promo_button\" href=\"https:\/\/web.rentalcarmanager.com\/api32\/Camper-Iceland\/Step2\" target=\"_blank\" rel=\"noopener\">R\u00e9servez maintenant<\/a><\/div><\/div><\/div><div class=\"et_pb_column_38 et_pb_column et_pb_column_1_5 et-last-child et_block_column et_pb_column_empty et_pb_css_mix_blend_mode_passthrough\"><\/div><\/div><\/div>","protected":false},"excerpt":{"rendered":"","protected":false},"author":1,"featured_media":42518,"parent":41610,"menu_order":0,"comment_status":"closed","ping_status":"closed","template":"","meta":{"_acf_changed":false,"jetpack_post_was_ever_published":false,"footnotes":""},"class_list":["post-41597","page","type-page","status-publish","has-post-thumbnail","hentry"],"acf":[],"jetpack_sharing_enabled":true,"jetpack_shortlink":"https:\/\/wp.me\/P569lP-aOV","jetpack-related-posts":[{"id":75084,"url":"https:\/\/www.camper.is\/fr\/nouvelles-de-lislande-et-depeches-hebdomadaires-camper-iceland\/","url_meta":{"origin":41597,"position":0},"title":"Nouvelles de l&rsquo;Islande et d\u00e9p\u00eaches hebdomadaires | Camper Iceland","author":"admin","date":"26 mars 2026","format":false,"excerpt":"Gardez une longueur d'avance sur la temp\u00eate gr\u00e2ce aux mises \u00e0 jour hebdomadaires en provenance du c\u0153ur de l'Islande. Depuis 1987, nous fournissons des rapports d'experts sur les routes, des alertes m\u00e9t\u00e9o et les conditions de la route Highland F. Obtenez les derni\u00e8res nouvelles de la flotte et des conseils\u2026","rel":"","context":"Article similaire","block_context":{"text":"Article similaire","link":""},"img":{"alt_text":"","src":"https:\/\/i0.wp.com\/www.camper.is\/wp-content\/uploads\/2026\/03\/family_badging_camper_iceland-scaled.png?fit=1200%2C654&quality=72&ssl=1&resize=350%2C200","width":350,"height":200,"srcset":"https:\/\/i0.wp.com\/www.camper.is\/wp-content\/uploads\/2026\/03\/family_badging_camper_iceland-scaled.png?fit=1200%2C654&quality=72&ssl=1&resize=350%2C200 1x, https:\/\/i0.wp.com\/www.camper.is\/wp-content\/uploads\/2026\/03\/family_badging_camper_iceland-scaled.png?fit=1200%2C654&quality=72&ssl=1&resize=525%2C300 1.5x, https:\/\/i0.wp.com\/www.camper.is\/wp-content\/uploads\/2026\/03\/family_badging_camper_iceland-scaled.png?fit=1200%2C654&quality=72&ssl=1&resize=700%2C400 2x, https:\/\/i0.wp.com\/www.camper.is\/wp-content\/uploads\/2026\/03\/family_badging_camper_iceland-scaled.png?fit=1200%2C654&quality=72&ssl=1&resize=1050%2C600 3x"},"classes":[]},{"id":41589,"url":"https:\/\/www.camper.is\/fr\/vue-densemble-de-camper-iceland\/","url_meta":{"origin":41597,"position":1},"title":"NOTRE FLOTTE","author":"admin","date":"17 novembre 2019","format":false,"excerpt":"Trouvez votre maison sur roues id\u00e9ale avec Camper Iceland ! Choisissez parmi notre flotte diversifi\u00e9e de v\u00e9hicules, y compris le Loki compact et durable, les campeurs 4x4 robustes pour les Highlands, et les camping-cars spacieux pour un confort ultime. Commencez votre voyage \u00e0 Keflavik (KEF) et explorez les paysages \u00e9poustouflants\u2026","rel":"","context":"Article similaire","block_context":{"text":"Article similaire","link":""},"img":{"alt_text":"","src":"","width":0,"height":0},"classes":[]},{"id":68246,"url":"https:\/\/www.camper.is\/fr\/vue-densemble-de-camper-iceland\/camping-car-5-hel\/","url_meta":{"origin":41597,"position":2},"title":"Camping-car 5 HEL","author":"admin","date":"8 octobre 2024","format":false,"excerpt":"","rel":"","context":"Article similaire","block_context":{"text":"Article similaire","link":""},"img":{"alt_text":"","src":"https:\/\/i0.wp.com\/www.camper.is\/wp-content\/uploads\/2024\/08\/MH5_HEL.jpeg?fit=800%2C800&quality=80&ssl=1&resize=350%2C200","width":350,"height":200,"srcset":"https:\/\/i0.wp.com\/www.camper.is\/wp-content\/uploads\/2024\/08\/MH5_HEL.jpeg?fit=800%2C800&quality=80&ssl=1&resize=350%2C200 1x, https:\/\/i0.wp.com\/www.camper.is\/wp-content\/uploads\/2024\/08\/MH5_HEL.jpeg?fit=800%2C800&quality=80&ssl=1&resize=525%2C300 1.5x, https:\/\/i0.wp.com\/www.camper.is\/wp-content\/uploads\/2024\/08\/MH5_HEL.jpeg?fit=800%2C800&quality=80&ssl=1&resize=700%2C400 2x"},"classes":[]},{"id":72452,"url":"https:\/\/www.camper.is\/fr\/loki-e-le-camping-car-durable-pour-votre-aventure-islandaise\/","url_meta":{"origin":41597,"position":3},"title":"LOKI E Le camping-car durable pour votre aventure islandaise","author":"admin","date":"14 ao\u00fbt 2025","format":false,"excerpt":"","rel":"","context":"Article similaire","block_context":{"text":"Article similaire","link":""},"img":{"alt_text":"","src":"https:\/\/i0.wp.com\/www.camper.is\/wp-content\/uploads\/2025\/08\/Untitled-scaled.png?fit=1200%2C900&quality=72&ssl=1&resize=350%2C200","width":350,"height":200,"srcset":"https:\/\/i0.wp.com\/www.camper.is\/wp-content\/uploads\/2025\/08\/Untitled-scaled.png?fit=1200%2C900&quality=72&ssl=1&resize=350%2C200 1x, https:\/\/i0.wp.com\/www.camper.is\/wp-content\/uploads\/2025\/08\/Untitled-scaled.png?fit=1200%2C900&quality=72&ssl=1&resize=525%2C300 1.5x, https:\/\/i0.wp.com\/www.camper.is\/wp-content\/uploads\/2025\/08\/Untitled-scaled.png?fit=1200%2C900&quality=72&ssl=1&resize=700%2C400 2x, https:\/\/i0.wp.com\/www.camper.is\/wp-content\/uploads\/2025\/08\/Untitled-scaled.png?fit=1200%2C900&quality=72&ssl=1&resize=1050%2C600 3x"},"classes":[]},{"id":48102,"url":"https:\/\/www.camper.is\/fr\/vegv-sir-wayfinder-pour-les-voyageurs\/brochures-de-securite-fr\/","url_meta":{"origin":41597,"position":4},"title":"Brochures de s\u00e9curit\u00e9 FR","author":"admin","date":"23 juin 2021","format":false,"excerpt":"VOYAGEZ EN TOUTE S\u00c9CURIT\u00c9 - UNE NOUVELLE BROCHURE\u00a0: L'Islande offre au voyageur une aventure dans un paysage magnifique et accident\u00e9. Cependant, l'exp\u00e9rience montre que les forces de la nature islandaise peuvent \u00eatre dures et inhospitali\u00e8res, et les voyageurs sont bien avis\u00e9s de faire preuve de prudence et de respect pour\u2026","rel":"","context":"Article similaire","block_context":{"text":"Article similaire","link":""},"img":{"alt_text":"","src":"https:\/\/i0.wp.com\/www.camper.is\/wp-content\/uploads\/2011\/08\/Screen-Shot-2012-08-27-at-18.13.16.png?fit=353%2C503&quality=72&ssl=1&resize=350%2C200","width":350,"height":200},"classes":[]},{"id":68245,"url":"https:\/\/www.camper.is\/fr\/vue-densemble-de-camper-iceland\/4x4-campeur-tyr-a\/","url_meta":{"origin":41597,"position":5},"title":"4X4 CAMPEUR TYR A","author":"admin","date":"8 octobre 2024","format":false,"excerpt":"Voyagez \u00e0 travers l'Islande avec le confort ultime du camping-car 4x4 TYR A. Ce v\u00e9hicule haut de gamme ajoute des toilettes int\u00e9gr\u00e9es, un syst\u00e8me d'eau chaude et une transmission automatique \u00e0 notre populaire camping-car 4x4.","rel":"","context":"Article similaire","block_context":{"text":"Article similaire","link":""},"img":{"alt_text":"","src":"https:\/\/i0.wp.com\/www.camper.is\/wp-content\/uploads\/2025\/09\/ICONS-2026-TYR.jpeg?fit=1080%2C1080&quality=80&ssl=1&resize=350%2C200","width":350,"height":200,"srcset":"https:\/\/i0.wp.com\/www.camper.is\/wp-content\/uploads\/2025\/09\/ICONS-2026-TYR.jpeg?fit=1080%2C1080&quality=80&ssl=1&resize=350%2C200 1x, https:\/\/i0.wp.com\/www.camper.is\/wp-content\/uploads\/2025\/09\/ICONS-2026-TYR.jpeg?fit=1080%2C1080&quality=80&ssl=1&resize=525%2C300 1.5x, https:\/\/i0.wp.com\/www.camper.is\/wp-content\/uploads\/2025\/09\/ICONS-2026-TYR.jpeg?fit=1080%2C1080&quality=80&ssl=1&resize=700%2C400 2x, https:\/\/i0.wp.com\/www.camper.is\/wp-content\/uploads\/2025\/09\/ICONS-2026-TYR.jpeg?fit=1080%2C1080&quality=80&ssl=1&resize=1050%2C600 3x"},"classes":[]}],"_links":{"self":[{"href":"https:\/\/www.camper.is\/fr\/wp-json\/wp\/v2\/pages\/41597","targetHints":{"allow":["GET"]}}],"collection":[{"href":"https:\/\/www.camper.is\/fr\/wp-json\/wp\/v2\/pages"}],"about":[{"href":"https:\/\/www.camper.is\/fr\/wp-json\/wp\/v2\/types\/page"}],"author":[{"embeddable":true,"href":"https:\/\/www.camper.is\/fr\/wp-json\/wp\/v2\/users\/1"}],"replies":[{"embeddable":true,"href":"https:\/\/www.camper.is\/fr\/wp-json\/wp\/v2\/comments?post=41597"}],"version-history":[{"count":82,"href":"https:\/\/www.camper.is\/fr\/wp-json\/wp\/v2\/pages\/41597\/revisions"}],"predecessor-version":[{"id":75820,"href":"https:\/\/www.camper.is\/fr\/wp-json\/wp\/v2\/pages\/41597\/revisions\/75820"}],"up":[{"embeddable":true,"href":"https:\/\/www.camper.is\/fr\/wp-json\/wp\/v2\/pages\/41610"}],"wp:featuredmedia":[{"embeddable":true,"href":"https:\/\/www.camper.is\/fr\/wp-json\/wp\/v2\/media\/42518"}],"wp:attachment":[{"href":"https:\/\/www.camper.is\/fr\/wp-json\/wp\/v2\/media?parent=41597"}],"curies":[{"name":"wp","href":"https:\/\/api.w.org\/{rel}","templated":true}]}}