{"id":68229,"date":"2024-10-08T07:27:12","date_gmt":"2024-10-08T07:27:12","guid":{"rendered":"https:\/\/www.camper.is\/caravana-4x4-tyr-a\/"},"modified":"2026-04-07T06:36:33","modified_gmt":"2026-04-07T06:36:33","slug":"caravana-4x4-tyr-a","status":"publish","type":"page","link":"https:\/\/www.camper.is\/es\/vision-general-de-camper-iceland\/caravana-4x4-tyr-a\/","title":{"rendered":"CARAVANA 4X4 TYR A"},"content":{"rendered":"<div class=\"et_pb_section_0 et_pb_section et_pb_fullwidth_section et_section_regular et_block_section\"><section class=\"et_pb_fullwidth_header_0 et_pb_fullwidth_header et_pb_bg_layout_dark et_pb_text_align_center et_animated et_pb_section_parallax et_pb_module et_flex_module\"><span class=\"et-pb-parallax-wrapper\"><span class=\"et-pb-parallax-background et-pb-parallax-background-module--divi-fullwidth-header-0\" style=\"background-image:url(https:\/\/www.camper.is\/wp-content\/uploads\/2023\/08\/TYE-16.jpeg)\"><\/span><\/span><div class=\"et_pb_fullwidth_header_container center\"><div class=\"header-content-container center\"><div class=\"header-content et_flex_module\"><h1 class=\"et_pb_module_header\">4X4 CAMPER TYR  <\/h1><span class=\"et_pb_fullwidth_header_subhead\">Descubre la belleza agreste de Islandia en la Camper 4x4 TYR A, equipada con transmisi\u00f3n autom\u00e1tica para un viaje suave y sin esfuerzo. Este veh\u00edculo todoterreno est\u00e1 dise\u00f1ado para el confort y la capacidad, y cuenta con un aseo integrado y un sistema de agua caliente para una aventura de aut\u00e9ntico lujo. <\/span><div class=\"et_pb_header_button_wrapper\"><a class=\"et_pb_button et_pb_more_button et_pb_button_one\" href=\"https:\/\/www.campericeland.is\/rcmbooking\/\" target=\"_blank\" rel=\"noopener\">Reserve ahora<\/a><\/div><\/div><\/div><\/div><div class=\"et_pb_fullwidth_header_overlay\"><\/div><div class=\"et_pb_fullwidth_header_scroll\"><\/div><\/section><\/div><div class=\"et_pb_section_1 et_pb_section et_section_regular et_block_section\"><div class=\"et_pb_row_0 et_pb_row et_block_row\"><div class=\"et_pb_column_0 et_pb_column et_pb_column_1_2 et_block_column et_pb_css_mix_blend_mode_passthrough\"><div class=\"et_pb_image_0 et_pb_image et_animated et_pb_module et_block_module\"><a href=\"https:\/\/i0.wp.com\/www.camper.is\/wp-content\/uploads\/2025\/09\/ICONS-2026-TYR.jpeg?quality=80&#038;ssl=1\" class=\"et_pb_lightbox_image\"><span class=\"et_pb_image_wrap\"><img data-recalc-dims=\"1\" loading=\"lazy\" decoding=\"async\" src=\"https:\/\/i0.wp.com\/www.camper.is\/wp-content\/uploads\/2025\/09\/ICONS-2026-TYR.jpeg?resize=1080%2C1080&#038;quality=80&#038;ssl=1\" width=\"1080\" height=\"1080\" srcset=\"https:\/\/www.camper.is\/wp-content\/uploads\/2025\/09\/ICONS-2026-TYR.jpeg 1080w, https:\/\/www.camper.is\/wp-content\/uploads\/2025\/09\/ICONS-2026-TYR-980x980.jpeg 980w, https:\/\/www.camper.is\/wp-content\/uploads\/2025\/09\/ICONS-2026-TYR-480x480.jpeg 480w\" sizes=\"(min-width: 0px) and (max-width: 480px) 480px, (min-width: 481px) and (max-width: 980px) 980px, (min-width: 981px) 1080px, 100vw\" class=\"wp-image-75171\" title=\"ICONOS 2026 TYR\" alt=\"\"><\/span><\/a><\/div><ul class=\"et_pb_social_media_follow_0 et_pb_social_media_follow clearfix et_pb_bg_layout_dark et_pb_text_align_center et_animated et_pb_module et_block_module\"><li class=\"et_pb_social_media_follow_network_0 et_pb_social_media_follow_network et_pb_social_icon et_pb_social_network_link et-social-facebook et_pb_module et_flex_module\"><a href=\"http:\/\/facebook.com\/campericeland\" class=\"icon\" target=\"_self\" title=\"Seguir en Facebook\" rel=\"noopener\"><span class=\"et_pb_social_media_follow_network_name\">Seguir<\/span><\/a><\/li><li class=\"et_pb_social_media_follow_network_1 et_pb_social_media_follow_network et_pb_social_icon et_pb_social_network_link et-social-twitter et_pb_module et_flex_module\"><a href=\"http:\/\/twitter.com\/campericeland\" class=\"icon\" target=\"_self\" title=\"Seguir en Twitter\" rel=\"noopener\"><span class=\"et_pb_social_media_follow_network_name\">Seguir<\/span><\/a><\/li><li class=\"et_pb_social_media_follow_network_2 et_pb_social_media_follow_network et_pb_social_icon et_pb_social_network_link et-social-instagram et_pb_module et_flex_module\"><a href=\"http:\/\/instagram.com\/campericeland\" class=\"icon\" target=\"_self\" title=\"Seguir en Instagram\" rel=\"noopener\"><span class=\"et_pb_social_media_follow_network_name\">Seguir<\/span><\/a><\/li><\/ul><\/div><div class=\"et_pb_column_1 et_pb_column et_pb_column_1_2 et-last-child et_block_column et_pb_css_mix_blend_mode_passthrough\"><div class=\"et_pb_cta_0 et_pb_promo et_pb_bg_layout_light et_pb_module et_block_module\"><div class=\"et_pb_promo_description\"><h2 class=\"et_pb_module_header\">\"TYR con transmisi\u00f3n autom\u00e1tica\"<\/h2><div class=\"et_pb_promo_content\"><p>Te presentamos la TYR , la caravana 4x4 definitiva para tu aventura islandesa. Este es nuestro veh\u00edculo de gama alta, que combina una robusta capacidad todoterreno con un lujoso confort. <\/p>\n<p>La TYR A recoge todo lo que te gusta de nuestro popular modelo TYR y le a\u00f1ade caracter\u00edsticas premium para una experiencia a\u00fan mejor. Disfruta de la conducci\u00f3n suave y sin esfuerzo de una <b>transmisi\u00f3n autom\u00e1tica<\/b>, un c\u00f3modo <b>inodoro independiente<\/b> y un <b>sistema de agua caliente<\/b> para dar un toque de hogar est\u00e9s donde est\u00e9s. <\/p>\n<p>En el interior, encontrar\u00e1s cuatro acogedores asientos, una espaciosa alcoba con una cama grande y una cocina bien equipada. El aseo incluye un gran lavabo abatible para mayor comodidad. Para disponer de m\u00e1s espacio para dormir, el c\u00f3modo grupo de asientos se puede convertir f\u00e1cilmente en una cama. Hemos dise\u00f1ado la TYR A con una tapicer\u00eda de generosas dimensiones, que garantiza que incluso los viajes m\u00e1s largos sean un placer. Esto es m\u00e1s que una autocaravana: es la mejor forma de explorar los impresionantes paisajes de Islandia.    <\/p>\n<\/div><\/div><div class=\"et_pb_button_wrapper\"><a class=\"et_pb_button et_pb_promo_button\" target=\"_blank\" href=\"https:\/\/web.rentalcarmanager.com\/api32\/Camper-Iceland\/\" rel=\"noreferrer noopener\">Lo mejor de dos mundos: la caravana 4x4 TYR<\/a><\/div><\/div><\/div><\/div><\/div><div class=\"et_pb_section_2 et_pb_section et_section_regular et_block_section\"><div class=\"et_pb_row_1 et_pb_row et_block_row\"><div class=\"et_pb_column_2 et_pb_column et_pb_column_4_4 et-last-child et_block_column et_pb_css_mix_blend_mode_passthrough\"><div class=\"et_pb_text_0 et_pb_text et_pb_bg_layout_light et_pb_module et_block_module et_pb_text_align_center\"><div class=\"et_pb_text_inner\"><h2>Consejos de viaje<\/h2>\n<p>Hemos reunido algunos consejos para facilitar su planificaci\u00f3n. Nuestra marca m\u00e1s antigua data de 1987, por lo tanto, los datos son bastante fiables. La carretera de circunvalaci\u00f3n puede parecer corta, pero si se visitan todos los puntos calientes, el KM promedio son de 2300 Km. El tiempo de viaje recomendado para la carretera de circunvalaci\u00f3n es m\u00ednimo 12 d\u00edas. Si solo conduce el tour Highland (Kj\u00f6lur &amp; Sprengisandur) conducir\u00e1 1100 km.<\/p>\n<\/div><\/div><\/div><\/div><div class=\"et_pb_row_2 et_pb_row et_pb_row_4col et_block_row et_block_row_4col\"><div class=\"et_pb_column_3 et_pb_column et_pb_column_1_4 et_block_column et_pb_css_mix_blend_mode_passthrough\"><div class=\"et_pb_number_counter_0 et_pb_number_counter et_pb_bg_layout_light et_pb_text_align_center et_pb_with_title et_animated et_pb_module et_block_module\"><div class=\"percent\"><p><span class=\"percent-value\"><\/span><span class=\"percent-sign\"><\/span><\/p><\/div><h3 class=\"title\">Ring Road KM<\/h3><\/div><\/div><div class=\"et_pb_column_4 et_pb_column et_pb_column_1_4 et_block_column et_pb_css_mix_blend_mode_passthrough\"><div class=\"et_pb_number_counter_1 et_pb_number_counter et_pb_bg_layout_light et_pb_text_align_center et_pb_with_title et_animated et_pb_module et_block_module\"><div class=\"percent\"><p><span class=\"percent-value\"><\/span><span class=\"percent-sign\"><\/span><\/p><\/div><h3 class=\"title\">KM de ida y vuelta<\/h3><\/div><\/div><div class=\"et_pb_column_5 et_pb_column et_pb_column_1_4 et_block_column et_pb_css_mix_blend_mode_passthrough\"><div class=\"et_pb_number_counter_2 et_pb_number_counter et_pb_bg_layout_light et_pb_text_align_center et_pb_with_title et_animated et_pb_module et_block_module\"><div class=\"percent\"><p><span class=\"percent-value\"><\/span><span class=\"percent-sign\"><\/span><\/p><\/div><h3 class=\"title\">Highland Trip KM<\/h3><\/div><\/div><div class=\"et_pb_column_6 et_pb_column et_pb_column_1_4 et-last-child et_block_column et_pb_css_mix_blend_mode_passthrough\"><div class=\"et_pb_number_counter_3 et_pb_number_counter et_pb_bg_layout_light et_pb_text_align_center et_pb_with_title et_animated et_pb_module et_block_module\"><div class=\"percent\"><p><span class=\"percent-value\"><\/span><span class=\"percent-sign\"><\/span><\/p><\/div><h3 class=\"title\">Alquiler promedio<\/h3><\/div><\/div><\/div><div class=\"et_pb_row_3 et_pb_row et_block_row\"><div class=\"et_pb_column_7 et_pb_column et_pb_column_4_4 et-last-child et_block_column et_pb_css_mix_blend_mode_passthrough\"><div class=\"et_pb_blurb_0 et_pb_blurb et_pb_bg_layout_light et_pb_blurb_position_top et_pb_module et_block_module\"><div class=\"et_pb_blurb_content\"><div class=\"et_pb_main_blurb_image\"><span class=\"et_pb_image_wrap\"><span class=\"et-pb-icon et_animated et_animated\">\uf277<\/span><\/span><\/div><div class=\"et_pb_blurb_container\"><h4 class=\"et_pb_module_header\">El mejor viaje por carretera por Islandia en tu bolsillo<\/h4><div class=\"et_pb_blurb_description\"><p>Da rienda suelta a tu aventura y deja que nuestro exclusivo Google Map sea tu gu\u00eda para un viaje realmente inolvidable. Hemos seleccionado todos los lugares de visita obligada y marcado todos los campings oficiales, para que puedas perseguir sin esfuerzo el buen tiempo, descubrir joyas ocultas y encontrar el lugar perfecto para descansar la cabeza. Esto no es s\u00f3lo un mapa; es tu clave para una exploraci\u00f3n espont\u00e1nea y sin complicaciones por los impresionantes paisajes de Islandia. Sigue tus instintos, no un horario r\u00edgido: tu historia islandesa perfecta comienza aqu\u00ed.   <\/p>\n<p><iframe loading=\"lazy\" src=\"https:\/\/www.google.com\/maps\/d\/embed?mid=1KfUr9ljHXjAHHPawKyt2UxkZftAg3ZU&amp;ehbc=2E312F\" width=\"100%\" height=\"480\"><\/iframe><\/p>\n<\/div><\/div><\/div><\/div><\/div><\/div><\/div><div class=\"et_pb_section_3 et_pb_section et_section_regular et_block_section\"><div class=\"et_pb_row_4 et_pb_row et_block_row\"><div class=\"et_pb_column_8 et_pb_column et_pb_column_4_4 et-last-child et_block_column et_pb_css_mix_blend_mode_passthrough\"><div class=\"et_pb_text_1 et_pb_text et_pb_bg_layout_light et_pb_module et_block_module et_pb_text_align_center\"><div class=\"et_pb_text_inner\"><h1>Autocaravanas de fabricaci\u00f3n alemana de primera calidad<\/h1>\n<p>Nuestras autocaravanas de lujo son el resultado de una asociaci\u00f3n con un renombrado fabricante alem\u00e1n conocido por su artesan\u00eda de alta gama. Con pasi\u00f3n por el detalle y el compromiso de utilizar materiales de primera calidad, producen caba\u00f1as desmontables para camionetas de la m\u00e1xima calidad. <\/p>\n<p>Cada caravana est\u00e1 construida sobre un robusto armaz\u00f3n de aluminio, perfectamente equipado para unas vacaciones inolvidables en Islandia. Las distribuciones son testimonio de un dise\u00f1o meticuloso, que garantiza el m\u00e1ximo confort y funcionalidad. Aunque los interiores espec\u00edficos pueden variar, garantizamos el n\u00famero de asientos y plazas para dormir que se adapte a tus necesidades, para que puedas explorar Islandia con una calidad sin concesiones.  <\/p>\n<\/div><\/div><\/div><\/div><\/div><div class=\"et_pb_section_4 et_pb_section et_section_regular et_block_section\"><div class=\"et_pb_row_5 et_pb_row et_block_row\"><div class=\"et_pb_column_9 et_pb_column et_pb_column_4_4 et-last-child et_block_column et_pb_css_mix_blend_mode_passthrough\"><div class=\"et_pb_text_2 et_pb_text et_pb_bg_layout_light et_pb_module et_block_module et_pb_text_align_center\"><div class=\"et_pb_text_inner\"><h2>Detalles del veh\u00edculo<\/h2>\n<h6 class=\"vc_custom_heading\">Datos t\u00e9cnicos<\/h6>\n<div class=\"wpb_text_column wpb_content_element \">\n<div class=\"wpb_wrapper\">\n<table>\n<tbody>\n<tr>\n<td>Anchura total*<\/td>\n<td>210 cm<\/td>\n<\/tr>\n<tr>\n<td>Longitud total*<\/td>\n<td>585 cm<\/td>\n<\/tr>\n<tr>\n<td>Altura total*<\/td>\n<td>299 cm<\/td>\n<\/tr>\n<tr>\n<td>Altura de pie<\/td>\n<td>195 cm<\/td>\n<\/tr>\n<tr>\n<td>Longitud de la plataforma<\/td>\n<td>400 cm<\/td>\n<\/tr>\n<tr>\n<td>Longitud interior<\/td>\n<td>237 cm<\/td>\n<\/tr>\n<tr>\n<td>Dimensiones de la cama alcoba<\/td>\n<td>198 x 150 cm<\/td>\n<\/tr>\n<tr>\n<td>Dimensiones de la cama grupo de asientos<\/td>\n<td>198 x 100 cm<\/td>\n<\/tr>\n<tr>\n<td> <\/td>\n<td> <\/td>\n<\/tr>\n<\/tbody>\n<\/table>\n<p>* aprox. - seg\u00fan el veh\u00edculo base y el equipamiento<\/p>\n<\/div>\n<\/div>\n<p>&nbsp;<\/p>\n<\/div><\/div><\/div><\/div><div class=\"et_pb_row_6 et_pb_row et_block_row\"><div class=\"et_pb_column_10 et_pb_column et_pb_column_1_3 et_block_column et_pb_css_mix_blend_mode_passthrough\"><div class=\"et_pb_text_3 et_pb_text et_pb_bg_layout_light et_pb_module et_block_module\"><div class=\"et_pb_text_inner\"><ul>\n<li>Marca \/ Modelo: Isuzu D-MAX, Toyota Hilux, Nissan Navara o similar<\/li>\n<li>Motor diesel (Turbo) o gasolina (Bensin)<\/li>\n<li>A partir de 2017 <\/li>\n<li>Transmisi\u00f3n: Autom\u00e1tica<\/li>\n<li>Direcci\u00f3n asistida: S\u00ed<\/li>\n<li>Capacidad de combustible 70-90L<\/li>\n<li>Frigor\u00edfico<\/li>\n<li>USB<\/li>\n<li>4x4 Alto y 4x4 Bajo<\/li>\n<li>Sistema de sonido<\/li>\n<\/ul>\n<\/div><\/div><\/div><div class=\"et_pb_column_11 et_pb_column et_pb_column_1_3 et_block_column et_pb_css_mix_blend_mode_passthrough\"><div class=\"et_pb_text_4 et_pb_text et_pb_bg_layout_light et_pb_module et_block_module\"><div class=\"et_pb_text_inner\"><ul>\n<li>Entradas AUX y Bluetooth para m\u00fasica, llamadas telef\u00f3nicas<\/li>\n<li>Puertos USB para la carga<\/li>\n<li>Puertos de 2V<\/li>\n<li>Control de crucero<\/li>\n<li>Consumo de combustible 12-20L\/100km  <\/li>\n<li>180 g\/km de CO2 (ISUZU)<\/li>\n<li>ABS con distribuci\u00f3n electr\u00f3nica de frenado<\/li>\n<li>Control activo de estabilidad y tracci\u00f3n<\/li>\n<\/ul>\n<\/div><\/div><\/div><div class=\"et_pb_column_12 et_pb_column et_pb_column_1_3 et-last-child et_block_column et_pb_css_mix_blend_mode_passthrough\"><div class=\"et_pb_text_5 et_pb_text et_pb_bg_layout_light et_pb_module et_block_module\"><div class=\"et_pb_text_inner\"><ul>\n<li>Aseo: S\u00cd, incorporado<\/li>\n<li>Dep\u00f3sito de agua dulce: 90L<\/li>\n<li>Dep\u00f3sito de aguas residuales: 45L<\/li>\n<li>Suministro de agua fr\u00eda<\/li>\n<li>Estufa de gas: S\u00ed,<\/li>\n<li>Fuente de alimentaci\u00f3n: 12 voltios<\/li>\n<li>Fuente de alimentaci\u00f3n 220 voltios (cuando se enchufa en el campamento)<\/li>\n<li>Bater\u00eda doble: S\u00ed<\/li>\n<\/ul>\n<\/div><\/div><\/div><\/div><div class=\"et_pb_row_7 et_pb_row et_block_row\"><div class=\"et_pb_column_13 et_pb_column et_pb_column_4_4 et-last-child et_block_column et_pb_css_mix_blend_mode_passthrough\"><div class=\"et_pb_module et_pb_button_module_wrapper et_pb_button_0_wrapper\"><a class=\"et_pb_button_0 et_pb_button et_pb_bg_layout_dark et_pb_module et_block_module\" href=\"https:\/\/web.rentalcarmanager.com\/api32\/Camper-Iceland\/\" target=\"_blank\" rel=\"noopener\">Reserve ahora<\/a><\/div><\/div><\/div><div class=\"et_pb_row_8 et_pb_row et_block_row\"><div class=\"et_pb_column_14 et_pb_column et_pb_column_4_4 et-last-child et_block_column et_pb_css_mix_blend_mode_passthrough\"><div class=\"et_pb_text_6 et_pb_text et_pb_bg_layout_light et_pb_module et_block_module\"><div class=\"et_pb_text_inner\"><h2>\ud83c\udfd4\ufe0f El Maestro de las Highlands: Rutas Expertas para el Tyr 4x4<\/h2>\n<p data-path-to-node=\"4\">El Tyr no es s\u00f3lo una caravana; es una m\u00e1quina de expediciones de gran altura construida sobre el legendario chasis 4x4 Isuzu (o similar). Para ayudarte a dominar el interior de Islandia, nuestros expertos han elaborado los itinerarios \"Highlander\" definitivos. Desde las profundas traves\u00edas del r\u00edo <b data-path-to-node=\"4\" data-index-in-node=\"327\">Askja<\/b> hasta los coloridos picos de riolita de <b data-path-to-node=\"4\" data-index-in-node=\"367\">Landmannalaugar<\/b>, estas rutas est\u00e1n dise\u00f1adas para exprimir al m\u00e1ximo el potencial de la Tyr sin renunciar al lujo m\u00e1s absoluto.  <\/p>\n<p data-path-to-node=\"5\"><i data-path-to-node=\"5\" data-index-in-node=\"0\">Explora a continuaci\u00f3n nuestros \u00faltimos informes de campo y gu\u00edas de ruta de las Tierras Altas.<\/i><\/p>\n<\/div><\/div><div class=\"et_pb_blog_0 et_pb_blog et_pb_bg_layout_light et_pb_posts et_pb_module\"><div class=\"et_pb_ajax_pagination_container\"><div class=\"et_pb_posts et_grid_module\"><article class=\"et_pb_post et_pb_post_id_74591 clearfix et_pb_blog_item_0_0 post-74591 post type-post status-publish format-standard has-post-thumbnail hentry category-el-highlander-4x4 category-el-menu-aventura tag-4x4-camper-islandia tag-askja tag-camper-4x4-de-lujo tag-cruce-del-rio-islandia tag-desiertos-volcanicos tag-f-roads-islandia tag-itinerario-4x4-de-14-dias tag-la-remota-islandia tag-landmannalaugar tag-ruta-interior-de-islandia tag-sprengisandur tag-thor-4x4 tag-todoterreno-islandia-2026\"><div class=\"et_pb_image_container\"><a href=\"https:\/\/www.camper.is\/es\/el-corazon-de-las-tierras-altas\/\" class=\"entry-featured-image-url\"><img loading=\"lazy\" decoding=\"async\" src=\"https:\/\/i0.wp.com\/www.camper.is\/wp-content\/uploads\/2026\/03\/highland_14days.jpg?fit=632%2C342&#038;quality=80&#038;ssl=1\" width=\"400\" height=\"284\" alt=\"El coraz\u00f3n de las Tierras Altas\" class=\"\" srcset=\"https:\/\/i0.wp.com\/www.camper.is\/wp-content\/uploads\/2026\/03\/highland_14days.jpg?fit=632%2C342&amp;quality=80&amp;ssl=1 479w, https:\/\/i0.wp.com\/www.camper.is\/wp-content\/uploads\/2026\/03\/highland_14days.jpg?resize=400%2C284&amp;quality=80&amp;ssl=1 480w\" sizes=\"(max-width:479px) 479px, 100vw\" title=\"\"><span data-icon=\"\ue050\" class=\"et_overlay et_pb_inline_icon\"><\/span><\/a><\/div><h2 class=\"entry-title\"><a href=\"https:\/\/www.camper.is\/es\/el-corazon-de-las-tierras-altas\/\">El coraz\u00f3n de las Tierras Altas<\/a><\/h2><p class=\"post-meta\">por <span class=\"author vcard\"><a href=\"https:\/\/www.camper.is\/es\/author\/admin\/\" title=\"Entradas de admin\" rel=\"author\">admin<\/a><\/span> | <span class=\"published\">Mar 26, 2026<\/span> | <span class=\"entry-categories\"><a href=\"https:\/\/www.camper.is\/es\/el-menu-aventura\/el-highlander-4x4\/\" rel=\"tag\">El Highlander (4x4)<\/a>, <a href=\"https:\/\/www.camper.is\/es\/el-menu-aventura\/\" rel=\"tag\">El Men\u00fa Aventura<\/a><\/span><\/p><div class=\"post-content\"><div class=\"post-content-inner\"><p>\u00c9sta es la prueba definitiva del hombre y la m\u00e1quina. Deja atr\u00e1s la carretera de circunvalaci\u00f3n y ad\u00e9ntrate en el interior deshabitado de Islandia. Desde las coloridas monta\u00f1as de riolita de Landmannalaugar hasta las humeantes calderas de Askja, este viaje de 2.40&hellip;<\/p>\n<\/div><\/div><\/article><\/div><div class=\"pagination clearfix\">\n\t<div class=\"alignleft\"><\/div>\n\t<div class=\"alignright\"><\/div>\n<\/div><\/div><\/div><\/div><\/div><div class=\"et_pb_row_9 et_pb_row et-vb-row--no-module et_pb_gutters1 et_block_row et_pb_row_fullwidth\"><div class=\"et_pb_column_15 et_pb_column et_pb_column_4_4 et-last-child et_block_column et_pb_column_empty et_pb_css_mix_blend_mode_passthrough\"><\/div><\/div><\/div><div class=\"et_pb_section_5 et_pb_section et_section_regular et_block_section\"><div class=\"et_pb_row_10 et_pb_row et_block_row\"><div class=\"et_pb_column_16 et_pb_column et_pb_column_1_2 et_block_column et_pb_css_mix_blend_mode_passthrough\"><div class=\"et_pb_cta_1 et_pb_promo et_pb_bg_layout_light et_pb_module et_block_module\"><div class=\"et_pb_promo_description\"><h2 class=\"et_pb_module_header\">Nuestros consejos y trucos para viajar<\/h2><div class=\"et_pb_promo_content\"><ul>\n<li>Ahorra en comidas utilizando la cocina de tu autocaravana para preparar comidas con ingredientes de los supermercados locales.<\/li>\n<li>Consigue el mejor precio reservando tu TYR con antelaci\u00f3n para obtener descuentos especiales por reserva anticipada.<\/li>\n<li>Evita los recargos reservando dentro de nuestro horario de apertura est\u00e1ndar (de 09:00 a 16:00) para ahorrarte el recargo por reserva fuera de horario.<\/li>\n<li>Te ayudaremos a encontrar un lugar para pasar la noche con nuestra asistencia para localizar alojamientos o campings adecuados.<\/li>\n<li>Compara costes consultando nuestras tarifas de vuelo para ayudarte a planificar tu presupuesto global de viaje.<\/li>\n<li>Ahorra tiempo sobre el terreno reservando todos tus extras con antelaci\u00f3n.<\/li>\n<li>Prep\u00e1rate para tu viaje con nuestros completos consejos, que te proporcionamos despu\u00e9s de reservar para ayudarte a prepararte para tu aventura islandesa.<\/li>\n<\/ul>\n<\/div><\/div><div class=\"et_pb_button_wrapper\"><a class=\"et_pb_button et_pb_promo_button\" href=\"https:\/\/web.rentalcarmanager.com\/api32\/Camper-Iceland\/\" target=\"_blank\" rel=\"noopener\">Reserve ahora<\/a><\/div><\/div><\/div><div class=\"et_pb_column_17 et_pb_column et_pb_column_1_2 et-last-child et_block_column et_pb_column_empty et_pb_css_mix_blend_mode_passthrough\"><\/div><\/div><\/div><div class=\"et_pb_section_6 et_pb_section et_section_regular et_block_section\"><div class=\"et_pb_row_11 et_pb_row et_block_row\"><div class=\"et_pb_column_18 et_pb_column et_pb_column_1_2 et_block_column et_pb_css_mix_blend_mode_passthrough\"><div class=\"et_pb_text_7 et_pb_text et_pb_bg_layout_light et_pb_module et_block_module\"><div class=\"et_pb_text_inner\"><h2>Este es Camper Iceland<\/h2>\n<\/div><\/div><div class=\"et_pb_text_8 et_pb_text et_pb_bg_layout_light et_pb_module et_block_module\"><div class=\"et_pb_text_inner\"><h4><span style=\"font-size: 36px; color: #ff6b5a; font-family: 'Noto Serif';\">1. <\/span>Reserva sin problemas y orientaci\u00f3n experta<\/h4>\n<p>En cuanto hagas la reserva, te proporcionaremos informaci\u00f3n detallada para ayudarte a preparar tu viaje, desde qu\u00e9 meter en la maleta hasta c\u00f3mo llegar f\u00e1cilmente a nuestra oficina de alquiler. Nos aseguramos de que te sientas seguro y listo para partir en el momento en que aterrices en Islandia. <\/p>\n<\/div><\/div><div class=\"et_pb_text_9 et_pb_text et_pb_bg_layout_light et_pb_module et_block_module\"><div class=\"et_pb_text_inner\"><h4><span style=\"font-size: 36px; color: #ff6b5a; font-family: 'Noto Serif';\">2. <\/span>Una empresa familiar<\/h4>\n<p>Estamos orgullosos de ser una empresa familiar. Nosotros, junto con los miembros de nuestro selecto equipo, nos comprometemos personalmente a garantizar que tengas una experiencia fant\u00e1stica. Sentir\u00e1s la calidez y el cuidado de nuestra familia desde el momento en que nos conozcas.  <\/p>\n<\/div><\/div><div class=\"et_pb_text_10 et_pb_text et_pb_bg_layout_light et_pb_module et_block_module\"><div class=\"et_pb_text_inner\"><h4><span style=\"font-size: 36px; color: #ff6b5a; font-family: 'Noto Serif';\">3. <\/span>Tu satisfacci\u00f3n es nuestra prioridad<\/h4>\n<p>Entendemos que tus vacaciones son el momento m\u00e1s valioso del a\u00f1o. Nuestra misi\u00f3n es conseguir que te enamores de nuestro pa\u00eds y de nuestro producto, y siempre estamos aqu\u00ed para ayudarte a que tus vacaciones sean realmente inolvidables. <\/p>\n<\/div><\/div><div class=\"et_pb_module et_pb_button_module_wrapper et_pb_button_1_wrapper\"><a class=\"et_pb_button_1 et_pb_button et_pb_bg_layout_dark et_pb_module et_block_module\" href=\"https:\/\/web.rentalcarmanager.com\/api32\/Camper-Iceland\/Step2\" target=\"_blank\" rel=\"noopener\">Tiempo para reservar en l\u00ednea<\/a><\/div><\/div><div class=\"et_pb_column_19 et_pb_column et_pb_column_1_2 et-last-child et_block_column et_pb_css_mix_blend_mode_passthrough\"><div class=\"et_pb_image_1 et_pb_image et_animated et_pb_module et_block_module\"><span class=\"et_pb_image_wrap\"><img data-recalc-dims=\"1\" loading=\"lazy\" decoding=\"async\" src=\"https:\/\/i0.wp.com\/www.camper.is\/wp-content\/uploads\/2023\/08\/TYE-22.jpeg?resize=1080%2C733&#038;quality=80&#038;ssl=1\" width=\"1080\" height=\"733\" srcset=\"https:\/\/www.camper.is\/wp-content\/uploads\/2023\/08\/TYE-22.jpeg 1280w, https:\/\/www.camper.is\/wp-content\/uploads\/2023\/08\/TYE-22-980x665.jpeg 980w, https:\/\/www.camper.is\/wp-content\/uploads\/2023\/08\/TYE-22-480x326.jpeg 480w\" sizes=\"(min-width: 0px) and (max-width: 480px) 480px, (min-width: 481px) and (max-width: 980px) 980px, (min-width: 981px) 1280px, 100vw\" class=\"wp-image-57805\" title=\"TYE - 22\" alt=\"\"><\/span><\/div><\/div><\/div><\/div><div class=\"et_pb_section_7 et_pb_section et_section_regular et_block_section\"><div class=\"et_pb_row_12 et_pb_row et_block_row\"><div class=\"et_pb_column_20 et_pb_column et_pb_column_4_4 et-last-child et_block_column et_pb_css_mix_blend_mode_passthrough\"><div class=\"et_pb_text_11 et_pb_text et_pb_bg_layout_light et_pb_module et_block_module et_pb_text_align_center\"><div class=\"et_pb_text_inner\"><h2>Galer\u00eda de veh\u00edculos<\/h2>\n<p>Echa un vistazo a este maravilloso veh\u00edculo e imag\u00ednate viajando por iceland en \u00e9l.<\/p>\n<div id=\"gtx-trans\" style=\"position: absolute; left: 6px; top: 73.1562px;\">\n<div class=\"gtx-trans-icon\"><\/div>\n<\/div>\n<\/div><\/div><\/div><\/div><div class=\"et_pb_row_13 et_pb_row et_block_row\"><div class=\"et_pb_column_21 et_pb_column et_pb_column_4_4 et-last-child et_block_column et_pb_css_mix_blend_mode_passthrough\"><div class=\"et_pb_text_12 et_pb_text et_pb_bg_layout_light et_pb_module et_block_module\"><div class=\"et_pb_text_inner\"><h2>Fotos<\/h2>\n<p>Las fotos de la caravana fueron facilitadas por Tischer. Las fotos de la ISUZU con el camper Tischer fueron tomadas por camper Iceland y demuestra el modelo real (color, marca, marca puede variar, por supuesto).  <\/p>\n<\/div><\/div><div class=\"et_pb_gallery_0 et_pb_gallery et_pb_bg_layout_light et_pb_gallery_grid et_pb_module\" data-auto-rotate=\"off\" data-auto-rotate-speed=\"\"><div class=\"et_pb_gallery_items et_post_gallery clearfix et_grid_module\" data-per_page=\"8\"><div class=\"et_pb_gallery_item et_pb_grid_item et_pb_gallery_item_0_0\"><div class=\"et_pb_gallery_image landscape\" data-per_page=\"8\"><a href=\"https:\/\/i0.wp.com\/www.camper.is\/wp-content\/uploads\/2022\/11\/TYR-6.jpeg?fit=876%2C444&#038;quality=80&#038;ssl=1\" title=\"TYR - 6\"><img loading=\"lazy\" decoding=\"async\" width=\"876\" height=\"444\" src=\"https:\/\/i0.wp.com\/www.camper.is\/wp-content\/uploads\/2022\/11\/TYR-6.jpeg?resize=400%2C284&#038;quality=80&#038;ssl=1\" alt=\"\" class=\"wp-image-54916\" srcset=\"https:\/\/i0.wp.com\/www.camper.is\/wp-content\/uploads\/2022\/11\/TYR-6.jpeg?fit=876%2C444&amp;quality=80&amp;ssl=1 479w, https:\/\/i0.wp.com\/www.camper.is\/wp-content\/uploads\/2022\/11\/TYR-6.jpeg?resize=400%2C284&amp;quality=80&amp;ssl=1 480w\" sizes=\"(max-width:479px) 479px, 100vw\" title=\"\"><span class=\"et_overlay\" data-icon=\"\" data-icon-tablet=\"\" data-icon-phone=\"\"><\/span><\/a><\/div><\/div><div class=\"et_pb_gallery_item et_pb_grid_item et_pb_gallery_item_0_1\"><div class=\"et_pb_gallery_image landscape\" data-per_page=\"8\"><a href=\"https:\/\/i0.wp.com\/www.camper.is\/wp-content\/uploads\/2022\/11\/TYR-5.jpeg?fit=996%2C461&#038;quality=80&#038;ssl=1\" title=\"TYR - 5\"><img loading=\"lazy\" decoding=\"async\" width=\"996\" height=\"461\" src=\"https:\/\/i0.wp.com\/www.camper.is\/wp-content\/uploads\/2022\/11\/TYR-5.jpeg?resize=400%2C284&#038;quality=80&#038;ssl=1\" alt=\"\" class=\"wp-image-54910\" srcset=\"https:\/\/i0.wp.com\/www.camper.is\/wp-content\/uploads\/2022\/11\/TYR-5.jpeg?fit=996%2C461&amp;quality=80&amp;ssl=1 479w, https:\/\/i0.wp.com\/www.camper.is\/wp-content\/uploads\/2022\/11\/TYR-5.jpeg?resize=400%2C284&amp;quality=80&amp;ssl=1 480w\" sizes=\"(max-width:479px) 479px, 100vw\" title=\"\"><span class=\"et_overlay\" data-icon=\"\" data-icon-tablet=\"\" data-icon-phone=\"\"><\/span><\/a><\/div><\/div><div class=\"et_pb_gallery_item et_pb_grid_item et_pb_gallery_item_0_2\"><div class=\"et_pb_gallery_image landscape\" data-per_page=\"8\"><a href=\"https:\/\/i0.wp.com\/www.camper.is\/wp-content\/uploads\/2022\/11\/TYR-3.jpeg?fit=1100%2C453&#038;quality=80&#038;ssl=1\" title=\"TYR - 3\"><img loading=\"lazy\" decoding=\"async\" width=\"1100\" height=\"453\" src=\"https:\/\/i0.wp.com\/www.camper.is\/wp-content\/uploads\/2022\/11\/TYR-3.jpeg?resize=400%2C284&#038;quality=80&#038;ssl=1\" alt=\"\" class=\"wp-image-54898\" srcset=\"https:\/\/i0.wp.com\/www.camper.is\/wp-content\/uploads\/2022\/11\/TYR-3.jpeg?fit=1100%2C453&amp;quality=80&amp;ssl=1 479w, https:\/\/i0.wp.com\/www.camper.is\/wp-content\/uploads\/2022\/11\/TYR-3.jpeg?resize=400%2C284&amp;quality=80&amp;ssl=1 480w\" sizes=\"(max-width:479px) 479px, 100vw\" title=\"\"><span class=\"et_overlay\" data-icon=\"\" data-icon-tablet=\"\" data-icon-phone=\"\"><\/span><\/a><\/div><\/div><div class=\"et_pb_gallery_item et_pb_grid_item et_pb_gallery_item_0_3\"><div class=\"et_pb_gallery_image landscape\" data-per_page=\"8\"><a href=\"https:\/\/i0.wp.com\/www.camper.is\/wp-content\/uploads\/2022\/11\/TYR-2.jpeg?fit=919%2C452&#038;quality=80&#038;ssl=1\" title=\"TYR - 2\"><img loading=\"lazy\" decoding=\"async\" width=\"919\" height=\"452\" src=\"https:\/\/i0.wp.com\/www.camper.is\/wp-content\/uploads\/2022\/11\/TYR-2.jpeg?resize=400%2C284&#038;quality=80&#038;ssl=1\" alt=\"\" class=\"wp-image-54892\" srcset=\"https:\/\/i0.wp.com\/www.camper.is\/wp-content\/uploads\/2022\/11\/TYR-2.jpeg?fit=919%2C452&amp;quality=80&amp;ssl=1 479w, https:\/\/i0.wp.com\/www.camper.is\/wp-content\/uploads\/2022\/11\/TYR-2.jpeg?resize=400%2C284&amp;quality=80&amp;ssl=1 480w\" sizes=\"(max-width:479px) 479px, 100vw\" title=\"\"><span class=\"et_overlay\" data-icon=\"\" data-icon-tablet=\"\" data-icon-phone=\"\"><\/span><\/a><\/div><\/div><div class=\"et_pb_gallery_item et_pb_grid_item et_pb_gallery_item_0_4\"><div class=\"et_pb_gallery_image landscape\" data-per_page=\"8\"><a href=\"https:\/\/i0.wp.com\/www.camper.is\/wp-content\/uploads\/2023\/08\/TYE-1.jpeg?fit=1280%2C845&#038;quality=80&#038;ssl=1\" title=\"TYE - 1\"><img loading=\"lazy\" decoding=\"async\" width=\"1280\" height=\"845\" src=\"https:\/\/i0.wp.com\/www.camper.is\/wp-content\/uploads\/2023\/08\/TYE-1.jpeg?resize=400%2C284&#038;quality=80&#038;ssl=1\" alt=\"\" class=\"wp-image-57936\" srcset=\"https:\/\/i0.wp.com\/www.camper.is\/wp-content\/uploads\/2023\/08\/TYE-1.jpeg?fit=1280%2C845&amp;quality=80&amp;ssl=1 479w, https:\/\/i0.wp.com\/www.camper.is\/wp-content\/uploads\/2023\/08\/TYE-1.jpeg?resize=400%2C284&amp;quality=80&amp;ssl=1 480w\" sizes=\"(max-width:479px) 479px, 100vw\" title=\"\"><span class=\"et_overlay\" data-icon=\"\" data-icon-tablet=\"\" data-icon-phone=\"\"><\/span><\/a><\/div><\/div><div class=\"et_pb_gallery_item et_pb_grid_item et_pb_gallery_item_0_5\"><div class=\"et_pb_gallery_image landscape\" data-per_page=\"8\"><a href=\"https:\/\/i0.wp.com\/www.camper.is\/wp-content\/uploads\/2023\/08\/TYE-2.jpeg?fit=1280%2C920&#038;quality=80&#038;ssl=1\" title=\"TYE - 2\"><img loading=\"lazy\" decoding=\"async\" width=\"1280\" height=\"920\" src=\"https:\/\/i0.wp.com\/www.camper.is\/wp-content\/uploads\/2023\/08\/TYE-2.jpeg?resize=400%2C284&#038;quality=80&#038;ssl=1\" alt=\"\" class=\"wp-image-57930\" srcset=\"https:\/\/i0.wp.com\/www.camper.is\/wp-content\/uploads\/2023\/08\/TYE-2.jpeg?fit=1280%2C920&amp;quality=80&amp;ssl=1 479w, https:\/\/i0.wp.com\/www.camper.is\/wp-content\/uploads\/2023\/08\/TYE-2.jpeg?resize=400%2C284&amp;quality=80&amp;ssl=1 480w\" sizes=\"(max-width:479px) 479px, 100vw\" title=\"\"><span class=\"et_overlay\" data-icon=\"\" data-icon-tablet=\"\" data-icon-phone=\"\"><\/span><\/a><\/div><\/div><div class=\"et_pb_gallery_item et_pb_grid_item et_pb_gallery_item_0_6\"><div class=\"et_pb_gallery_image landscape\" data-per_page=\"8\"><a href=\"https:\/\/i0.wp.com\/www.camper.is\/wp-content\/uploads\/2023\/08\/TYE-3.jpeg?fit=1280%2C854&#038;quality=80&#038;ssl=1\" title=\"TYE - 3\"><img loading=\"lazy\" decoding=\"async\" width=\"1280\" height=\"854\" src=\"https:\/\/i0.wp.com\/www.camper.is\/wp-content\/uploads\/2023\/08\/TYE-3.jpeg?resize=400%2C284&#038;quality=80&#038;ssl=1\" alt=\"\" class=\"wp-image-57924\" srcset=\"https:\/\/i0.wp.com\/www.camper.is\/wp-content\/uploads\/2023\/08\/TYE-3.jpeg?fit=1280%2C854&amp;quality=80&amp;ssl=1 479w, https:\/\/i0.wp.com\/www.camper.is\/wp-content\/uploads\/2023\/08\/TYE-3.jpeg?resize=400%2C284&amp;quality=80&amp;ssl=1 480w\" sizes=\"(max-width:479px) 479px, 100vw\" title=\"\"><span class=\"et_overlay\" data-icon=\"\" data-icon-tablet=\"\" data-icon-phone=\"\"><\/span><\/a><\/div><\/div><div class=\"et_pb_gallery_item et_pb_grid_item et_pb_gallery_item_0_7\"><div class=\"et_pb_gallery_image landscape\" data-per_page=\"8\"><a href=\"https:\/\/i0.wp.com\/www.camper.is\/wp-content\/uploads\/2023\/08\/TYE-6.jpeg?fit=1280%2C854&#038;quality=80&#038;ssl=1\" title=\"TYE - 6\"><img loading=\"lazy\" decoding=\"async\" width=\"1280\" height=\"854\" src=\"https:\/\/i0.wp.com\/www.camper.is\/wp-content\/uploads\/2023\/08\/TYE-6.jpeg?resize=400%2C284&#038;quality=80&#038;ssl=1\" alt=\"\" class=\"wp-image-57906\" srcset=\"https:\/\/i0.wp.com\/www.camper.is\/wp-content\/uploads\/2023\/08\/TYE-6.jpeg?fit=1280%2C854&amp;quality=80&amp;ssl=1 479w, https:\/\/i0.wp.com\/www.camper.is\/wp-content\/uploads\/2023\/08\/TYE-6.jpeg?resize=400%2C284&amp;quality=80&amp;ssl=1 480w\" sizes=\"(max-width:479px) 479px, 100vw\" title=\"\"><span class=\"et_overlay\" data-icon=\"\" data-icon-tablet=\"\" data-icon-phone=\"\"><\/span><\/a><\/div><\/div><div class=\"et_pb_gallery_item et_pb_grid_item et_pb_gallery_item_0_8\"><div class=\"et_pb_gallery_image landscape\" data-per_page=\"8\"><a href=\"https:\/\/i0.wp.com\/www.camper.is\/wp-content\/uploads\/2023\/08\/TYE-8.jpeg?fit=1280%2C855&#038;quality=80&#038;ssl=1\" title=\"TYE - 8\"><img loading=\"lazy\" decoding=\"async\" width=\"1280\" height=\"855\" src=\"https:\/\/i0.wp.com\/www.camper.is\/wp-content\/uploads\/2023\/08\/TYE-8.jpeg?resize=400%2C284&#038;quality=80&#038;ssl=1\" alt=\"\" class=\"wp-image-57894\" srcset=\"https:\/\/i0.wp.com\/www.camper.is\/wp-content\/uploads\/2023\/08\/TYE-8.jpeg?fit=1280%2C855&amp;quality=80&amp;ssl=1 479w, https:\/\/i0.wp.com\/www.camper.is\/wp-content\/uploads\/2023\/08\/TYE-8.jpeg?resize=400%2C284&amp;quality=80&amp;ssl=1 480w\" sizes=\"(max-width:479px) 479px, 100vw\" title=\"\"><span class=\"et_overlay\" data-icon=\"\" data-icon-tablet=\"\" data-icon-phone=\"\"><\/span><\/a><\/div><\/div><div class=\"et_pb_gallery_item et_pb_grid_item et_pb_gallery_item_0_9\"><div class=\"et_pb_gallery_image landscape\" data-per_page=\"8\"><a href=\"https:\/\/i0.wp.com\/www.camper.is\/wp-content\/uploads\/2023\/08\/TYE-17.jpeg?fit=1280%2C854&#038;quality=80&#038;ssl=1\" title=\"TYE - 17\"><img loading=\"lazy\" decoding=\"async\" width=\"1280\" height=\"854\" src=\"https:\/\/i0.wp.com\/www.camper.is\/wp-content\/uploads\/2023\/08\/TYE-17.jpeg?resize=400%2C284&#038;quality=80&#038;ssl=1\" alt=\"\" class=\"wp-image-57840\" srcset=\"https:\/\/i0.wp.com\/www.camper.is\/wp-content\/uploads\/2023\/08\/TYE-17.jpeg?fit=1280%2C854&amp;quality=80&amp;ssl=1 479w, https:\/\/i0.wp.com\/www.camper.is\/wp-content\/uploads\/2023\/08\/TYE-17.jpeg?resize=400%2C284&amp;quality=80&amp;ssl=1 480w\" sizes=\"(max-width:479px) 479px, 100vw\" title=\"\"><span class=\"et_overlay\" data-icon=\"\" data-icon-tablet=\"\" data-icon-phone=\"\"><\/span><\/a><\/div><\/div><div class=\"et_pb_gallery_item et_pb_grid_item et_pb_gallery_item_0_10\"><div class=\"et_pb_gallery_image landscape\" data-per_page=\"8\"><a href=\"https:\/\/i0.wp.com\/www.camper.is\/wp-content\/uploads\/2023\/08\/TYE-15.jpeg?fit=1280%2C846&#038;quality=80&#038;ssl=1\" title=\"TYE - 15\"><img loading=\"lazy\" decoding=\"async\" width=\"1280\" height=\"846\" src=\"https:\/\/i0.wp.com\/www.camper.is\/wp-content\/uploads\/2023\/08\/TYE-15.jpeg?resize=400%2C284&#038;quality=80&#038;ssl=1\" alt=\"\" class=\"wp-image-57852\" srcset=\"https:\/\/i0.wp.com\/www.camper.is\/wp-content\/uploads\/2023\/08\/TYE-15.jpeg?fit=1280%2C846&amp;quality=80&amp;ssl=1 479w, https:\/\/i0.wp.com\/www.camper.is\/wp-content\/uploads\/2023\/08\/TYE-15.jpeg?resize=400%2C284&amp;quality=80&amp;ssl=1 480w\" sizes=\"(max-width:479px) 479px, 100vw\" title=\"\"><span class=\"et_overlay\" data-icon=\"\" data-icon-tablet=\"\" data-icon-phone=\"\"><\/span><\/a><\/div><\/div><div class=\"et_pb_gallery_item et_pb_grid_item et_pb_gallery_item_0_11\"><div class=\"et_pb_gallery_image landscape\" data-per_page=\"8\"><a href=\"https:\/\/i0.wp.com\/www.camper.is\/wp-content\/uploads\/2023\/08\/TYE-13.jpeg?fit=1280%2C834&#038;quality=80&#038;ssl=1\" title=\"TYE - 13\"><img loading=\"lazy\" decoding=\"async\" width=\"1280\" height=\"834\" src=\"https:\/\/i0.wp.com\/www.camper.is\/wp-content\/uploads\/2023\/08\/TYE-13.jpeg?resize=400%2C284&#038;quality=80&#038;ssl=1\" alt=\"\" class=\"wp-image-57864\" srcset=\"https:\/\/i0.wp.com\/www.camper.is\/wp-content\/uploads\/2023\/08\/TYE-13.jpeg?fit=1280%2C834&amp;quality=80&amp;ssl=1 479w, https:\/\/i0.wp.com\/www.camper.is\/wp-content\/uploads\/2023\/08\/TYE-13.jpeg?resize=400%2C284&amp;quality=80&amp;ssl=1 480w\" sizes=\"(max-width:479px) 479px, 100vw\" title=\"\"><span class=\"et_overlay\" data-icon=\"\" data-icon-tablet=\"\" data-icon-phone=\"\"><\/span><\/a><\/div><\/div><div class=\"et_pb_gallery_item et_pb_grid_item et_pb_gallery_item_0_12\"><div class=\"et_pb_gallery_image landscape\" data-per_page=\"8\"><a href=\"https:\/\/i0.wp.com\/www.camper.is\/wp-content\/uploads\/2023\/08\/TYE-11.jpeg?fit=1280%2C857&#038;quality=80&#038;ssl=1\" title=\"TYE - 11\"><img loading=\"lazy\" decoding=\"async\" width=\"1280\" height=\"857\" src=\"https:\/\/i0.wp.com\/www.camper.is\/wp-content\/uploads\/2023\/08\/TYE-11.jpeg?resize=400%2C284&#038;quality=80&#038;ssl=1\" alt=\"\" class=\"wp-image-57876\" srcset=\"https:\/\/i0.wp.com\/www.camper.is\/wp-content\/uploads\/2023\/08\/TYE-11.jpeg?fit=1280%2C857&amp;quality=80&amp;ssl=1 479w, https:\/\/i0.wp.com\/www.camper.is\/wp-content\/uploads\/2023\/08\/TYE-11.jpeg?resize=400%2C284&amp;quality=80&amp;ssl=1 480w\" sizes=\"(max-width:479px) 479px, 100vw\" title=\"\"><span class=\"et_overlay\" data-icon=\"\" data-icon-tablet=\"\" data-icon-phone=\"\"><\/span><\/a><\/div><\/div><div class=\"et_pb_gallery_item et_pb_grid_item et_pb_gallery_item_0_13\"><div class=\"et_pb_gallery_image landscape\" data-per_page=\"8\"><a href=\"https:\/\/i0.wp.com\/www.camper.is\/wp-content\/uploads\/2023\/08\/TYE-9.jpeg?fit=1280%2C854&#038;quality=80&#038;ssl=1\" title=\"TYE - 9\"><img loading=\"lazy\" decoding=\"async\" width=\"1280\" height=\"854\" src=\"https:\/\/i0.wp.com\/www.camper.is\/wp-content\/uploads\/2023\/08\/TYE-9.jpeg?resize=400%2C284&#038;quality=80&#038;ssl=1\" alt=\"\" class=\"wp-image-57888\" srcset=\"https:\/\/i0.wp.com\/www.camper.is\/wp-content\/uploads\/2023\/08\/TYE-9.jpeg?fit=1280%2C854&amp;quality=80&amp;ssl=1 479w, https:\/\/i0.wp.com\/www.camper.is\/wp-content\/uploads\/2023\/08\/TYE-9.jpeg?resize=400%2C284&amp;quality=80&amp;ssl=1 480w\" sizes=\"(max-width:479px) 479px, 100vw\" title=\"\"><span class=\"et_overlay\" data-icon=\"\" data-icon-tablet=\"\" data-icon-phone=\"\"><\/span><\/a><\/div><\/div><div class=\"et_pb_gallery_item et_pb_grid_item et_pb_gallery_item_0_14\"><div class=\"et_pb_gallery_image landscape\" data-per_page=\"8\"><a href=\"https:\/\/i0.wp.com\/www.camper.is\/wp-content\/uploads\/2023\/08\/TYE-20.jpeg?fit=1280%2C871&#038;quality=80&#038;ssl=1\" title=\"TYE - 20\"><img loading=\"lazy\" decoding=\"async\" width=\"1280\" height=\"871\" src=\"https:\/\/i0.wp.com\/www.camper.is\/wp-content\/uploads\/2023\/08\/TYE-20.jpeg?resize=400%2C284&#038;quality=80&#038;ssl=1\" alt=\"\" class=\"wp-image-57822\" srcset=\"https:\/\/i0.wp.com\/www.camper.is\/wp-content\/uploads\/2023\/08\/TYE-20.jpeg?fit=1280%2C871&amp;quality=80&amp;ssl=1 479w, https:\/\/i0.wp.com\/www.camper.is\/wp-content\/uploads\/2023\/08\/TYE-20.jpeg?resize=400%2C284&amp;quality=80&amp;ssl=1 480w\" sizes=\"(max-width:479px) 479px, 100vw\" title=\"\"><span class=\"et_overlay\" data-icon=\"\" data-icon-tablet=\"\" data-icon-phone=\"\"><\/span><\/a><\/div><\/div><div class=\"et_pb_gallery_item et_pb_grid_item et_pb_gallery_item_0_15\"><div class=\"et_pb_gallery_image landscape\" data-per_page=\"8\"><a href=\"https:\/\/i0.wp.com\/www.camper.is\/wp-content\/uploads\/2023\/08\/TYE-22.jpeg?fit=1280%2C869&#038;quality=80&#038;ssl=1\" title=\"TYE - 22\"><img loading=\"lazy\" decoding=\"async\" width=\"1280\" height=\"869\" src=\"https:\/\/i0.wp.com\/www.camper.is\/wp-content\/uploads\/2023\/08\/TYE-22.jpeg?resize=400%2C284&#038;quality=80&#038;ssl=1\" alt=\"\" class=\"wp-image-57810\" srcset=\"https:\/\/i0.wp.com\/www.camper.is\/wp-content\/uploads\/2023\/08\/TYE-22.jpeg?fit=1280%2C869&amp;quality=80&amp;ssl=1 479w, https:\/\/i0.wp.com\/www.camper.is\/wp-content\/uploads\/2023\/08\/TYE-22.jpeg?resize=400%2C284&amp;quality=80&amp;ssl=1 480w\" sizes=\"(max-width:479px) 479px, 100vw\" title=\"\"><span class=\"et_overlay\" data-icon=\"\" data-icon-tablet=\"\" data-icon-phone=\"\"><\/span><\/a><\/div><\/div><div class=\"et_pb_gallery_item et_pb_grid_item et_pb_gallery_item_0_16\"><div class=\"et_pb_gallery_image landscape\" data-per_page=\"8\"><a href=\"https:\/\/i0.wp.com\/www.camper.is\/wp-content\/uploads\/2023\/08\/TYE-32.jpeg?fit=1280%2C854&#038;quality=80&#038;ssl=1\" title=\"TYE - 32\"><img loading=\"lazy\" decoding=\"async\" width=\"1280\" height=\"854\" src=\"https:\/\/i0.wp.com\/www.camper.is\/wp-content\/uploads\/2023\/08\/TYE-32.jpeg?resize=400%2C284&#038;quality=80&#038;ssl=1\" alt=\"\" class=\"wp-image-57744\" srcset=\"https:\/\/i0.wp.com\/www.camper.is\/wp-content\/uploads\/2023\/08\/TYE-32.jpeg?fit=1280%2C854&amp;quality=80&amp;ssl=1 479w, https:\/\/i0.wp.com\/www.camper.is\/wp-content\/uploads\/2023\/08\/TYE-32.jpeg?resize=400%2C284&amp;quality=80&amp;ssl=1 480w\" sizes=\"(max-width:479px) 479px, 100vw\" title=\"\"><span class=\"et_overlay\" data-icon=\"\" data-icon-tablet=\"\" data-icon-phone=\"\"><\/span><\/a><\/div><\/div><div class=\"et_pb_gallery_item et_pb_grid_item et_pb_gallery_item_0_17\"><div class=\"et_pb_gallery_image landscape\" data-per_page=\"8\"><a href=\"https:\/\/i0.wp.com\/www.camper.is\/wp-content\/uploads\/2023\/08\/TYE-26.jpeg?fit=1280%2C796&#038;quality=80&#038;ssl=1\" title=\"TYE - 26\"><img loading=\"lazy\" decoding=\"async\" width=\"1280\" height=\"796\" src=\"https:\/\/i0.wp.com\/www.camper.is\/wp-content\/uploads\/2023\/08\/TYE-26.jpeg?resize=400%2C284&#038;quality=80&#038;ssl=1\" alt=\"\" class=\"wp-image-57786\" srcset=\"https:\/\/i0.wp.com\/www.camper.is\/wp-content\/uploads\/2023\/08\/TYE-26.jpeg?fit=1280%2C796&amp;quality=80&amp;ssl=1 479w, https:\/\/i0.wp.com\/www.camper.is\/wp-content\/uploads\/2023\/08\/TYE-26.jpeg?resize=400%2C284&amp;quality=80&amp;ssl=1 480w\" sizes=\"(max-width:479px) 479px, 100vw\" title=\"\"><span class=\"et_overlay\" data-icon=\"\" data-icon-tablet=\"\" data-icon-phone=\"\"><\/span><\/a><\/div><\/div><div class=\"et_pb_gallery_item et_pb_grid_item et_pb_gallery_item_0_18\"><div class=\"et_pb_gallery_image landscape\" data-per_page=\"8\"><a href=\"https:\/\/i0.wp.com\/www.camper.is\/wp-content\/uploads\/2023\/08\/TYE-28.jpeg?fit=1280%2C854&#038;quality=80&#038;ssl=1\" title=\"TYE - 28\"><img loading=\"lazy\" decoding=\"async\" width=\"1280\" height=\"854\" src=\"https:\/\/i0.wp.com\/www.camper.is\/wp-content\/uploads\/2023\/08\/TYE-28.jpeg?resize=400%2C284&#038;quality=80&#038;ssl=1\" alt=\"\" class=\"wp-image-57774\" srcset=\"https:\/\/i0.wp.com\/www.camper.is\/wp-content\/uploads\/2023\/08\/TYE-28.jpeg?fit=1280%2C854&amp;quality=80&amp;ssl=1 479w, https:\/\/i0.wp.com\/www.camper.is\/wp-content\/uploads\/2023\/08\/TYE-28.jpeg?resize=400%2C284&amp;quality=80&amp;ssl=1 480w\" sizes=\"(max-width:479px) 479px, 100vw\" title=\"\"><span class=\"et_overlay\" data-icon=\"\" data-icon-tablet=\"\" data-icon-phone=\"\"><\/span><\/a><\/div><\/div><div class=\"et_pb_gallery_item et_pb_grid_item et_pb_gallery_item_0_19\"><div class=\"et_pb_gallery_image landscape\" data-per_page=\"8\"><a href=\"https:\/\/i0.wp.com\/www.camper.is\/wp-content\/uploads\/2023\/08\/TYE-31.jpeg?fit=1280%2C854&#038;quality=80&#038;ssl=1\" title=\"TYE - 31\"><img loading=\"lazy\" decoding=\"async\" width=\"1280\" height=\"854\" src=\"https:\/\/i0.wp.com\/www.camper.is\/wp-content\/uploads\/2023\/08\/TYE-31.jpeg?resize=400%2C284&#038;quality=80&#038;ssl=1\" alt=\"\" class=\"wp-image-57756\" srcset=\"https:\/\/i0.wp.com\/www.camper.is\/wp-content\/uploads\/2023\/08\/TYE-31.jpeg?fit=1280%2C854&amp;quality=80&amp;ssl=1 479w, https:\/\/i0.wp.com\/www.camper.is\/wp-content\/uploads\/2023\/08\/TYE-31.jpeg?resize=400%2C284&amp;quality=80&amp;ssl=1 480w\" sizes=\"(max-width:479px) 479px, 100vw\" title=\"\"><span class=\"et_overlay\" data-icon=\"\" data-icon-tablet=\"\" data-icon-phone=\"\"><\/span><\/a><\/div><\/div><\/div><div class=\"et_pb_gallery_pagination\"><\/div><\/div><\/div><\/div><\/div>","protected":false},"excerpt":{"rendered":"<p>Viaja por Islandia con la m\u00e1xima comodidad en la autocaravana 4&#215;4 TYR A. Este veh\u00edculo premium a\u00f1ade un inodoro incorporado, un sistema de agua caliente y una transmisi\u00f3n autom\u00e1tica a nuestra popular autocaravana 4&#215;4.<\/p>\n","protected":false},"author":1,"featured_media":73264,"parent":31785,"menu_order":0,"comment_status":"closed","ping_status":"closed","template":"","meta":{"_acf_changed":false,"jetpack_post_was_ever_published":false,"footnotes":""},"class_list":["post-68229","page","type-page","status-publish","has-post-thumbnail","hentry"],"acf":[],"jetpack_sharing_enabled":true,"jetpack_shortlink":"https:\/\/wp.me\/P569lP-hKt","jetpack-related-posts":[{"id":58041,"url":"https:\/\/www.camper.is\/es\/camper-iceland-tu-empresa-de-alquiler-de-autocaravanas-y-4x4-en-islandia\/camper-iceland-su-empresa-de-alquiler-de-autocaravanas-y-4x4-en-islandia-informacion-adicional\/","url_meta":{"origin":68229,"position":0},"title":"Camper Iceland, su empresa de alquiler de autocaravanas y 4\u00d74 en Islandia Informaci\u00f3n adicional","author":"admin","date":"27 de agosto de 2023","format":false,"excerpt":"","rel":"","context":"Entrada similar","block_context":{"text":"Entrada similar","link":""},"img":{"alt_text":"","src":"","width":0,"height":0},"classes":[]},{"id":31784,"url":"https:\/\/www.camper.is\/es\/camper-iceland-tu-empresa-de-alquiler-de-autocaravanas-y-4x4-en-islandia\/","url_meta":{"origin":68229,"position":1},"title":"Camper Iceland, tu empresa de alquiler de autocaravanas y 4&#215;4 en Islandia","author":"admin","date":"17 de noviembre de 2019","format":false,"excerpt":"Viaja por Islandia con una empresa familiar que lleva vendiendo viajes a Islandia desde 1987. Camper Iceland ofrece una variada flota de autocaravanas y autocaravanas 4x4, que proporcionan una forma flexible y rentable de explorar los impresionantes paisajes del pa\u00eds. Disfruta de la libertad de perseguir el buen tiempo, ahorra\u2026","rel":"","context":"Entrada similar","block_context":{"text":"Entrada similar","link":""},"img":{"alt_text":"Logotipo de Camper Islandia","src":"https:\/\/i0.wp.com\/www.camper.is\/wp-content\/uploads\/2019\/11\/CamperIceland_new_whitebkgrd.png?fit=1200%2C316&quality=72&ssl=1&resize=350%2C200","width":350,"height":200,"srcset":"https:\/\/i0.wp.com\/www.camper.is\/wp-content\/uploads\/2019\/11\/CamperIceland_new_whitebkgrd.png?fit=1200%2C316&quality=72&ssl=1&resize=350%2C200 1x, https:\/\/i0.wp.com\/www.camper.is\/wp-content\/uploads\/2019\/11\/CamperIceland_new_whitebkgrd.png?fit=1200%2C316&quality=72&ssl=1&resize=525%2C300 1.5x, https:\/\/i0.wp.com\/www.camper.is\/wp-content\/uploads\/2019\/11\/CamperIceland_new_whitebkgrd.png?fit=1200%2C316&quality=72&ssl=1&resize=700%2C400 2x, https:\/\/i0.wp.com\/www.camper.is\/wp-content\/uploads\/2019\/11\/CamperIceland_new_whitebkgrd.png?fit=1200%2C316&quality=72&ssl=1&resize=1050%2C600 3x"},"classes":[]},{"id":68107,"url":"https:\/\/www.camper.is\/camper-iceland-overview\/4x4-camper-tyr-a\/","url_meta":{"origin":68229,"position":2},"title":"4X4 CAMPER TYR A","author":"admin","date":"8 de agosto de 2024","format":false,"excerpt":"Journey through Iceland with the ultimate convenience in the 4x4 Camper TYR A. This premium vehicle adds a built-in toilet, a warm water system, and an automatic transmission to our popular 4x4 camper.","rel":"","context":"Entrada similar","block_context":{"text":"Entrada similar","link":""},"img":{"alt_text":"","src":"https:\/\/i0.wp.com\/www.camper.is\/wp-content\/uploads\/2025\/09\/ICONS-2026-TYR.jpeg?fit=1080%2C1080&quality=80&ssl=1&resize=350%2C200","width":350,"height":200,"srcset":"https:\/\/i0.wp.com\/www.camper.is\/wp-content\/uploads\/2025\/09\/ICONS-2026-TYR.jpeg?fit=1080%2C1080&quality=80&ssl=1&resize=350%2C200 1x, https:\/\/i0.wp.com\/www.camper.is\/wp-content\/uploads\/2025\/09\/ICONS-2026-TYR.jpeg?fit=1080%2C1080&quality=80&ssl=1&resize=525%2C300 1.5x, https:\/\/i0.wp.com\/www.camper.is\/wp-content\/uploads\/2025\/09\/ICONS-2026-TYR.jpeg?fit=1080%2C1080&quality=80&ssl=1&resize=700%2C400 2x, https:\/\/i0.wp.com\/www.camper.is\/wp-content\/uploads\/2025\/09\/ICONS-2026-TYR.jpeg?fit=1080%2C1080&quality=80&ssl=1&resize=1050%2C600 3x"},"classes":[]},{"id":68235,"url":"https:\/\/www.camper.is\/de\/camper-iceland-uebersicht\/4x4-wohnmobil-tyr-a\/","url_meta":{"origin":68229,"position":3},"title":"4X4 WOHNMOBIL TYR A","author":"admin","date":"8 de octubre de 2024","format":false,"excerpt":"Reisen Sie durch Island mit dem ultimativen Komfort im 4x4 Camper TYR A. Dieses Premiumfahrzeug erweitert unseren beliebten 4x4 Camper um eine eingebaute Toilette, ein Warmwassersystem und ein Automatikgetriebe.","rel":"","context":"Entrada similar","block_context":{"text":"Entrada similar","link":""},"img":{"alt_text":"","src":"https:\/\/i0.wp.com\/www.camper.is\/wp-content\/uploads\/2025\/09\/ICONS-2026-TYR.jpeg?fit=1080%2C1080&quality=80&ssl=1&resize=350%2C200","width":350,"height":200,"srcset":"https:\/\/i0.wp.com\/www.camper.is\/wp-content\/uploads\/2025\/09\/ICONS-2026-TYR.jpeg?fit=1080%2C1080&quality=80&ssl=1&resize=350%2C200 1x, https:\/\/i0.wp.com\/www.camper.is\/wp-content\/uploads\/2025\/09\/ICONS-2026-TYR.jpeg?fit=1080%2C1080&quality=80&ssl=1&resize=525%2C300 1.5x, https:\/\/i0.wp.com\/www.camper.is\/wp-content\/uploads\/2025\/09\/ICONS-2026-TYR.jpeg?fit=1080%2C1080&quality=80&ssl=1&resize=700%2C400 2x, https:\/\/i0.wp.com\/www.camper.is\/wp-content\/uploads\/2025\/09\/ICONS-2026-TYR.jpeg?fit=1080%2C1080&quality=80&ssl=1&resize=1050%2C600 3x"},"classes":[]},{"id":68245,"url":"https:\/\/www.camper.is\/fr\/vue-densemble-de-camper-iceland\/4x4-campeur-tyr-a\/","url_meta":{"origin":68229,"position":4},"title":"4X4 CAMPEUR TYR A","author":"admin","date":"8 de octubre de 2024","format":false,"excerpt":"Voyagez \u00e0 travers l'Islande avec le confort ultime du camping-car 4x4 TYR A. Ce v\u00e9hicule haut de gamme ajoute des toilettes int\u00e9gr\u00e9es, un syst\u00e8me d'eau chaude et une transmission automatique \u00e0 notre populaire camping-car 4x4.","rel":"","context":"Entrada similar","block_context":{"text":"Entrada similar","link":""},"img":{"alt_text":"","src":"https:\/\/i0.wp.com\/www.camper.is\/wp-content\/uploads\/2025\/09\/ICONS-2026-TYR.jpeg?fit=1080%2C1080&quality=80&ssl=1&resize=350%2C200","width":350,"height":200,"srcset":"https:\/\/i0.wp.com\/www.camper.is\/wp-content\/uploads\/2025\/09\/ICONS-2026-TYR.jpeg?fit=1080%2C1080&quality=80&ssl=1&resize=350%2C200 1x, https:\/\/i0.wp.com\/www.camper.is\/wp-content\/uploads\/2025\/09\/ICONS-2026-TYR.jpeg?fit=1080%2C1080&quality=80&ssl=1&resize=525%2C300 1.5x, https:\/\/i0.wp.com\/www.camper.is\/wp-content\/uploads\/2025\/09\/ICONS-2026-TYR.jpeg?fit=1080%2C1080&quality=80&ssl=1&resize=700%2C400 2x, https:\/\/i0.wp.com\/www.camper.is\/wp-content\/uploads\/2025\/09\/ICONS-2026-TYR.jpeg?fit=1080%2C1080&quality=80&ssl=1&resize=1050%2C600 3x"},"classes":[]},{"id":31866,"url":"https:\/\/www.camper.is\/es\/vegvisir-wayfinder-para-viajeros\/como-elegir-el-motor-home-adecuado-y-4x4-camper-para-islandia\/","url_meta":{"origin":68229,"position":5},"title":"C\u00f3mo elegir la autocaravana y la caravana 4&#215;4 adecuadas para Islandia","author":"admin","date":"17 de noviembre de 2019","format":false,"excerpt":"","rel":"","context":"Entrada similar","block_context":{"text":"Entrada similar","link":""},"img":{"alt_text":"","src":"https:\/\/i0.wp.com\/www.camper.is\/wp-content\/uploads\/2019\/11\/traveldocs.jpg?fit=500%2C500&quality=80&ssl=1&resize=350%2C200","width":350,"height":200},"classes":[]}],"_links":{"self":[{"href":"https:\/\/www.camper.is\/es\/wp-json\/wp\/v2\/pages\/68229","targetHints":{"allow":["GET"]}}],"collection":[{"href":"https:\/\/www.camper.is\/es\/wp-json\/wp\/v2\/pages"}],"about":[{"href":"https:\/\/www.camper.is\/es\/wp-json\/wp\/v2\/types\/page"}],"author":[{"embeddable":true,"href":"https:\/\/www.camper.is\/es\/wp-json\/wp\/v2\/users\/1"}],"replies":[{"embeddable":true,"href":"https:\/\/www.camper.is\/es\/wp-json\/wp\/v2\/comments?post=68229"}],"version-history":[{"count":30,"href":"https:\/\/www.camper.is\/es\/wp-json\/wp\/v2\/pages\/68229\/revisions"}],"predecessor-version":[{"id":76010,"href":"https:\/\/www.camper.is\/es\/wp-json\/wp\/v2\/pages\/68229\/revisions\/76010"}],"up":[{"embeddable":true,"href":"https:\/\/www.camper.is\/es\/wp-json\/wp\/v2\/pages\/31785"}],"wp:featuredmedia":[{"embeddable":true,"href":"https:\/\/www.camper.is\/es\/wp-json\/wp\/v2\/media\/73264"}],"wp:attachment":[{"href":"https:\/\/www.camper.is\/es\/wp-json\/wp\/v2\/media?parent=68229"}],"curies":[{"name":"wp","href":"https:\/\/api.w.org\/{rel}","templated":true}]}}