{"id":34370,"date":"2019-11-17T13:49:12","date_gmt":"2019-11-17T13:49:12","guid":{"rendered":"https:\/\/www.campericeland.is\/motor-home-6-plus\/"},"modified":"2026-04-07T06:27:26","modified_gmt":"2026-04-07T06:27:26","slug":"motor-home-6-plus","status":"publish","type":"page","link":"https:\/\/www.camper.is\/es\/vision-general-de-camper-iceland\/motor-home-6-plus\/","title":{"rendered":"Autocaravana 6 FRIGG"},"content":{"rendered":"<div class=\"et_pb_section_0 et_pb_section et_pb_fullwidth_section et_section_regular et_block_section\"><section class=\"et_pb_fullwidth_header_0 et_pb_fullwidth_header et_pb_bg_layout_dark et_pb_text_align_center et_animated et_pb_section_parallax et_pb_module et_flex_module\"><span class=\"et-pb-parallax-wrapper\"><span class=\"et-pb-parallax-background et-pb-parallax-background-module--divi-fullwidth-header-0\" style=\"background-image:url(https:\/\/www.camper.is\/wp-content\/uploads\/2025\/09\/20250629_075651-scaled.jpg)\"><\/span><\/span><div class=\"et_pb_fullwidth_header_container center\"><div class=\"header-content-container center\"><div class=\"header-content et_flex_module\"><h1 class=\"et_pb_module_header\">FRIGOR\u00cdFICO MH6<\/h1><span class=\"et_pb_fullwidth_header_subhead\">La forma perfecta de libertad, comodidad y flexibilidad para 6 personas<\/span><div class=\"et_pb_header_button_wrapper\"><a class=\"et_pb_button et_pb_more_button et_pb_button_one\" href=\"https:\/\/www.campericeland.is\/rcmbooking\/\" target=\"_blank\" rel=\"noopener\">Reserve ahora<\/a><\/div><\/div><\/div><\/div><div class=\"et_pb_fullwidth_header_overlay\"><\/div><div class=\"et_pb_fullwidth_header_scroll\"><\/div><\/section><\/div><div class=\"et_pb_section_1 et_pb_section et_section_regular et_block_section\"><div class=\"et_pb_row_0 et_pb_row et_block_row\"><div class=\"et_pb_column_0 et_pb_column et_pb_column_1_2 et_block_column et_pb_css_mix_blend_mode_passthrough\"><div class=\"et_pb_image_0 et_pb_image et_animated et_pb_module et_block_module\"><span class=\"et_pb_image_wrap\"><img data-recalc-dims=\"1\" loading=\"lazy\" decoding=\"async\" src=\"https:\/\/i0.wp.com\/www.camper.is\/wp-content\/uploads\/2025\/09\/ICONS-2026-FRIGG.jpeg?resize=1080%2C1080&#038;quality=80&#038;ssl=1\" width=\"1080\" height=\"1080\" srcset=\"https:\/\/www.camper.is\/wp-content\/uploads\/2025\/09\/ICONS-2026-FRIGG.jpeg 1080w, https:\/\/www.camper.is\/wp-content\/uploads\/2025\/09\/ICONS-2026-FRIGG-980x980.jpeg 980w, https:\/\/www.camper.is\/wp-content\/uploads\/2025\/09\/ICONS-2026-FRIGG-480x480.jpeg 480w\" sizes=\"(min-width: 0px) and (max-width: 480px) 480px, (min-width: 481px) and (max-width: 980px) 980px, (min-width: 981px) 1080px, 100vw\" class=\"wp-image-73271\" title=\"ICONOS 2026 FRIGG\" alt=\"\"><\/span><\/div><ul class=\"et_pb_social_media_follow_0 et_pb_social_media_follow clearfix et_pb_bg_layout_dark et_pb_text_align_center et_animated et_pb_module et_block_module\"><li class=\"et_pb_social_media_follow_network_0 et_pb_social_media_follow_network et_pb_social_icon et_pb_social_network_link et-social-facebook et_pb_module et_flex_module\"><a href=\"http:\/\/facebook.com\/campericeland\" class=\"icon\" target=\"_self\" title=\"Seguir en Facebook\" rel=\"noopener\"><span class=\"et_pb_social_media_follow_network_name\">Seguir<\/span><\/a><\/li><li class=\"et_pb_social_media_follow_network_1 et_pb_social_media_follow_network et_pb_social_icon et_pb_social_network_link et-social-twitter et_pb_module et_flex_module\"><a href=\"http:\/\/twitter.com\/campericeland\" class=\"icon\" target=\"_self\" title=\"Seguir en Twitter\" rel=\"noopener\"><span class=\"et_pb_social_media_follow_network_name\">Seguir<\/span><\/a><\/li><li class=\"et_pb_social_media_follow_network_2 et_pb_social_media_follow_network et_pb_social_icon et_pb_social_network_link et-social-instagram et_pb_module et_flex_module\"><a href=\"http:\/\/instagram.com\/campericeland\" class=\"icon\" target=\"_self\" title=\"Seguir en Instagram\" rel=\"noopener\"><span class=\"et_pb_social_media_follow_network_name\">Seguir<\/span><\/a><\/li><\/ul><\/div><div class=\"et_pb_column_1 et_pb_column et_pb_column_1_2 et-last-child et_block_column et_pb_css_mix_blend_mode_passthrough\"><div class=\"et_pb_cta_0 et_pb_promo et_pb_bg_layout_light et_pb_module et_block_module\"><div class=\"et_pb_promo_description\"><h2 class=\"et_pb_module_header\">FRIGG: Tu veh\u00edculo de aventura familiar definitivo<\/h2><div class=\"et_pb_promo_content\"><p>Dise\u00f1ada para crear recuerdos familiares inolvidables, la FRIGG es una autocaravana espaciosa y pr\u00e1ctica que te servir\u00e1 de hogar sobre ruedas en Islandia. Este modelo \"Ontour Alkoven\" ofrece una distribuci\u00f3n acogedora y aireada, con una prominente cama doble en la sobrecabina (alcoba) y m\u00faltiples literas que alojan c\u00f3modamente hasta seis personas. Con un cuidado dise\u00f1o dividido, puedes separar f\u00e1cilmente las zonas de estar y de dormir, asegur\u00e1ndote de que todos tengan su propio espacio para relajarse y jugar.  <\/p>\n<p>&nbsp;<\/p>\n<\/div><\/div><div class=\"et_pb_button_wrapper\"><a class=\"et_pb_button et_pb_promo_button\" target=\"_blank\" href=\"https:\/\/web.rentalcarmanager.com\/api32\/Camper-Iceland\/\" rel=\"noreferrer noopener\">Reserve ahora<\/a><\/div><\/div><\/div><\/div><div class=\"et_pb_row_1 et_pb_row et_block_row\"><div class=\"et_pb_column_2 et_pb_column et_pb_column_4_4 et-last-child et_block_column et_pb_css_mix_blend_mode_passthrough\"><div class=\"et_pb_text_0 et_pb_text et_pb_bg_layout_light et_pb_module et_block_module\"><div class=\"et_pb_text_inner\"><p>En el interior, encontrar\u00e1s una funcional cocina en forma de L y un amplio cuarto de ba\u00f1o h\u00famedo todo en uno, que hacen que la vida diaria en la carretera sea sencilla y c\u00f3moda. Una ventaja clave de este modelo familiar es el importante garaje trasero, que ofrece amplio espacio para todo tu equipo de vacaciones, desde el equipo de senderismo hasta el equipaje de viaje. <\/p>\n<p>Control total para tu viaje<\/p>\n<p>Construida sobre un fiable chasis Fiat, esta autocaravana dispone de transmisi\u00f3n manual, lo que te proporciona una experiencia de conducci\u00f3n conectada y aut\u00e9ntica. Para quienes disfrutan del control total en la carretera, este veh\u00edculo es el compa\u00f1ero perfecto para navegar por los diversos e impresionantes paisajes de Islandia. <\/p>\n<\/div><\/div><\/div><\/div><\/div><div class=\"et_pb_section_2 et_pb_section et_section_regular et_block_section\"><div class=\"et_pb_row_2 et_pb_row et_block_row\"><div class=\"et_pb_column_3 et_pb_column et_pb_column_4_4 et-last-child et_block_column et_pb_css_mix_blend_mode_passthrough\"><div class=\"et_pb_text_1 et_pb_text et_pb_bg_layout_light et_pb_module et_block_module et_pb_text_align_center\"><div class=\"et_pb_text_inner\"><h2>Consejos de viaje<\/h2>\n<p>Hemos reunido algunos consejos para facilitar su planificaci\u00f3n. Nuestra marca m\u00e1s antigua data de 1987, por lo tanto, los datos son bastante fiables. La carretera de circunvalaci\u00f3n puede parecer corta, pero si se visitan todos los puntos calientes, el KM promedio son de 2300 Km. El tiempo de viaje recomendado para la carretera de circunvalaci\u00f3n es m\u00ednimo 12 d\u00edas. Si incluye los fiordos occidentales debe a\u00f1adir al menos 7 d\u00edas.<\/p>\n<\/div><\/div><\/div><\/div><div class=\"et_pb_row_3 et_pb_row et_pb_row_4col et_block_row et_block_row_4col\"><div class=\"et_pb_column_4 et_pb_column et_pb_column_1_4 et_block_column et_pb_css_mix_blend_mode_passthrough\"><div class=\"et_pb_number_counter_0 et_pb_number_counter et_pb_bg_layout_light et_pb_text_align_center et_pb_with_title et_animated et_pb_module et_block_module\"><div class=\"percent\"><p><span class=\"percent-value\"><\/span><span class=\"percent-sign\"><\/span><\/p><\/div><h3 class=\"title\">Ring Road KM<\/h3><\/div><\/div><div class=\"et_pb_column_5 et_pb_column et_pb_column_1_4 et_block_column et_pb_css_mix_blend_mode_passthrough\"><div class=\"et_pb_number_counter_1 et_pb_number_counter et_pb_bg_layout_light et_pb_text_align_center et_pb_with_title et_animated et_pb_module et_block_module\"><div class=\"percent\"><p><span class=\"percent-value\"><\/span><span class=\"percent-sign\"><\/span><\/p><\/div><h3 class=\"title\">KM de ida y vuelta<\/h3><\/div><\/div><div class=\"et_pb_column_6 et_pb_column et_pb_column_1_4 et_block_column et_pb_css_mix_blend_mode_passthrough\"><div class=\"et_pb_number_counter_2 et_pb_number_counter et_pb_bg_layout_light et_pb_text_align_center et_pb_with_title et_animated et_pb_module et_block_module\"><div class=\"percent\"><p><span class=\"percent-value\"><\/span><span class=\"percent-sign\"><\/span><\/p><\/div><h3 class=\"title\">Incl. Westfjords KM<\/h3><\/div><\/div><div class=\"et_pb_column_7 et_pb_column et_pb_column_1_4 et-last-child et_block_column et_pb_css_mix_blend_mode_passthrough\"><div class=\"et_pb_number_counter_3 et_pb_number_counter et_pb_bg_layout_light et_pb_text_align_center et_pb_with_title et_animated et_pb_module et_block_module\"><div class=\"percent\"><p><span class=\"percent-value\"><\/span><span class=\"percent-sign\"><\/span><\/p><\/div><h3 class=\"title\">Alquiler promedio<\/h3><\/div><\/div><\/div><div class=\"et_pb_row_4 et_pb_row et_block_row\"><div class=\"et_pb_column_8 et_pb_column et_pb_column_4_4 et-last-child et_block_column et_pb_css_mix_blend_mode_passthrough\"><div class=\"et_pb_blurb_0 et_pb_blurb et_pb_bg_layout_light et_pb_blurb_position_top et_pb_module et_block_module\"><div class=\"et_pb_blurb_content\"><div class=\"et_pb_main_blurb_image\"><span class=\"et_pb_image_wrap\"><span class=\"et-pb-icon et_animated et_animated\">\uf277<\/span><\/span><\/div><div class=\"et_pb_blurb_container\"><h4 class=\"et_pb_module_header\">El mejor viaje por carretera por Islandia en tu bolsillo<\/h4><div class=\"et_pb_blurb_description\"><p>Da rienda suelta a tu aventura y deja que nuestro exclusivo Google Map sea tu gu\u00eda para un viaje realmente inolvidable. Hemos seleccionado todos los lugares de visita obligada y marcado todos los campings oficiales, para que puedas perseguir sin esfuerzo el buen tiempo, descubrir joyas ocultas y encontrar el lugar perfecto para descansar la cabeza. Esto no es s\u00f3lo un mapa; es tu clave para una exploraci\u00f3n espont\u00e1nea y sin complicaciones por los impresionantes paisajes de Islandia. Sigue tus instintos, no un horario r\u00edgido: tu historia islandesa perfecta comienza aqu\u00ed.   <\/p>\n<p><iframe loading=\"lazy\" src=\"https:\/\/www.google.com\/maps\/d\/embed?mid=1KfUr9ljHXjAHHPawKyt2UxkZftAg3ZU&amp;ehbc=2E312F\" width=\"100%\" height=\"480\"><\/iframe><\/p>\n<\/div><\/div><\/div><\/div><\/div><\/div><\/div><div class=\"et_pb_section_3 et_pb_section et_section_regular et_block_section\"><div class=\"et_pb_row_5 et_pb_row et_block_row\"><div class=\"et_pb_column_9 et_pb_column et_pb_column_4_4 et-last-child et_block_column et_pb_css_mix_blend_mode_passthrough\"><div class=\"et_pb_text_2 et_pb_text et_pb_bg_layout_light et_pb_module et_block_module et_pb_text_align_center\"><div class=\"et_pb_text_inner\"><h3>Bienvenido a Islandia,<\/h3>\n<p>uno de los pa\u00edses m\u00e1s seguros y bellos del mundo. Esperamos ser tus compa\u00f1eros en una aventura inolvidable. <\/p>\n<p>Nuestro \u00e1gil sistema de reservas online facilita la planificaci\u00f3n, proporcion\u00e1ndote toda la informaci\u00f3n que necesitas sobre precios, seguros y extras disponibles. Si realizas nuestro sencillo registro previo desde casa, puedes ahorrarte hasta 30 minutos en nuestra oficina de alquiler, lo que te permitir\u00e1 ponerte en marcha y disfrutar de tus vacaciones m\u00e1s r\u00e1pidamente. <\/p>\n<p>Con tu autocaravana, ahorrar\u00e1s tiempo y dinero en comparaci\u00f3n con una estancia en un hotel. Deshaz la maleta una sola vez y deja que tu hogar sobre ruedas te lleve a los lugares m\u00e1s bellos, sabiendo que puedes preparar tus propias comidas y relajarte c\u00f3modamente. Nuestros veh\u00edculos est\u00e1n equipados con todo lo que necesitas, desde un sistema de calefacci\u00f3n y agua caliente hasta una cocina completa. Como empresa familiar, te invitamos a sentirte como en casa en nuestra estaci\u00f3n de alquiler, donde nuestro amable personal se asegurar\u00e1 de que tengas todo lo que necesitas para el viaje de tus sue\u00f1os.   <\/p>\n<p>Nota: La disposici\u00f3n que se muestra a continuaci\u00f3n es un ejemplo. Garantizamos el n\u00famero de plazas y de plazas para dormir, pero no un modelo concreto para cada categor\u00eda de veh\u00edculo. <\/p>\n<\/div><\/div><\/div><\/div><div class=\"et_pb_row_6 et_pb_row et_block_row\"><div class=\"et_pb_column_10 et_pb_column et_pb_column_1_2 et_block_column et_pb_css_mix_blend_mode_passthrough\"><div class=\"et_pb_image_1 et_pb_image et_pb_module et_block_module\"><span class=\"et_pb_image_wrap\"><img data-recalc-dims=\"1\" loading=\"lazy\" decoding=\"async\" src=\"https:\/\/i0.wp.com\/www.camper.is\/wp-content\/uploads\/2025\/09\/hobby_floor.webp?resize=1024%2C401&#038;quality=72&#038;ssl=1\" width=\"1024\" height=\"401\" srcset=\"https:\/\/www.camper.is\/wp-content\/uploads\/2025\/09\/hobby_floor.webp 1024w, https:\/\/www.camper.is\/wp-content\/uploads\/2025\/09\/hobby_floor-980x384.webp 980w, https:\/\/www.camper.is\/wp-content\/uploads\/2025\/09\/hobby_floor-480x188.webp 480w\" sizes=\"(min-width: 0px) and (max-width: 480px) 480px, (min-width: 481px) and (max-width: 980px) 980px, (min-width: 981px) 1024px, 100vw\" class=\"wp-image-73486\" title=\"piso_aficionado\" alt=\"\"><\/span><\/div><\/div><div class=\"et_pb_column_11 et_pb_column et_pb_column_1_2 et-last-child et_block_column et_pb_column_empty et_pb_css_mix_blend_mode_passthrough\"><\/div><\/div><\/div><div class=\"et_pb_section_4 et_pb_section et_section_regular et_block_section\"><div class=\"et_pb_row_7 et_pb_row et_block_row\"><div class=\"et_pb_column_12 et_pb_column et_pb_column_4_4 et-last-child et_block_column et_pb_css_mix_blend_mode_passthrough\"><div class=\"et_pb_text_3 et_pb_text et_pb_bg_layout_light et_pb_module et_block_module et_pb_text_align_center\"><div class=\"et_pb_text_inner\"><h2>Detalles del veh\u00edculo<\/h2>\n<h2><span style=\"font-size: 17px; font-family: 'Noto Sans', Helvetica, Arial, Lucida, sans-serif; color: #666666; font-weight: 500;\">Estos son algunos datos importantes sobre el veh\u00edculo<\/span><\/h2>\n<\/div><\/div><\/div><\/div><div class=\"et_pb_row_8 et_pb_row et_block_row\"><div class=\"et_pb_column_13 et_pb_column et_pb_column_1_3 et_block_column et_pb_css_mix_blend_mode_passthrough\"><div class=\"et_pb_text_4 et_pb_text et_pb_bg_layout_light et_pb_module et_block_module\"><div class=\"et_pb_text_inner\"><h3><b>Chasis<\/b><\/h3>\n<ul>\n<li>\n<p><b>Chasis:<\/b> Bastidor Fiat Chasis Ligero<\/p>\n<\/li>\n<li>\n<p><b>Chasis Max:<\/b> Fiat Flow Frame Chasis Ligero<\/p>\n<\/li>\n<li>\n<p><b>N\u00famero de ejes:<\/b> 2<\/p>\n<\/li>\n<li>\n<p><b>Longitud total:<\/b> 7.381 mm<\/p>\n<\/li>\n<li>\n<p><b>Distancia entre ejes<\/b> 4.035 mm<\/p>\n<\/li>\n<li>\n<p><b>Tama\u00f1o del neum\u00e1tico:<\/b> 16 C P<\/p>\n<\/li>\n<\/ul>\n<\/div><\/div><\/div><div class=\"et_pb_column_14 et_pb_column et_pb_column_1_3 et_block_column et_pb_css_mix_blend_mode_passthrough\"><div class=\"et_pb_text_5 et_pb_text et_pb_bg_layout_light et_pb_module et_block_module\"><div class=\"et_pb_text_inner\"><h3><b>Dimensiones y peso<\/b><\/h3>\n<ul>\n<li><b>Longitud total:<\/b> 7.381 mm<\/li>\n<li><b>Anchura total:<\/b> 2.330 mm<\/li>\n<li><b>Altura total:<\/b> 2.860 mm<\/li>\n<li><b>Altura libre interior:<\/b> 2.054 mm<\/li>\n<li><b>Longitud con cama abatible el\u00e9ctrica<\/b> 7.381 mm<\/li>\n<li><b>Masa m\u00e1xima en carga t\u00e9cnicamente admisible<\/b> 3.500 kg<\/li>\n<li><b>Carga \u00fatil:<\/b> 570 kg<\/li>\n<li><b>Masa en orden de marcha<\/b> 2.930 kg<\/li>\n<li><b>Carga \u00fatil:<\/b> 570 kg<\/li>\n<li><b>Masa remolcable (frenada)<\/b> 2.000 kg<\/li>\n<li><b>Grosor de la pared de la carrocer\u00eda (suelo \/ techo \/ pared)<\/b> 42 \/ 34 \/ 34 mm<\/li>\n<\/ul>\n<\/div><\/div><\/div><div class=\"et_pb_column_15 et_pb_column et_pb_column_1_3 et-last-child et_block_column et_pb_css_mix_blend_mode_passthrough\"><div class=\"et_pb_text_6 et_pb_text et_pb_bg_layout_light et_pb_module et_block_module\"><div class=\"et_pb_text_inner\"><h3><b>Pasajeros \/ Amarres<\/b><\/h3>\n<ul>\n<li>\n<p><b>N\u00famero de personas al volante:<\/b> 6<\/p>\n<\/li>\n<li>\n<p><b>N\u00famero de plazas:<\/b> 6<\/p>\n<\/li>\n<li>\n<p><b>Anclaje del cintur\u00f3n de seguridad con cinturones ventrales orientados hacia atr\u00e1s:<\/b> 6<\/p>\n<\/li>\n<\/ul>\n<h3><b>Tama\u00f1os de cama<\/b><\/h3>\n<ul>\n<li>\n<p><b>Tama\u00f1o de las camas individuales (largo x ancho)<\/b> 2.135 x 1.380 mm \/ 1.070 mm<\/p>\n<\/li>\n<li>\n<p><b>Tama\u00f1o de la cama, sobre cabina (largo x ancho)<\/b> 2.000 x 1.380 mm<\/p>\n<\/li>\n<li>\n<p><b>Tama\u00f1o de la cama, conversi\u00f3n en cama de la zona de asiento (largo x ancho):<\/b> 2.100 x 1.280 mm<\/p>\n<\/li>\n<li>\n<p><b>Tama\u00f1o de la cama, conversi\u00f3n de la cama de la cabina (largo x ancho)<\/b> 1.600 x 760 mm<\/p>\n<\/li>\n<\/ul>\n<p>&nbsp;<\/p>\n<h3><b>Capacidad<\/b><\/h3>\n<p>&nbsp;<\/p>\n<ul>\n<li>\n<p><b>Dep\u00f3sito de agua dulce<\/b> 100 litros<\/p>\n<\/li>\n<li>\n<p><b>Dep\u00f3sito de aguas residuales<\/b> 96 litros<\/p>\n<\/li>\n<\/ul>\n<\/div><\/div><\/div><\/div><div class=\"et_pb_row_9 et_pb_row et_block_row\"><div class=\"et_pb_column_16 et_pb_column et_pb_column_4_4 et-last-child et_block_column et_pb_css_mix_blend_mode_passthrough\"><div class=\"et_pb_module et_pb_button_module_wrapper et_pb_button_0_wrapper\"><a class=\"et_pb_button_0 et_pb_button et_pb_bg_layout_dark et_pb_module et_block_module\" href=\"https:\/\/web.rentalcarmanager.com\/api32\/Camper-Iceland\/\" target=\"_blank\" rel=\"noopener\">Reserve ahora<\/a><\/div><\/div><\/div><\/div><div class=\"et_pb_section_5 et_pb_section et_section_regular et_block_section\"><div class=\"et_pb_row_10 et_pb_row et_pb_gutters1 et_block_row et_pb_row_fullwidth\"><div class=\"et_pb_column_17 et_pb_column et_pb_column_4_4 et-last-child et_block_column et_pb_css_mix_blend_mode_passthrough\"><div class=\"et_pb_image_2 et_pb_image et_pb_module et_block_module\"><span class=\"et_pb_image_wrap\"><img data-recalc-dims=\"1\" decoding=\"async\" src=\"https:\/\/i0.wp.com\/www.campericeland.is\/wp-content\/uploads\/2019\/11\/iceland-4.jpeg?w=1080&#038;quality=80&#038;ssl=1\" alt=\"\" title=\"\"><\/span><\/div><\/div><\/div><div class=\"et_pb_row_11 et_pb_row et_block_row\"><div class=\"et_pb_column_18 et_pb_column et_pb_column_1_2 et_block_column et_pb_css_mix_blend_mode_passthrough\"><div class=\"et_pb_cta_1 et_pb_promo et_pb_bg_layout_light et_pb_module et_block_module\"><div class=\"et_pb_promo_description\"><h2 class=\"et_pb_module_header\">Nuestros consejos y trucos para viajar<\/h2><div class=\"et_pb_promo_content\"><ul>\n<li>Ahorra dinero en las comidas utilizando la cocina de la autocaravana para cocinar tu propia comida en lugar de salir a comer a restaurantes.<\/li>\n<li>Consigue el mejor precio reservando con antelaci\u00f3n para aprovechar los descuentos por reserva anticipada.<\/li>\n<li>Evita los recargos reservando dentro de nuestro horario de apertura (de 10:00 a 16:00) para ahorrarte el recargo por reserva fuera de horario.<\/li>\n<li>Encuentra tu estancia ideal con nuestra ayuda para localizar un alojamiento adecuado si lo necesitas.<\/li>\n<li>Compara costes consultando nuestras tarifas de vuelo para ver c\u00f3mo se comparan.<\/li>\n<li>Ahorra tiempo a tu llegada reservando todos tus extras con antelaci\u00f3n.<\/li>\n<li>Prepara tu viaje con nuestros completos consejos para tu aventura islandesa, que te proporcionaremos despu\u00e9s de que reserves con nosotros.<\/li>\n<\/ul>\n<\/div><\/div><div class=\"et_pb_button_wrapper\"><a class=\"et_pb_button et_pb_promo_button\" href=\"https:\/\/web.rentalcarmanager.com\/api32\/Camper-Iceland\/\" target=\"_blank\" rel=\"noopener\">Reserve ahora<\/a><\/div><\/div><\/div><div class=\"et_pb_column_19 et_pb_column et_pb_column_1_2 et-last-child et_block_column et_pb_css_mix_blend_mode_passthrough\"><div class=\"et_pb_image_3 et_pb_image et_animated et_pb_module et_block_module\"><span class=\"et_pb_image_wrap\"><img data-recalc-dims=\"1\" decoding=\"async\" src=\"https:\/\/i0.wp.com\/www.campericeland.is\/wp-content\/uploads\/2019\/11\/campericeland_-6.jpeg?w=1080&#038;quality=80&#038;ssl=1\" alt=\"\" title=\"\"><\/span><\/div><\/div><\/div><\/div><div class=\"et_pb_section_6 et_pb_section et_section_regular et_block_section\"><div class=\"et_pb_row_12 et_pb_row et_pb_gutters1 et_block_row et_pb_row_fullwidth\"><div class=\"et_pb_column_20 et_pb_column et_pb_column_2_3 et_block_column et_pb_css_mix_blend_mode_passthrough\"><div class=\"et_pb_video_0 et_pb_video et_animated et_pb_module et_block_module\"><div class=\"et_pb_video_box\"><iframe loading=\"lazy\" title=\"McLouis Glamys 2018\" width=\"1080\" height=\"608\" src=\"https:\/\/www.youtube.com\/embed\/KgJWWWxxBg4?feature=oembed\"  allow=\"accelerometer; autoplay; clipboard-write; encrypted-media; gyroscope; picture-in-picture; web-share\" referrerpolicy=\"strict-origin-when-cross-origin\" allowfullscreen><\/iframe><\/div><div class=\"et_pb_video_overlay\" style=\"background-image:url(https:\/\/www.campericeland.is\/wp-content\/uploads\/2019\/11\/iceland_Motor_Home_6_-1.jpeg)\"><div class=\"et_pb_video_overlay_hover\"><a class=\"et_pb_video_play\" href=\"#\"><\/a><\/div><\/div><\/div><\/div><div class=\"et_pb_column_21 et_pb_column et_pb_column_1_3 et-last-child et_block_column et_pb_css_mix_blend_mode_passthrough\"><div class=\"et_pb_module et_pb_button_module_wrapper et_pb_button_1_wrapper\"><a class=\"et_pb_button_1 et_pb_button et_pb_bg_layout_dark et_pb_module et_block_module\" href=\"https:\/\/web.rentalcarmanager.com\/api32\/Camper-Iceland\/\" target=\"_blank\" rel=\"noopener\">Reserve ahora<\/a><\/div><\/div><\/div><div class=\"et_pb_row_13 et_pb_row et_block_row\"><div class=\"et_pb_column_22 et_pb_column et_pb_column_1_2 et_block_column et_pb_css_mix_blend_mode_passthrough\"><div class=\"et_pb_text_7 et_pb_text et_pb_bg_layout_light et_pb_module et_block_module\"><div class=\"et_pb_text_inner\"><h2>Este es Camper Iceland<\/h2>\n<\/div><\/div><div class=\"et_pb_text_8 et_pb_text et_pb_bg_layout_light et_pb_module et_block_module\"><div class=\"et_pb_text_inner\"><h4><span style=\"font-size: 36px; color: #ff6b5a; font-family: 'Noto Serif';\">1. <\/span>Reservar y recibir informaci\u00f3n<\/h4>\n<p>Tan pronto como haya reservado su veh\u00edculo le enviamos informaci\u00f3n detallada sobre c\u00f3mo prepararse para el viaje y c\u00f3mo llegar a nuestra estaci\u00f3n de alquiler. Es importante para nosotros que sepa a d\u00f3nde ir despu\u00e9s de aterrizar en Islandia.<\/p>\n<\/div><\/div><div class=\"et_pb_text_9 et_pb_text et_pb_bg_layout_light et_pb_module et_block_module\"><div class=\"et_pb_text_inner\"><h4><span style=\"font-size: 36px; color: #ff6b5a; font-family: 'Noto Serif';\">2. <\/span>Negocio familiar<\/h4>\n<p>nuestra oficina de ventas y nuestra estaci\u00f3n de alquiler es operada por miembros de la familia. Adem\u00e1s, hemos seleccionado a los miembros encantadores a nuestro equipo.<\/p>\n<\/div><\/div><div class=\"et_pb_text_10 et_pb_text et_pb_bg_layout_light et_pb_module et_block_module\"><div class=\"et_pb_text_inner\"><h4><span style=\"font-size: 36px; color: #ff6b5a; font-family: 'Noto Serif';\">3. <\/span>Satisfacci\u00f3n del cliente<\/h4>\n<p>el momento m\u00e1s preciado del a\u00f1o son las vacaciones y las vacaciones. Queremos que disfrute de nuestro pa\u00eds y nuestro producto y estamos encantados de ayudarle.<\/p>\n<\/div><\/div><div class=\"et_pb_module et_pb_button_module_wrapper et_pb_button_2_wrapper\"><a class=\"et_pb_button_2 et_pb_button et_pb_bg_layout_dark et_pb_module et_block_module\" href=\"https:\/\/web.rentalcarmanager.com\/api32\/Camper-Iceland\/Step2\" target=\"_blank\" rel=\"noopener\">Tiempo para reservar en l\u00ednea<\/a><\/div><\/div><div class=\"et_pb_column_23 et_pb_column et_pb_column_1_2 et-last-child et_block_column et_pb_css_mix_blend_mode_passthrough\"><div class=\"et_pb_image_4 et_pb_image et_animated et_pb_module et_block_module\"><span class=\"et_pb_image_wrap\"><img data-recalc-dims=\"1\" decoding=\"async\" src=\"https:\/\/i0.wp.com\/www.campericeland.is\/wp-content\/uploads\/2019\/11\/campericeland_-20.jpeg?w=1080&#038;quality=80&#038;ssl=1\" alt=\"\" title=\"\"><\/span><\/div><\/div><\/div><\/div><div class=\"et_pb_section_7 et_pb_section et_section_regular et_block_section\"><div class=\"et_pb_row_14 et_pb_row et_block_row\"><div class=\"et_pb_column_24 et_pb_column et_pb_column_4_4 et-last-child et_block_column et_pb_css_mix_blend_mode_passthrough\"><div class=\"et_pb_text_11 et_pb_text et_pb_bg_layout_light et_pb_module et_block_module et_pb_text_align_center\"><div class=\"et_pb_text_inner\"><h2>Galer\u00eda de veh\u00edculos<\/h2>\n<p>Echa un vistazo a este maravilloso veh\u00edculo e imag\u00ednate viajando por iceland en \u00e9l.<\/p>\n<div id=\"gtx-trans\" style=\"position: absolute; left: 6px; top: 73.1562px;\">\n<div class=\"gtx-trans-icon\"><\/div>\n<\/div>\n<\/div><\/div><\/div><\/div><div class=\"et_pb_row_15 et_pb_row et_pb_row_4col et_pb_gutters1 et_block_row et_block_row_4col et_pb_row_fullwidth\"><div class=\"et_pb_column_25 et_pb_column et_pb_column_1_4 et_block_column et_pb_css_mix_blend_mode_passthrough\"><div class=\"et_pb_image_5 et_pb_image et_pb_has_overlay et_animated et_pb_module et_block_module\"><a href=\"https:\/\/i0.wp.com\/www.campericeland.is\/wp-content\/uploads\/2019\/11\/MH6_-16-1.jpeg?quality=80&#038;ssl=1\" class=\"et_pb_lightbox_image\" target=\"_blank\" rel=\"noopener\"><span class=\"et_pb_image_wrap\"><img data-recalc-dims=\"1\" decoding=\"async\" src=\"https:\/\/i0.wp.com\/www.campericeland.is\/wp-content\/uploads\/2019\/11\/MH6_-16-1.jpeg?w=1080&#038;quality=80&#038;ssl=1\" alt=\"\" title=\"\"><span class=\"et_overlay\"><\/span><\/span><\/a><\/div><\/div><div class=\"et_pb_column_26 et_pb_column et_pb_column_1_4 et_block_column et_pb_css_mix_blend_mode_passthrough\"><div class=\"et_pb_image_6 et_pb_image et_pb_has_overlay et_animated et_pb_module et_block_module\"><a href=\"https:\/\/i0.wp.com\/www.campericeland.is\/wp-content\/uploads\/2019\/11\/iceland_Motor_Home_6_-7.jpeg?quality=80&#038;ssl=1\" class=\"et_pb_lightbox_image\" target=\"_blank\" rel=\"noopener\"><span class=\"et_pb_image_wrap\"><img data-recalc-dims=\"1\" decoding=\"async\" src=\"https:\/\/i0.wp.com\/www.campericeland.is\/wp-content\/uploads\/2019\/11\/iceland_Motor_Home_6_-7.jpeg?w=1080&#038;quality=80&#038;ssl=1\" alt=\"\" title=\"\"><span class=\"et_overlay\"><\/span><\/span><\/a><\/div><\/div><div class=\"et_pb_column_27 et_pb_column et_pb_column_1_4 et_block_column et_pb_css_mix_blend_mode_passthrough\"><div class=\"et_pb_image_7 et_pb_image et_pb_has_overlay et_animated et_pb_module et_block_module\"><a href=\"https:\/\/i0.wp.com\/www.campericeland.is\/wp-content\/uploads\/2019\/11\/iceland_Motor_Home_6_-3.jpeg?quality=80&#038;ssl=1\" class=\"et_pb_lightbox_image\" target=\"_blank\" rel=\"noopener\"><span class=\"et_pb_image_wrap\"><img data-recalc-dims=\"1\" decoding=\"async\" src=\"https:\/\/i0.wp.com\/www.campericeland.is\/wp-content\/uploads\/2019\/11\/iceland_Motor_Home_6_-3.jpeg?w=1080&#038;quality=80&#038;ssl=1\" alt=\"\" title=\"\"><span class=\"et_overlay\"><\/span><\/span><\/a><\/div><\/div><div class=\"et_pb_column_28 et_pb_column et_pb_column_1_4 et-last-child et_block_column et_pb_css_mix_blend_mode_passthrough\"><div class=\"et_pb_image_8 et_pb_image et_pb_has_overlay et_animated et_pb_module et_block_module\"><a href=\"https:\/\/i0.wp.com\/www.campericeland.is\/wp-content\/uploads\/2019\/11\/4X4C2_-15.jpeg?quality=80&#038;ssl=1\" class=\"et_pb_lightbox_image\" target=\"_blank\" rel=\"noopener\"><span class=\"et_pb_image_wrap\"><img data-recalc-dims=\"1\" decoding=\"async\" src=\"https:\/\/i0.wp.com\/www.campericeland.is\/wp-content\/uploads\/2019\/11\/4X4C2_-15.jpeg?w=1080&#038;quality=80&#038;ssl=1\" alt=\"\" title=\"\"><span class=\"et_overlay\"><\/span><\/span><\/a><\/div><\/div><\/div><div class=\"et_pb_row_16 et_pb_row et_pb_row_4col et_pb_gutters1 et_block_row et_block_row_4col et_pb_row_fullwidth\"><div class=\"et_pb_column_29 et_pb_column et_pb_column_1_4 et_block_column et_pb_css_mix_blend_mode_passthrough\"><div class=\"et_pb_image_9 et_pb_image et_pb_has_overlay et_animated et_pb_module et_block_module\"><a href=\"https:\/\/i0.wp.com\/www.campericeland.is\/wp-content\/uploads\/2019\/11\/MH6_-12-1.jpeg?quality=80&#038;ssl=1\" class=\"et_pb_lightbox_image\" target=\"_blank\" rel=\"noopener\"><span class=\"et_pb_image_wrap\"><img data-recalc-dims=\"1\" decoding=\"async\" src=\"https:\/\/i0.wp.com\/www.campericeland.is\/wp-content\/uploads\/2019\/11\/MH6_-12-1.jpeg?w=1080&#038;quality=80&#038;ssl=1\" alt=\"\" title=\"\"><span class=\"et_overlay\"><\/span><\/span><\/a><\/div><\/div><div class=\"et_pb_column_30 et_pb_column et_pb_column_1_4 et_block_column et_pb_css_mix_blend_mode_passthrough\"><div class=\"et_pb_image_10 et_pb_image et_pb_has_overlay et_animated et_pb_module et_block_module\"><a href=\"https:\/\/i0.wp.com\/www.campericeland.is\/wp-content\/uploads\/2019\/11\/MH6_-15-1.jpeg?quality=80&#038;ssl=1\" class=\"et_pb_lightbox_image\" target=\"_blank\" rel=\"noopener\"><span class=\"et_pb_image_wrap\"><img data-recalc-dims=\"1\" decoding=\"async\" src=\"https:\/\/i0.wp.com\/www.campericeland.is\/wp-content\/uploads\/2019\/11\/MH6_-15-1.jpeg?w=1080&#038;quality=80&#038;ssl=1\" alt=\"\" title=\"\"><span class=\"et_overlay\"><\/span><\/span><\/a><\/div><\/div><div class=\"et_pb_column_31 et_pb_column et_pb_column_1_4 et_block_column et_pb_css_mix_blend_mode_passthrough\"><div class=\"et_pb_image_11 et_pb_image et_pb_has_overlay et_animated et_pb_module et_block_module\"><a href=\"https:\/\/i0.wp.com\/www.campericeland.is\/wp-content\/uploads\/2019\/11\/MH6_-3-1.jpeg?quality=80&#038;ssl=1\" class=\"et_pb_lightbox_image\" target=\"_blank\" rel=\"noopener\"><span class=\"et_pb_image_wrap\"><img data-recalc-dims=\"1\" decoding=\"async\" src=\"https:\/\/i0.wp.com\/www.campericeland.is\/wp-content\/uploads\/2019\/11\/MH6_-3-1.jpeg?w=1080&#038;quality=80&#038;ssl=1\" alt=\"\" title=\"\"><span class=\"et_overlay\"><\/span><\/span><\/a><\/div><\/div><div class=\"et_pb_column_32 et_pb_column et_pb_column_1_4 et-last-child et_block_column et_pb_css_mix_blend_mode_passthrough\"><div class=\"et_pb_image_12 et_pb_image et_pb_has_overlay et_animated et_pb_module et_block_module\"><a href=\"https:\/\/i0.wp.com\/www.campericeland.is\/wp-content\/uploads\/2019\/11\/MH6_-14-1.jpeg?quality=80&#038;ssl=1\" class=\"et_pb_lightbox_image\" target=\"_blank\" rel=\"noopener\"><span class=\"et_pb_image_wrap\"><img data-recalc-dims=\"1\" decoding=\"async\" src=\"https:\/\/i0.wp.com\/www.campericeland.is\/wp-content\/uploads\/2019\/11\/MH6_-14-1.jpeg?w=1080&#038;quality=80&#038;ssl=1\" alt=\"\" title=\"\"><span class=\"et_overlay\"><\/span><\/span><\/a><\/div><\/div><\/div><div class=\"et_pb_row_17 et_pb_row et_block_row\"><div class=\"et_pb_column_33 et_pb_column et_pb_column_4_4 et-last-child et_block_column et_pb_css_mix_blend_mode_passthrough\"><div class=\"et_pb_text_12 et_pb_text et_pb_bg_layout_light et_pb_module et_block_module\"><div class=\"et_pb_text_inner\"><h2>Distribuidor oficial desde 2009<\/h2>\n<p>Somos el distribuidor oficial de McLouis, Elnagh y Mobilvetta para Islandia. Durante m\u00e1s de una d\u00e9cada hemos trabajado estrechamente con la compa\u00f1\u00eda de producci\u00f3n para proporcionar veh\u00edculos adecuados para las condiciones islandesas. Todas las im\u00e1genes mostradas son solo para fines ilustrativos. El producto real puede variar debido a varias razones tales como cambios de producci\u00f3n, adici\u00f3n a corto plazo de veh\u00edculos, renovaci\u00f3n de la flota, etc.<\/p>\n<\/div><\/div><\/div><\/div><\/div>","protected":false},"excerpt":{"rendered":"<p>Esc\u00e1pate a la naturaleza islandesa en la Autocaravana 6 FRIGG, un veh\u00edculo espacioso y bien equipado perfecto para familias o grupos de hasta seis personas. Impulsada por un motor di\u00e9sel de bajo consumo, esta autocaravana proporciona la libertad de explorar Islandia a tu propio ritmo, con una c\u00f3moda cama, sistema de calefacci\u00f3n y una cocina completa para ahorrar en gastos de comedor. Con sus generosos dep\u00f3sitos de agua dulce y gris, inodoro de cassette y ducha, tendr\u00e1s todas las comodidades del hogar mientras persigues el buen tiempo y los paisajes inolvidables.  <\/p>\n","protected":false},"author":1,"featured_media":34522,"parent":31785,"menu_order":0,"comment_status":"closed","ping_status":"closed","template":"","meta":{"_acf_changed":false,"jetpack_post_was_ever_published":false,"footnotes":""},"class_list":["post-34370","page","type-page","status-publish","has-post-thumbnail","hentry"],"acf":[],"jetpack_sharing_enabled":true,"jetpack_shortlink":"https:\/\/wp.me\/P569lP-8Wm","jetpack-related-posts":[{"id":34013,"url":"https:\/\/www.camper.is\/es\/vision-general-de-camper-iceland\/motor-home-2\/","url_meta":{"origin":34370,"position":0},"title":"Autocaravana 2 IDUNN","author":"admin","date":"17 de noviembre de 2019","format":false,"excerpt":"Descubre la forma definitiva de explorar Islandia con la autocaravana IDUNN de Camper Islandia. Esta espaciosa y c\u00f3moda autocaravana es tu hogar perfecto sobre ruedas, y te ofrece la libertad de recorrer la carretera de circunvalaci\u00f3n de Islandia y explorar sus impresionantes paisajes con todas las comodidades que necesitas. Ideal\u2026","rel":"","context":"Entrada similar","block_context":{"text":"Entrada similar","link":""},"img":{"alt_text":"","src":"https:\/\/i0.wp.com\/www.camper.is\/wp-content\/uploads\/2019\/08\/MOTOR_HOME_2.jpg?fit=800%2C800&quality=80&ssl=1&resize=350%2C200","width":350,"height":200,"srcset":"https:\/\/i0.wp.com\/www.camper.is\/wp-content\/uploads\/2019\/08\/MOTOR_HOME_2.jpg?fit=800%2C800&quality=80&ssl=1&resize=350%2C200 1x, https:\/\/i0.wp.com\/www.camper.is\/wp-content\/uploads\/2019\/08\/MOTOR_HOME_2.jpg?fit=800%2C800&quality=80&ssl=1&resize=525%2C300 1.5x, https:\/\/i0.wp.com\/www.camper.is\/wp-content\/uploads\/2019\/08\/MOTOR_HOME_2.jpg?fit=800%2C800&quality=80&ssl=1&resize=700%2C400 2x"},"classes":[]},{"id":31787,"url":"https:\/\/www.camper.is\/es\/vision-general-de-camper-iceland\/motor-home-4\/","url_meta":{"origin":34370,"position":1},"title":"Casa rodante 4 SIF","author":"admin","date":"17 de noviembre de 2019","format":false,"excerpt":"Explora Islandia con la autocaravana SIF de Camper Islandia. Esta espaciosa y c\u00f3moda autocaravana es tu hogar perfecto sobre ruedas, y te ofrece la libertad de recorrer la carretera de circunvalaci\u00f3n de Islandia y explorar sus impresionantes paisajes con todas las comodidades que necesitas. Ideal para una familia de cinco\u2026","rel":"","context":"Entrada similar","block_context":{"text":"Entrada similar","link":""},"img":{"alt_text":"","src":"https:\/\/i0.wp.com\/www.camper.is\/wp-content\/uploads\/2019\/08\/MOTOR_HOME_4.jpg?fit=800%2C800&quality=80&ssl=1&resize=350%2C200","width":350,"height":200,"srcset":"https:\/\/i0.wp.com\/www.camper.is\/wp-content\/uploads\/2019\/08\/MOTOR_HOME_4.jpg?fit=800%2C800&quality=80&ssl=1&resize=350%2C200 1x, https:\/\/i0.wp.com\/www.camper.is\/wp-content\/uploads\/2019\/08\/MOTOR_HOME_4.jpg?fit=800%2C800&quality=80&ssl=1&resize=525%2C300 1.5x, https:\/\/i0.wp.com\/www.camper.is\/wp-content\/uploads\/2019\/08\/MOTOR_HOME_4.jpg?fit=800%2C800&quality=80&ssl=1&resize=700%2C400 2x"},"classes":[]},{"id":31784,"url":"https:\/\/www.camper.is\/es\/camper-iceland-tu-empresa-de-alquiler-de-autocaravanas-y-4x4-en-islandia\/","url_meta":{"origin":34370,"position":2},"title":"Camper Iceland, tu empresa de alquiler de autocaravanas y 4&#215;4 en Islandia","author":"admin","date":"17 de noviembre de 2019","format":false,"excerpt":"Viaja por Islandia con una empresa familiar que lleva vendiendo viajes a Islandia desde 1987. Camper Iceland ofrece una variada flota de autocaravanas y autocaravanas 4x4, que proporcionan una forma flexible y rentable de explorar los impresionantes paisajes del pa\u00eds. Disfruta de la libertad de perseguir el buen tiempo, ahorra\u2026","rel":"","context":"Entrada similar","block_context":{"text":"Entrada similar","link":""},"img":{"alt_text":"Logotipo de Camper Islandia","src":"https:\/\/i0.wp.com\/www.camper.is\/wp-content\/uploads\/2019\/11\/CamperIceland_new_whitebkgrd.png?fit=1200%2C316&quality=72&ssl=1&resize=350%2C200","width":350,"height":200,"srcset":"https:\/\/i0.wp.com\/www.camper.is\/wp-content\/uploads\/2019\/11\/CamperIceland_new_whitebkgrd.png?fit=1200%2C316&quality=72&ssl=1&resize=350%2C200 1x, https:\/\/i0.wp.com\/www.camper.is\/wp-content\/uploads\/2019\/11\/CamperIceland_new_whitebkgrd.png?fit=1200%2C316&quality=72&ssl=1&resize=525%2C300 1.5x, https:\/\/i0.wp.com\/www.camper.is\/wp-content\/uploads\/2019\/11\/CamperIceland_new_whitebkgrd.png?fit=1200%2C316&quality=72&ssl=1&resize=700%2C400 2x, https:\/\/i0.wp.com\/www.camper.is\/wp-content\/uploads\/2019\/11\/CamperIceland_new_whitebkgrd.png?fit=1200%2C316&quality=72&ssl=1&resize=1050%2C600 3x"},"classes":[]},{"id":32207,"url":"https:\/\/www.camper.is\/es\/vision-general-de-camper-iceland\/motor-home-6\/","url_meta":{"origin":34370,"position":3},"title":"Autocaravana 6 FREYJA","author":"admin","date":"17 de noviembre de 2019","format":false,"excerpt":"Emb\u00e1rcate en una inolvidable aventura por Islandia con la Autocaravana 6, un veh\u00edculo espacioso y vers\u00e1til que te da libertad para explorar a tu ritmo. Ideal para un m\u00e1ximo de seis personas, esta autocaravana es tu santuario m\u00f3vil, que te permite seguir el buen tiempo y permanecer m\u00e1s tiempo en\u2026","rel":"","context":"Entrada similar","block_context":{"text":"Entrada similar","link":""},"img":{"alt_text":"","src":"https:\/\/i0.wp.com\/www.camper.is\/wp-content\/uploads\/2019\/08\/MOTOR_HOME_6.jpg?fit=800%2C800&quality=80&ssl=1&resize=350%2C200","width":350,"height":200,"srcset":"https:\/\/i0.wp.com\/www.camper.is\/wp-content\/uploads\/2019\/08\/MOTOR_HOME_6.jpg?fit=800%2C800&quality=80&ssl=1&resize=350%2C200 1x, https:\/\/i0.wp.com\/www.camper.is\/wp-content\/uploads\/2019\/08\/MOTOR_HOME_6.jpg?fit=800%2C800&quality=80&ssl=1&resize=525%2C300 1.5x, https:\/\/i0.wp.com\/www.camper.is\/wp-content\/uploads\/2019\/08\/MOTOR_HOME_6.jpg?fit=800%2C800&quality=80&ssl=1&resize=700%2C400 2x"},"classes":[]},{"id":74455,"url":"https:\/\/www.camper.is\/es\/","url_meta":{"origin":34370,"position":4},"title":"Alquiler de caravanas y autocaravanas Islandia | El Men\u00fa Aventura","author":"admin","date":"23 de marzo de 2026","format":false,"excerpt":"Explora Islandia con confianza. Tanto si se trata de tu primera vuelta a la Ring Road como de una accidentada expedici\u00f3n por las Highlands, encuentra la autocaravana y el itinerario adecuados en nuestro Men\u00fa de Aventuras. Consejos locales, precios justos y asistencia 24 horas al d\u00eda, 7 d\u00edas a la\u2026","rel":"","context":"Entrada similar","block_context":{"text":"Entrada similar","link":""},"img":{"alt_text":"","src":"https:\/\/i0.wp.com\/www.camper.is\/wp-content\/uploads\/2025\/09\/0B8A472F-F23E-4260-92CC-75A068E06866.jpeg?fit=1200%2C675&quality=80&ssl=1&resize=350%2C200","width":350,"height":200,"srcset":"https:\/\/i0.wp.com\/www.camper.is\/wp-content\/uploads\/2025\/09\/0B8A472F-F23E-4260-92CC-75A068E06866.jpeg?fit=1200%2C675&quality=80&ssl=1&resize=350%2C200 1x, https:\/\/i0.wp.com\/www.camper.is\/wp-content\/uploads\/2025\/09\/0B8A472F-F23E-4260-92CC-75A068E06866.jpeg?fit=1200%2C675&quality=80&ssl=1&resize=525%2C300 1.5x, https:\/\/i0.wp.com\/www.camper.is\/wp-content\/uploads\/2025\/09\/0B8A472F-F23E-4260-92CC-75A068E06866.jpeg?fit=1200%2C675&quality=80&ssl=1&resize=700%2C400 2x, https:\/\/i0.wp.com\/www.camper.is\/wp-content\/uploads\/2025\/09\/0B8A472F-F23E-4260-92CC-75A068E06866.jpeg?fit=1200%2C675&quality=80&ssl=1&resize=1050%2C600 3x"},"classes":[]},{"id":58041,"url":"https:\/\/www.camper.is\/es\/camper-iceland-tu-empresa-de-alquiler-de-autocaravanas-y-4x4-en-islandia\/camper-iceland-su-empresa-de-alquiler-de-autocaravanas-y-4x4-en-islandia-informacion-adicional\/","url_meta":{"origin":34370,"position":5},"title":"Camper Iceland, su empresa de alquiler de autocaravanas y 4\u00d74 en Islandia Informaci\u00f3n adicional","author":"admin","date":"27 de agosto de 2023","format":false,"excerpt":"","rel":"","context":"Entrada similar","block_context":{"text":"Entrada similar","link":""},"img":{"alt_text":"","src":"","width":0,"height":0},"classes":[]}],"_links":{"self":[{"href":"https:\/\/www.camper.is\/es\/wp-json\/wp\/v2\/pages\/34370","targetHints":{"allow":["GET"]}}],"collection":[{"href":"https:\/\/www.camper.is\/es\/wp-json\/wp\/v2\/pages"}],"about":[{"href":"https:\/\/www.camper.is\/es\/wp-json\/wp\/v2\/types\/page"}],"author":[{"embeddable":true,"href":"https:\/\/www.camper.is\/es\/wp-json\/wp\/v2\/users\/1"}],"replies":[{"embeddable":true,"href":"https:\/\/www.camper.is\/es\/wp-json\/wp\/v2\/comments?post=34370"}],"version-history":[{"count":55,"href":"https:\/\/www.camper.is\/es\/wp-json\/wp\/v2\/pages\/34370\/revisions"}],"predecessor-version":[{"id":75814,"href":"https:\/\/www.camper.is\/es\/wp-json\/wp\/v2\/pages\/34370\/revisions\/75814"}],"up":[{"embeddable":true,"href":"https:\/\/www.camper.is\/es\/wp-json\/wp\/v2\/pages\/31785"}],"wp:featuredmedia":[{"embeddable":true,"href":"https:\/\/www.camper.is\/es\/wp-json\/wp\/v2\/media\/34522"}],"wp:attachment":[{"href":"https:\/\/www.camper.is\/es\/wp-json\/wp\/v2\/media?parent=34370"}],"curies":[{"name":"wp","href":"https:\/\/api.w.org\/{rel}","templated":true}]}}